{"id":2336,"date":"2025-01-15T09:32:48","date_gmt":"2025-01-15T08:32:48","guid":{"rendered":"https:\/\/www.amserv.de\/?post_type=awsm_job_openings&#038;p=2336"},"modified":"2026-04-02T11:29:43","modified_gmt":"2026-04-02T09:29:43","slug":"ausbildung-mechatroniker","status":"publish","type":"awsm_job_openings","link":"https:\/\/www.amserv.de\/fr\/jobs\/ausbildung-mechatroniker\/","title":{"rendered":"Ausbildung zum Mechatroniker (m\/w\/d)"},"content":{"rendered":"<h1>Ausbildung als Mechatroniker (m\/w\/d)<\/h1>\n<div>\n<p><b>Starte deine Ausbildung als Mechatroniker (m\/w\/d) bei der AMServ Gruppe!<\/b><\/p>\n<p>Du bist technikbegeistert, hast ein gutes Verst\u00e4ndnis f\u00fcr mechatronische Systeme und m\u00f6chtest in einem innovativen Unternehmen arbeiten? Dann ist die Ausbildung als Mechatroniker (m\/w\/d) genau das Richtige f\u00fcr dich!<\/p>\n<\/div>\n<h3>Deine Aufgaben<\/h3>\n<div>\n<p>In deiner dreieinhalbj\u00e4hrigen Ausbildung wirst du umfassend auf deine zuk\u00fcnftigen Aufgaben vorbereitet. Zu deinen T\u00e4tigkeiten geh\u00f6ren:<\/p>\n<\/div>\n<div>\n<ul>\n<li><strong>Aufnahme von Maschinen- und Wickeldaten:<\/strong>\u00a0Du erlernst, relevante Daten zu erfassen und auszuwerten.<\/li>\n<li><strong>Herstellung von Wicklungen:\u00a0<\/strong>Du stellst Wicklungen f\u00fcr elektrische Maschinen her.<\/li>\n<li><strong>Demontage und Montage elektrischer Maschinen:<\/strong>\u00a0Du bist verantwortlich f\u00fcr die fachgerechte Demontage und Montage von elektrischen Maschinen.<\/li>\n<li><strong>Montage mechanischer, pneumatischer, hydraulischer, elektrischer und elektronischer Komponenten:<\/strong>\u00a0Du baust verschiedene Komponenten zusammen und sorgst f\u00fcr deren Funktionalit\u00e4t.<\/li>\n<li><strong>Inbetriebnahme elektrischer Maschinen:\u00a0<\/strong>Du bringst elektrische Maschinen in Betrieb und testest ihre Leistung.<\/li>\n<li><strong>Montage und Verdrahtung von Schaltschr\u00e4nken:<\/strong>\u00a0Du montierst Schaltschr\u00e4nke einschlie\u00dflich Mess-, Steuer- und Regelungseinrichtungen.<\/li>\n<li><strong>Erstellung, \u00c4nderung und \u00dcberwachung von Programmen der Steuerungstechnik:<\/strong>\u00a0Du arbeitest an der Programmierung von Steuerungssystemen.<\/li>\n<li><strong>Parametrierung von Frequenzumrichtern:\u00a0<\/strong>Du lernst, Frequenzumrichter entsprechend den Anforderungen einzustellen.<\/li>\n<li><strong>Inbetriebnahme von Antriebssystemen:<\/strong>\u00a0Du nimmst komplexe Antriebssysteme in Betrieb.<\/li>\n<li><strong>Fehlerdiagnose und Instandsetzung:\u00a0<\/strong>Du suchst systematisch nach Fehlern an elektrischen Maschinen und komplexen Antriebssystemen und setzt diese instand.<\/li>\n<li><strong>Wartung und \u00dcberwachung elektrischer Maschinen und Antriebssysteme:\u00a0<\/strong>Du sorgst daf\u00fcr, dass die Systeme stets betriebsbereit sind<\/li>\n<\/ul>\n<\/div>\n<h3>Dein Profil<\/h3>\n<div>\n<ul>\n<li>\n<p><strong>Schulbildung:<\/strong> Guter Hauptschulabschluss, mittlere Reife oder Abitur, idealerweise mit Schwerpunkt in Mathematik, Physik oder Technik.<\/p>\n<p><strong><\/strong><\/p>\n<\/li>\n<li>\n<p><strong>Technisches Verst\u00e4ndnis:<\/strong> Du hast ein ausgepr\u00e4gtes Interesse an Elektrotechnik und Mechanik. Du bist neugierig auf die Funktionsweise von Maschinen und Antriebssystemen.<\/p>\n<p><strong><\/strong><\/p>\n<\/li>\n<li>\n<p><strong>Handwerkliches Geschick:<\/strong> Du arbeitest gerne mit deinen H\u00e4nden und hast ein gutes Gef\u00fchl f\u00fcr technische Ger\u00e4te und Werkzeuge. Pr\u00e4zision und Sorgfalt sind f\u00fcr dich selbstverst\u00e4ndlich.<\/p>\n<p><strong><\/strong><\/p>\n<\/li>\n<li>\n<p><strong>Teamf\u00e4higkeit:<\/strong> Du arbeitest gerne im Team und sch\u00e4tzt den Austausch mit Kolleg*innen. Gemeinsam L\u00f6sungen zu erarbeiten, motiviert dich.<\/p>\n<\/p>\n<p><strong><\/strong><\/p>\n<\/li>\n<li>\n<p><strong>Sicherer Umgang mit Technik:<\/strong> Grundkenntnisse im Umgang mit Computern und Softwareanwendungen sind von Vorteil, da du auch Programme der Steuerungstechnik erstellen und \u00fcberwachen wirst.<\/p>\n<\/li>\n<li><strong>Gute Deutschkenntnisse:<\/strong>\u00a0Du kannst dich schriftlich und m\u00fcndlich gut ausdr\u00fccken und hast keine Scheu vor Kommunikation.\u00a0<\/li>\n<\/ul>\n<\/div>\n<h4>\n<h4>Gehaltsbereich:\u00a0<\/h4>\n<div>Ausbildungsverg\u00fctung: 1.223,00 \u20ac brutto\/Monat im 1. Lehrjahr<\/div>\n<\/h4>\n<h4>So bewirbst du dich<\/h4>\n<div>\n<p>Wenn du Teil unseres Teams werden m\u00f6chtest, freuen wir uns auf deine Bewerbung! Bitte sende uns deine vollst\u00e4ndigen Unterlagen (Anschreiben, Lebenslauf, Zeugnisse) direkt \u00fcber unser Formular.<\/p>\n<\/div>\n<div>\n<p><strong>Wir haben noch freie Pl\u00e4tze f\u00fcr den Ausbildungsstart 2026 an den Standorten:<\/strong><\/p>\n<p><strong>AMServ S\u00fcd GmbH &amp; Co. KG<\/strong><br \/>Oskar-von-Miller-Stra\u00dfe 2<br \/>86356 Neus\u00e4\u00df<\/p>\n<\/p>\n<\/div>\n<p><p>\n        <a href=\"\/unternehmen\/karriere\/auszubildende-und-studierende\/#listing\">Job-\u00dcbersicht<\/a>\n    <\/p>\n<\/p>\n<div>\n<p><a href=\"https:\/\/www.amserv.de\/datenschutz\/#Bewerberdaten\">Hinweis zum Umgang mit Bewerberdaten.<\/a><\/p>\n<\/div>\n<h4>Kontakt<\/h4>\n<p><img decoding=\"async\" src=\"\/wp-content\/uploads\/2024\/11\/amserv_patrick-beck.jpg\" alt=\"\"><\/p>\n<div>\n<p><strong>AMServ Gruppe<\/strong><br \/>Patrick Beck<br \/>Leiter Personal<\/p>\n<\/div>\n<div>\n<p>    <img decoding=\"async\" src=\"\/wp-content\/uploads\/2024\/03\/phone.svg\" alt=\"\"><\/p>\n<p><a href=\"tel:+498000267378\"><\/p>\n<p><span>+49 162 5366252<\/span><\/p>\n<p><\/a><\/p>\n<\/div>\n<div>\n\n<div class=\"awsm-job-form-inner\">\n\n\t\n\t<h2>\n\t\tDirekt Bewerben:\t<\/h2>\n\n\t\n\t<form id=\"awsm-application-form\" class=\"awsm-application-form\" name=\"applicationform\" method=\"post\" enctype=\"multipart\/form-data\">\n\n\t\t<div class=\"awsm-job-form-group awsm-job-form-text-group\"><label for=\"awsm_text_1\">Vorname <span class=\"awsm-job-form-error\">*<\/span><\/label><input type=\"text\" placeholder=\"\" name=\"awsm_text_1\" class=\"awsm-job-form-field awsm-job-form-control\" id=\"awsm_text_1\" required data-msg-required=\"Dieses Feld ist erforderlich.\" \/><\/div><div class=\"awsm-job-form-group awsm-job-form-text-group\"><label for=\"awsm-applicant-name\">Name <span class=\"awsm-job-form-error\">*<\/span><\/label><input type=\"text\" placeholder=\"\" name=\"awsm_applicant_name\" class=\"awsm-job-form-field awsm-job-form-control\" id=\"awsm-applicant-name\" required data-msg-required=\"Dieses Feld ist erforderlich.\" \/><\/div><div class=\"awsm-job-form-group awsm-job-form-email-group\"><label for=\"awsm-applicant-email\">E-Mail <span class=\"awsm-job-form-error\">*<\/span><\/label><input type=\"email\" placeholder=\"\" name=\"awsm_applicant_email\" class=\"awsm-job-form-field awsm-job-form-control\" id=\"awsm-applicant-email\" required data-msg-required=\"Dieses Feld ist erforderlich.\" data-rule-email=\"true\" data-msg-email=\"Bitte geben Sie eine g\u00fcltige E-Mail Adresse ein.\" \/><\/div><div class=\"awsm-job-form-group awsm-job-form-tel-group\"><label for=\"awsm-applicant-phone\">Telefon <span class=\"awsm-job-form-error\">*<\/span><\/label><input type=\"tel\" placeholder=\"\" name=\"awsm_applicant_phone\" class=\"awsm-job-form-field awsm-job-form-control\" id=\"awsm-applicant-phone\" required data-msg-required=\"Dieses Feld ist erforderlich.\" \/><\/div><div class=\"awsm-job-form-group awsm-job-form-textarea-group\"><label for=\"awsm-cover-letter\">Weitere Angaben <span class=\"awsm-job-form-error\">*<\/span><\/label><textarea placeholder=\"\" name=\"awsm_applicant_letter\" class=\"awsm-job-form-field awsm-job-form-control\" id=\"awsm-cover-letter\" required data-msg-required=\"Dieses Feld ist erforderlich.\" rows=\"5\" cols=\"50\"><\/textarea><\/div><div class=\"awsm-job-form-group awsm-job-form-file-group\"><label for=\"awsm_file_1\">Upload Lebenslauf, Zeugnisse etc.<\/label><input type=\"hidden\" name=\"awsm_file_1\" \/><div class=\"awsm-form-drag-and-drop-file-control\" data-required=\"0\" data-accept=\".pdf, .doc, .docx\" data-max-files=\"3\" data-file-size=\"33554432\"><div class=\"dz-message\"><span class=\"awsm-form-drag-and-drop-file-title\">Datei ablegen oder Button dr\u00fccken<\/span><span class=\"awsm-form-drag-and-drop-file-description\">Erlaubt sind bis zu 3 Dateien, 32 Mo pro Datei.<\/span><\/div><\/div><small>Erlaubte Dateitypen: .pdf, .doc, .docx<\/small><\/div><div class=\"awsm-job-form-group awsm-job-inline-group\"><input name=\"awsm_form_privacy_policy\" class=\"awsm-job-form-field\" id=\"awsm_form_privacy_policy\" value=\"yes\" type=\"checkbox\" data-msg-required=\"Dieses Feld ist erforderlich.\" aria-required=\"true\" required><label for=\"awsm_form_privacy_policy\">Mit der Nutzung dieses Formulars erkl\u00e4ren Sie sich mit der Speicherung und Verarbeitung Ihrer Daten durch diese Website einverstanden. <span class=\"awsm-job-form-error\">*<\/span><\/label><\/div>\n\t\t<input type=\"hidden\" name=\"awsm_job_id\" value=\"2336\">\n\t\t<input type=\"hidden\" name=\"action\" value=\"awsm_applicant_form_submission\">\n\t\t<div class=\"awsm-job-form-group\">\n\t\t\t\t\t<input type=\"submit\" name=\"form_sub\" id=\"awsm-application-submit-btn\" class=\"awsm-application-submit-btn\" value=\"Bewerben!\" data-response-text=\"\u00dcbertrage...\" \/>\n\t\t\t\t<\/div>\n\n\t<\/form>\n\n\t<div class=\"awsm-application-message\" style=\"display: none;\"><\/div>\n\n\t\n<\/div><!-- .awsm-job-form-inner -->\n<\/div>\n<h4>Kontakt<\/h4>\n<p><img decoding=\"async\" src=\"\/wp-content\/uploads\/2024\/11\/amserv_patrick-beck.jpg\" alt=\"\"><\/p>\n<div>\n<p><strong>AMServ Gruppe<\/strong><br \/>Patrick Beck<br \/>HR Business Partner<\/p>\n<\/div>\n<ul>\n<li>\n<p>        <img decoding=\"async\" src=\"\/wp-content\/uploads\/2024\/03\/phone.svg\" alt=\"\"><\/p>\n<p><a href=\"tel:+498000267378\"><\/p>\n<p><span>+49 162 5366252<\/span><\/p>\n<p><\/a><\/p>\n<\/li>\n<li>\n<p>        <img decoding=\"async\" src=\"\/wp-content\/uploads\/2024\/03\/envelope.svg\" alt=\"\"><\/p>\n<div>\n<p><a href=\"mailto:bewerbung@amserv.de\" class=\"\">bewerbung@amserv.de<\/a><\/p>\n<\/div>\n<\/li>\n<\/ul>\n<p><!--more--><br \/>\n<!-- {\"type\":\"layout\",\"children\":[{\"type\":\"section\",\"props\":{\"image_position\":\"center-center\",\"image_size\":\"cover\",\"padding_bottom\":\"xlarge\",\"padding_top\":\"xlarge\",\"style\":\"default\",\"title_breakpoint\":\"xl\",\"title_position\":\"top-left\",\"title_rotation\":\"left\",\"vertical_align\":\"\",\"width\":\"\"},\"children\":[{\"type\":\"row\",\"children\":[{\"type\":\"column\",\"props\":{\"image_position\":\"center-center\",\"position_sticky_breakpoint\":\"m\"}}]}],\"name\":\"Headerbild dynamisch\",\"source\":{\"query\":{\"name\":\"awsmJobOpeningss.singleAwsmJobOpenings\"},\"props\":{\"_condition\":{\"filters\":{\"condition\":\"!!\"},\"name\":\"featuredImage.url\"},\"image\":{\"filters\":{\"search\":\"\"},\"name\":\"featuredImage.url\"}}}},{\"type\":\"section\",\"props\":{\"image\":\"wp-content\/uploads\/2024\/11\/amserv_Azubis_Studenten.jpg\",\"image_position\":\"center-center\",\"image_size\":\"cover\",\"padding_bottom\":\"xlarge\",\"padding_top\":\"xlarge\",\"style\":\"default\",\"title_breakpoint\":\"xl\",\"title_position\":\"top-left\",\"title_rotation\":\"left\",\"vertical_align\":\"\",\"width\":\"\"},\"children\":[{\"type\":\"row\",\"children\":[{\"type\":\"column\",\"props\":{\"image_position\":\"center-center\",\"position_sticky_breakpoint\":\"m\"}}]}],\"name\":\"Headerbild Fallback\",\"source\":{\"query\":{\"name\":\"awsmJobOpeningss.singleAwsmJobOpenings\"},\"props\":{\"_condition\":{\"filters\":{\"condition\":\"!\"},\"name\":\"featuredImage.url\"}}}},{\"type\":\"section\",\"props\":{\"image_position\":\"center-center\",\"padding_bottom\":\"none\",\"padding_top\":\"none\",\"style\":\"muted\",\"title_breakpoint\":\"xl\",\"title_position\":\"top-left\",\"title_rotation\":\"left\",\"vertical_align\":\"\",\"width\":\"default\"},\"children\":[{\"type\":\"row\",\"children\":[{\"type\":\"column\",\"props\":{\"image_position\":\"center-center\",\"position_sticky_breakpoint\":\"m\"},\"children\":[{\"type\":\"breadcrumbs\",\"props\":{\"home_text\":\"Home\",\"show_current\":true,\"show_home\":true}}]}]}],\"name\":\"Breadcrumbs\"},{\"type\":\"section\",\"props\":{\"image_position\":\"center-center\",\"padding_bottom\":\"small\",\"padding_top\":\"small\",\"style\":\"default\",\"title_breakpoint\":\"xl\",\"title_position\":\"top-left\",\"title_rotation\":\"left\",\"vertical_align\":\"\",\"width\":\"default\"},\"children\":[{\"type\":\"row\",\"props\":{\"layout\":\"2-3,1-3\"},\"children\":[{\"type\":\"column\",\"props\":{\"image_position\":\"center-center\",\"position_sticky_breakpoint\":\"m\",\"width_medium\":\"2-3\"},\"children\":[{\"type\":\"headline\",\"props\":{\"content\":\"Ausbildung als Mechatroniker (m\/w\/d)\",\"image_align\":\"left\",\"image_margin\":\"xsmall\",\"title_element\":\"h1\"}},{\"type\":\"text\",\"props\":{\"column_breakpoint\":\"m\",\"content\":\"\n\n<p><b>Starte deine Ausbildung als Mechatroniker (m\/w\/d) bei der AMServ Gruppe!<\/b><\/p>\n\n\\n\n\n<p>Du bist technikbegeistert, hast ein gutes Verst\u00e4ndnis f\u00fcr mechatronische Systeme und m\u00f6chtest in einem innovativen Unternehmen arbeiten? Dann ist die Ausbildung als Mechatroniker (m\/w\/d) genau das Richtige f\u00fcr dich!<\/p>\n\n\",\"content_en_gb\":\"\n\n<p>If you have any general questions, please get in touch with the contact detailed opposite.<\/p>\n\n\",\"content_fr_fr\":\"\n\n<p>En cas de questions d'ordre g\u00e9n\u00e9ral, adressez-vous au contact indiqu\u00e9 ci-contre.<\/p>\n\n\",\"margin_bottom\":\"default\",\"margin_top\":\"default\"},\"name\":\"Intro\"},{\"type\":\"headline\",\"props\":{\"content\":\"Deine Aufgaben\",\"image_align\":\"left\",\"image_margin\":\"xsmall\",\"title_element\":\"h3\",\"title_style\":\"h4\"},\"name\":\"Ihre Aufgaben\"},{\"type\":\"text\",\"props\":{\"column_breakpoint\":\"m\",\"content\":\"\n\n<p>In deiner dreieinhalbj\u00e4hrigen Ausbildung wirst du umfassend auf deine zuk\u00fcnftigen Aufgaben vorbereitet. Zu deinen T\u00e4tigkeiten geh\u00f6ren:<\/p>\n\n\",\"margin_bottom\":\"default\",\"margin_top\":\"default\"}},{\"type\":\"text\",\"props\":{\"column_breakpoint\":\"m\",\"content\":\"\n\n<ul>\\n\n\n<li><strong>Aufnahme von Maschinen- und Wickeldaten:<\/strong>\u00a0Du erlernst, relevante Daten zu erfassen und auszuwerten.<\/li>\n\n\\n\n\n<li><strong>Herstellung von Wicklungen:\u00a0<\/strong>Du stellst Wicklungen f\u00fcr elektrische Maschinen her.<\/li>\n\n\\n\n\n<li><strong>Demontage und Montage elektrischer Maschinen:<\/strong>\u00a0Du bist verantwortlich f\u00fcr die fachgerechte Demontage und Montage von elektrischen Maschinen.<\/li>\n\n\\n\n\n<li><strong>Montage mechanischer, pneumatischer, hydraulischer, elektrischer und elektronischer Komponenten:<\/strong>\u00a0Du baust verschiedene Komponenten zusammen und sorgst f\u00fcr deren Funktionalit\u00e4t.<\/li>\n\n\\n\n\n<li><strong>Inbetriebnahme elektrischer Maschinen:\u00a0<\/strong>Du bringst elektrische Maschinen in Betrieb und testest ihre Leistung.<\/li>\n\n\\n\n\n<li><strong>Montage und Verdrahtung von Schaltschr\u00e4nken:<\/strong>\u00a0Du montierst Schaltschr\u00e4nke einschlie\u00dflich Mess-, Steuer- und Regelungseinrichtungen.<\/li>\n\n\\n\n\n<li><strong>Erstellung, \u00c4nderung und \u00dcberwachung von Programmen der Steuerungstechnik:<\/strong>\u00a0Du arbeitest an der Programmierung von Steuerungssystemen.<\/li>\n\n\\n\n\n<li><strong>Parametrierung von Frequenzumrichtern:\u00a0<\/strong>Du lernst, Frequenzumrichter entsprechend den Anforderungen einzustellen.<\/li>\n\n\\n\n\n<li><strong>Inbetriebnahme von Antriebssystemen:<\/strong>\u00a0Du nimmst komplexe Antriebssysteme in Betrieb.<\/li>\n\n\\n\n\n<li><strong>Fehlerdiagnose und Instandsetzung:\u00a0<\/strong>Du suchst systematisch nach Fehlern an elektrischen Maschinen und komplexen Antriebssystemen und setzt diese instand.<\/li>\n\n\\n\n\n<li><strong>Wartung und \u00dcberwachung elektrischer Maschinen und Antriebssysteme:\u00a0<\/strong>Du sorgst daf\u00fcr, dass die Systeme stets betriebsbereit sind<\/li>\n\n\\n<\/ul>\n\n\",\"margin_bottom\":\"default\",\"margin_top\":\"default\"}},{\"type\":\"headline\",\"props\":{\"content\":\"Dein Profil\",\"image_align\":\"left\",\"image_margin\":\"xsmall\",\"title_element\":\"h3\",\"title_style\":\"h4\"},\"name\":\"Ihr Profil\"},{\"type\":\"text\",\"props\":{\"column_breakpoint\":\"m\",\"content\":\"\n\n<ul>\\n\n\n<li>\\n\n\n<p><strong>Schulbildung:<\/strong> Guter Hauptschulabschluss, mittlere Reife oder Abitur, idealerweise mit Schwerpunkt in Mathematik, Physik oder Technik.<\/p>\n\n\\n\n\n<p><strong><\/strong><\/p>\n\n\\n<\/li>\n\n\\n\n\n<li>\\n\n\n<p><strong>Technisches Verst\u00e4ndnis:<\/strong> Du hast ein ausgepr\u00e4gtes Interesse an Elektrotechnik und Mechanik. Du bist neugierig auf die Funktionsweise von Maschinen und Antriebssystemen.<\/p>\n\n\\n\n\n<p><strong><\/strong><\/p>\n\n\\n<\/li>\n\n\\n\n\n<li>\\n\n\n<p><strong>Handwerkliches Geschick:<\/strong> Du arbeitest gerne mit deinen H\u00e4nden und hast ein gutes Gef\u00fchl f\u00fcr technische Ger\u00e4te und Werkzeuge. Pr\u00e4zision und Sorgfalt sind f\u00fcr dich selbstverst\u00e4ndlich.<\/p>\n\n\\n\n\n<p><strong><\/strong><\/p>\n\n\\n<\/li>\n\n\\n\n\n<li>\\n\n\n<p><strong>Teamf\u00e4higkeit:<\/strong> Du arbeitest gerne im Team und sch\u00e4tzt den Austausch mit Kolleg*innen. Gemeinsam L\u00f6sungen zu erarbeiten, motiviert dich.<\/p>\n\n\\n\n\n\n\n\\n\n\n<p><strong><\/strong><\/p>\n\n\\n<\/li>\n\n\\n\n\n<li>\\n\n\n<p><strong>Sicherer Umgang mit Technik:<\/strong> Grundkenntnisse im Umgang mit Computern und Softwareanwendungen sind von Vorteil, da du auch Programme der Steuerungstechnik erstellen und \u00fcberwachen wirst.<\/p>\n\n\\n<\/li>\n\n\\n\n\n<li><strong>Gute Deutschkenntnisse:<\/strong>\u00a0Du kannst dich schriftlich und m\u00fcndlich gut ausdr\u00fccken und hast keine Scheu vor Kommunikation.\u00a0<\/li>\n\n\\n<\/ul>\n\n\",\"margin_bottom\":\"default\",\"margin_top\":\"default\"}},{\"type\":\"headline\",\"props\":{\"content\":\"\n\n<h4>Gehaltsbereich:\u00a0<\/h4>\n\n\\n\n\n<div>Ausbildungsverg\u00fctung: 1.223,00 \u20ac brutto\/Monat im 1. Lehrjahr<\/div>\n\n\",\"image_align\":\"left\",\"image_margin\":\"xsmall\",\"title_element\":\"h4\"}},{\"type\":\"headline\",\"props\":{\"content\":\"So bewirbst du dich\",\"image_align\":\"left\",\"image_margin\":\"xsmall\",\"title_element\":\"h4\"}},{\"type\":\"text\",\"props\":{\"column_breakpoint\":\"m\",\"content\":\"\n\n<p>Wenn du Teil unseres Teams werden m\u00f6chtest, freuen wir uns auf deine Bewerbung! Bitte sende uns deine vollst\u00e4ndigen Unterlagen (Anschreiben, Lebenslauf, Zeugnisse) direkt \u00fcber unser Formular.<\/p>\n\n\",\"margin_bottom\":\"default\",\"margin_top\":\"default\"},\"name\":\"Abschluss\"},{\"type\":\"text\",\"props\":{\"column_breakpoint\":\"m\",\"content\":\"\n\n<p><strong>Wir haben noch freie Pl\u00e4tze f\u00fcr den Ausbildungsstart 2026 an den Standorten:<\/strong><\/p>\n\n\\n\n\n<p><strong>AMServ S\u00fcd GmbH &amp; Co. KG<\/strong><br \/>Oskar-von-Miller-Stra\u00dfe 2<br \/>86356 Neus\u00e4\u00df<\/p>\n\n\\n\n\n\n\n\\n\n\n\n\n\",\"margin_bottom\":\"default\",\"margin_top\":\"default\"},\"name\":\"Standorte\"},{\"type\":\"button\",\"props\":{\"grid_column_gap\":\"small\",\"grid_row_gap\":\"small\",\"margin_bottom\":\"default\",\"margin_top\":\"default\"},\"children\":[{\"type\":\"button_item\",\"props\":{\"button_style\":\"primary\",\"content\":\"Job-\u00dcbersicht\",\"dialog_layout\":\"modal\",\"dialog_offcanvas_flip\":true,\"icon\":\"arrow-left\",\"icon_align\":\"left\",\"link\":\"unternehmen\/karriere\/auszubildende-und-studierende\/#listing\"}}],\"name\":\"Zur\u00fcck\"},{\"type\":\"text\",\"props\":{\"column_breakpoint\":\"m\",\"content\":\"\n\n<p><a href=\\\"https:\/\/www.amserv.de\/datenschutz\/#Bewerberdaten\\\">Hinweis zum Umgang mit Bewerberdaten.<\/a><\/p>\n\n\",\"margin_bottom\":\"default\",\"margin_top\":\"default\"}}]},{\"type\":\"column\",\"props\":{\"image_position\":\"center-center\",\"position_sticky\":\"column\",\"position_sticky_breakpoint\":\"m\",\"position_sticky_offset\":\"80\",\"width_medium\":\"1-3\"},\"children\":[{\"type\":\"headline\",\"props\":{\"class\":\"uk-visible@m\",\"content\":\"Kontakt\",\"content_en_gb\":\"Contact\",\"content_fr_fr\":\"Contact\",\"image_align\":\"left\",\"image_margin\":\"xsmall\",\"title_element\":\"h4\"},\"name\":\"Sidebar Headline\"},{\"type\":\"image\",\"props\":{\"class\":\"uk-visible@m\",\"image\":\"wp-content\/uploads\/2024\/11\/amserv_patrick-beck.jpg\",\"image_svg_color\":\"emphasis\",\"margin_bottom\":\"default\",\"margin_top\":\"default\",\"maxwidth\":\"medium\"}},{\"type\":\"text\",\"props\":{\"class\":\"uk-visible@m\",\"column_breakpoint\":\"m\",\"content\":\"\n\n<p><strong>AMServ Gruppe<\/strong><br \/>Patrick Beck<br \/>Leiter Personal<\/p>\n\n\",\"content_en_gb\":\"\n\n<p><strong>AMServ Group<\/strong><br \/><span>Patrick Beck<\/span><br \/><span>HR Business Partner<\/span><\/p>\n\n\",\"content_fr_fr\":\"\n\n<p><strong>AMServ Groupe<\/strong><br \/><span>Patrick Beck<\/span><br \/>Partenaire commercial RH<\/p>\n\n\",\"margin_bottom\":\"small\",\"margin_top\":\"small\"},\"name\":\"Sidebar Text\"},{\"type\":\"list\",\"props\":{\"class\":\"sidebarContactList uk-visible@m\",\"column_breakpoint\":\"m\",\"image_align\":\"left\",\"image_svg_color\":\"emphasis\",\"image_svg_inline\":true,\"image_vertical_align\":false,\"image_width\":\"18\",\"list_element\":\"ul\",\"list_horizontal_separator\":\", \",\"list_type\":\"vertical\",\"show_image\":true,\"show_link\":true},\"children\":[{\"type\":\"list_item\",\"props\":{\"content\":\"\n\n<p><span>+49 162 5366252<\/span><\/p>\n\n\",\"icon\":\"\",\"image\":\"wp-content\/uploads\/2024\/03\/phone.svg\",\"link\":\"tel:+498000267378\"}}],\"name\":\"Liste-Kontakt\"},{\"type\":\"html\",\"props\":{\"class\":\"uk-margin-top\",\"content\":\"[awsm_application_form]\"},\"name\":\"Bewerbungsformular\"},{\"type\":\"headline\",\"props\":{\"class\":\"uk-hidden@m\",\"content\":\"Kontakt\",\"content_en_gb\":\"Contact\",\"content_fr_fr\":\"Contact\",\"image_align\":\"left\",\"image_margin\":\"xsmall\",\"title_element\":\"h4\"},\"name\":\"Sidebar Headline\"},{\"type\":\"image\",\"props\":{\"class\":\"uk-hidden@m\",\"image\":\"wp-content\/uploads\/2024\/11\/amserv_patrick-beck.jpg\",\"image_svg_color\":\"emphasis\",\"margin_bottom\":\"default\",\"margin_top\":\"default\",\"maxwidth\":\"medium\"}},{\"type\":\"text\",\"props\":{\"class\":\"uk-hidden@m\",\"column_breakpoint\":\"m\",\"content\":\"\n\n<p><strong>AMServ Gruppe<\/strong><br \/>Patrick Beck<br \/>HR Business Partner<\/p>\n\n\",\"content_en_gb\":\"\n\n<p><strong>AMServ Group<\/strong><br \/><span>Patrick Beck<\/span><br \/><span>HR Business Partner<\/span><\/p>\n\n\",\"content_fr_fr\":\"\n\n<p><strong>AMServ Groupe<\/strong><br \/><span>Patrick Beck<\/span><br \/>Partenaire commercial RH<\/p>\n\n\",\"margin_bottom\":\"small\",\"margin_top\":\"small\"},\"name\":\"Sidebar Text\"},{\"type\":\"list\",\"props\":{\"class\":\"sidebarContactList uk-hidden@m\",\"column_breakpoint\":\"m\",\"image_align\":\"left\",\"image_svg_color\":\"emphasis\",\"image_svg_inline\":true,\"image_vertical_align\":false,\"image_width\":\"18\",\"list_element\":\"ul\",\"list_horizontal_separator\":\", \",\"list_type\":\"vertical\",\"show_image\":true,\"show_link\":true},\"children\":[{\"type\":\"list_item\",\"props\":{\"content\":\"\n\n<p><span>+49 162 5366252<\/span><\/p>\n\n\",\"icon\":\"\",\"image\":\"wp-content\/uploads\/2024\/03\/phone.svg\",\"link\":\"tel:+498000267378\"}},{\"type\":\"list_item\",\"props\":{\"content\":\"\n\n<p><a href=\\\"mailto:bewerbung@amserv.de\\\" class=\\\"\\\">bewerbung@amserv.de<\/a><\/p>\n\n\",\"icon\":\"\",\"image\":\"wp-content\/uploads\/2024\/03\/envelope.svg\"}}],\"name\":\"Liste-Kontakt\"}]}]}],\"name\":\"Zweispaltig\"}],\"version\":\"5.0.24\"} --><\/p>\n","protected":false},"excerpt":{"rendered":"<p>Ausbildung als Mechatroniker (m\/w\/d) Starte deine Ausbildung als Mechatroniker (m\/w\/d) bei der AMServ Gruppe! Du bist technikbegeistert, hast ein gutes Verst\u00e4ndnis f\u00fcr mechatronische Systeme und m\u00f6chtest in einem innovativen Unternehmen arbeiten? Dann ist die Ausbildung als Mechatroniker (m\/w\/d) genau das Richtige f\u00fcr dich! Deine Aufgaben In deiner dreieinhalbj\u00e4hrigen Ausbildung wirst du umfassend auf deine zuk\u00fcnftigen [&#8230;]<\/p>\n<p><a class=\"el-content uk-button uk-button-primary uk-margin-remove-bottom excerpt\" href=\"https:\/\/www.amserv.de\/fr\/jobs\/ausbildung-mechatroniker\/\">Continuer&#8230;<\/a><\/p>\n","protected":false},"author":4,"featured_media":0,"template":"","meta":[],"class_list":["post-2336","awsm_job_openings","type-awsm_job_openings","status-publish","hentry","job-location-neusaess","job-target-group-auszubildende"],"_links":{"self":[{"href":"https:\/\/www.amserv.de\/fr\/wp-json\/wp\/v2\/awsm_job_openings\/2336","targetHints":{"allow":["GET"]}}],"collection":[{"href":"https:\/\/www.amserv.de\/fr\/wp-json\/wp\/v2\/awsm_job_openings"}],"about":[{"href":"https:\/\/www.amserv.de\/fr\/wp-json\/wp\/v2\/types\/awsm_job_openings"}],"author":[{"embeddable":true,"href":"https:\/\/www.amserv.de\/fr\/wp-json\/wp\/v2\/users\/4"}],"wp:attachment":[{"href":"https:\/\/www.amserv.de\/fr\/wp-json\/wp\/v2\/media?parent=2336"}],"curies":[{"name":"wp","href":"https:\/\/api.w.org\/{rel}","templated":true}]}}