{"id":3459,"date":"2026-03-02T16:45:18","date_gmt":"2026-03-02T15:45:18","guid":{"rendered":"https:\/\/www.amserv.de\/?post_type=awsm_job_openings&#038;p=3459"},"modified":"2026-04-02T11:44:34","modified_gmt":"2026-04-02T09:44:34","slug":"technischer-mitarbeiter-m-w-d-fuer-die-technische-projektierung","status":"publish","type":"awsm_job_openings","link":"https:\/\/www.amserv.de\/fr\/jobs\/technischer-mitarbeiter-m-w-d-fuer-die-technische-projektierung\/","title":{"rendered":"Technischer Mitarbeiter (m\/w\/d) f\u00fcr die technische Projektierung"},"content":{"rendered":"<h1>Technischer Mitarbeiter (m\/w\/d) \/ f\u00fcr die technische Projektierung<\/h1>\n<div>\n<p>Die AMServ \u2013 Gruppe mit rund 145 Mitarbeitenden und vier Servicezentren innerhalb von Deutschland, hat sich auf Reparatur, Neulieferung und Wartung elektrischer rotierender Maschinen spezialisiert. Als kompetenter Ansprechpartner bieten wir umfassende L\u00f6sungen f\u00fcr den effektiven Betrieb, die Zustandserfassung und die fachgerechte Instandsetzung elektrischer Maschinen. Unser Team von Spezialist*innen f\u00fchrt gr\u00fcndliche Fehleranalysen durch und stellt sicher, dass die Komponenten optimal gewartet und instandgesetzt werden, um h\u00f6chste Effizienz und Zuverl\u00e4ssigkeit zu gew\u00e4hrleisten.<\/p>\n<\/div>\n<div>\n<p>F\u00fcr unser Team am Standort <strong>Neus\u00e4\u00df und Schiffweiler <\/strong>\u00a0suchen wir zum n\u00e4chstm\u00f6glichen Zeitpunkt einen<\/p>\n<\/div>\n<h2>Technischen Mitarbeiter (m\/w\/d) \/ f\u00fcr die technische Projektierung<\/h2>\n<h3>\n<h3 class=\"uk-h4\">Was Sie bei uns erwartet:<\/h3>\n<\/h3>\n<div>\n<ul>\n<li>Sie \u00fcbernehmen die technische Kl\u00e4rung und Auslegung von Kundenanforderungen im Bereich elektrischer Maschinen<\/li>\n<li>Sie begleiten technische Projekte \u00fcber alle relevanten Phasen hinweg und koordinieren die notwendigen internen Abstimmungen<\/li>\n<li>Sie stimmen sich eng mit den beteiligten Fachbereichen ab, um technische Anforderungen sicherzustellen<\/li>\n<li>Sie erstellen und pflegen technische Dokumentationen<\/li>\n<li>Sie kommunizieren mit Kundinnen und Kunden zu technischen Fragestellungen, kl\u00e4ren Spezifikationen und unterst\u00fctzen bei technischen Herausforderungen<\/li>\n<li>Sie wirken an der Weiterentwicklung technischer Prozesse und Abl\u00e4ufe mit<\/li>\n<li>Sie erstellen eine Zusammenfassung aller Kosten (interne\/externe) zur Angebotskalkulation<\/li>\n<\/ul>\n<\/div>\n<h3>Damit passen Sie zu uns:<\/h3>\n<div>\n<ul>\n<li>Sie verf\u00fcgen \u00fcber eine erfolgreich abgeschlossene technische Berufsausbildung vorzugsweise im elektrotechnischen Umfeld sowie eine einschl\u00e4gige technische Weiterbildung zum Meister (m\/w\/d) oder Techniker (m\/w\/d)<\/li>\n<li>Sie bringen idealerweise Erfahrung im technischen Innendienst mit<\/li>\n<li>Sie begeistern unsere Gesch\u00e4ftspartnerinnen und Gesch\u00e4ftspartner mit Ihrer freundlichen und l\u00f6sungsorientierten Art<\/li>\n<li>Ihre Arbeitsweise ist gepr\u00e4gt durch einen engagierten und selbstst\u00e4ndigen Arbeitsstil mit hoher Kundenorientierung<\/li>\n<li>Sie arbeiten gern im Team und agieren dabei mit Entscheidungsfreude und Durchsetzungsverm\u00f6gen<\/li>\n<li>Sie sind routiniert im Umgang mit den g\u00e4ngigen MS Office-Produkten und beherrschen den sicheren Umgang mit ERP\/CRM-Systemen<\/li>\n<li>Sehr gute Deutschkenntnisse und gute Englischkenntnisse runden Ihr Profil ab<\/li>\n<\/ul>\n<\/div>\n<h3>\n<h3 class=\"uk-h4\">Darauf k\u00f6nnen Sie sich freuen:<\/h3>\n<\/h3>\n<div>\n<ul>\n<li>Starker Zusammenhalt &amp; offene Feedback-Kultur<\/li>\n<li>Eine zukunftssichere und vielseitige Branche<\/li>\n<li>Unbefristeter Arbeitsvertrag und 30 Tage Urlaub<\/li>\n<li>T\u00e4glich frisches Obst &amp; kostenloses Wasser<\/li>\n<li>Ein angenehmes Betriebsklima<\/li>\n<li>Regelm\u00e4\u00dfige Team-Events<\/li>\n<li>Corporate Benefits &amp; Jobrad<\/li>\n<li>Wertsch\u00e4tzendes Miteinander<\/li>\n<li>Strukturierte Einarbeitung durch einen Paten (m\/w\/d)<\/li>\n<li>Weiterbildungsm\u00f6glichkeiten<\/li>\n<\/ul>\n<\/div>\n<div>\n<h4>Gehaltsbereich:\u00a0<\/h4>\n<div>\n<div><strong>48.100 \u20ac &#8211; 55.900 \u20ac<\/strong> (brutto\/Jahr)<\/div>\n<\/div>\n<p><strong><\/strong><\/p>\n<\/div>\n<div>\n<p><strong>Haben wir Ihr Interesse geweckt?<\/strong><\/p>\n<p>Dann bewerben Sie sich mit Angabe Ihres fr\u00fchestm\u00f6glichen Eintrittstermins direkt \u00fcber unser Bewerberformular.<\/p>\n<p><strong>AMServ S\u00fcd GmbH &amp; Co. KG<\/strong><br \/>Oskar-von-Miller-Stra\u00dfe 2<br \/>86356 Neus\u00e4\u00df<\/p>\n<p><strong>AMServ West GmbH\u00a0&amp;\u00a0Co.\u00a0KG<\/strong><br \/><span>Gewerbepark Klinkenthal\u00a049<\/span><br \/><span>66578 Schiffweiler Heiligenwald<\/span><\/p>\n<p><strong>\u00a0<\/strong><\/p>\n<p><strong><\/strong><\/p>\n<\/div>\n<p><p>\n        <a href=\"\/unternehmen\/karriere\/stellenangebote-fach-und-fuehrungskraefte\/#listings\">Job-\u00dcbersicht<\/a>\n    <\/p>\n<\/p>\n<div>\n<p><a href=\"https:\/\/www.amserv.de\/datenschutz\/#Bewerberdaten\">Hinweis zum Umgang mit Bewerberdaten.<\/a><\/p>\n<\/div>\n<h4>Kontakt<\/h4>\n<p><img decoding=\"async\" src=\"\/wp-content\/uploads\/2024\/11\/amserv_patrick-beck.jpg\" alt=\"\"><\/p>\n<div>\n<p><strong>AMServ Gruppe<\/strong><br \/>Patrick Beck<br \/>Leiter Personal<\/p>\n<\/div>\n<div>\n<p>    <img decoding=\"async\" src=\"\/wp-content\/uploads\/2024\/03\/phone.svg\" alt=\"\"><\/p>\n<p><a href=\"tel:+498000267378\"><\/p>\n<p><span>+49 162 5366252<\/span><\/p>\n<p><\/a><\/p>\n<\/div>\n<div>\n\n<div class=\"awsm-job-form-inner\">\n\n\t\n\t<h2>\n\t\tDirekt Bewerben:\t<\/h2>\n\n\t\n\t<form id=\"awsm-application-form\" class=\"awsm-application-form\" name=\"applicationform\" method=\"post\" enctype=\"multipart\/form-data\">\n\n\t\t<div class=\"awsm-job-form-group awsm-job-form-text-group\"><label for=\"awsm_text_1\">Vorname <span class=\"awsm-job-form-error\">*<\/span><\/label><input type=\"text\" placeholder=\"\" name=\"awsm_text_1\" class=\"awsm-job-form-field awsm-job-form-control\" id=\"awsm_text_1\" required data-msg-required=\"Dieses Feld ist erforderlich.\" \/><\/div><div class=\"awsm-job-form-group awsm-job-form-text-group\"><label for=\"awsm-applicant-name\">Name <span class=\"awsm-job-form-error\">*<\/span><\/label><input type=\"text\" placeholder=\"\" name=\"awsm_applicant_name\" class=\"awsm-job-form-field awsm-job-form-control\" id=\"awsm-applicant-name\" required data-msg-required=\"Dieses Feld ist erforderlich.\" \/><\/div><div class=\"awsm-job-form-group awsm-job-form-email-group\"><label for=\"awsm-applicant-email\">E-Mail <span class=\"awsm-job-form-error\">*<\/span><\/label><input type=\"email\" placeholder=\"\" name=\"awsm_applicant_email\" class=\"awsm-job-form-field awsm-job-form-control\" id=\"awsm-applicant-email\" required data-msg-required=\"Dieses Feld ist erforderlich.\" data-rule-email=\"true\" data-msg-email=\"Bitte geben Sie eine g\u00fcltige E-Mail Adresse ein.\" \/><\/div><div class=\"awsm-job-form-group awsm-job-form-tel-group\"><label for=\"awsm-applicant-phone\">Telefon <span class=\"awsm-job-form-error\">*<\/span><\/label><input type=\"tel\" placeholder=\"\" name=\"awsm_applicant_phone\" class=\"awsm-job-form-field awsm-job-form-control\" id=\"awsm-applicant-phone\" required data-msg-required=\"Dieses Feld ist erforderlich.\" \/><\/div><div class=\"awsm-job-form-group awsm-job-form-textarea-group\"><label for=\"awsm-cover-letter\">Weitere Angaben <span class=\"awsm-job-form-error\">*<\/span><\/label><textarea placeholder=\"\" name=\"awsm_applicant_letter\" class=\"awsm-job-form-field awsm-job-form-control\" id=\"awsm-cover-letter\" required data-msg-required=\"Dieses Feld ist erforderlich.\" rows=\"5\" cols=\"50\"><\/textarea><\/div><div class=\"awsm-job-form-group awsm-job-form-file-group\"><label for=\"awsm_file_1\">Upload Lebenslauf, Zeugnisse etc.<\/label><input type=\"hidden\" name=\"awsm_file_1\" \/><div class=\"awsm-form-drag-and-drop-file-control\" data-required=\"0\" data-accept=\".pdf, .doc, .docx\" data-max-files=\"3\" data-file-size=\"33554432\"><div class=\"dz-message\"><span class=\"awsm-form-drag-and-drop-file-title\">Datei ablegen oder Button dr\u00fccken<\/span><span class=\"awsm-form-drag-and-drop-file-description\">Erlaubt sind bis zu 3 Dateien, 32 Mo pro Datei.<\/span><\/div><\/div><small>Erlaubte Dateitypen: .pdf, .doc, .docx<\/small><\/div><div class=\"awsm-job-form-group awsm-job-inline-group\"><input name=\"awsm_form_privacy_policy\" class=\"awsm-job-form-field\" id=\"awsm_form_privacy_policy\" value=\"yes\" type=\"checkbox\" data-msg-required=\"Dieses Feld ist erforderlich.\" aria-required=\"true\" required><label for=\"awsm_form_privacy_policy\">Mit der Nutzung dieses Formulars erkl\u00e4ren Sie sich mit der Speicherung und Verarbeitung Ihrer Daten durch diese Website einverstanden. <span class=\"awsm-job-form-error\">*<\/span><\/label><\/div>\n\t\t<input type=\"hidden\" name=\"awsm_job_id\" value=\"3459\">\n\t\t<input type=\"hidden\" name=\"action\" value=\"awsm_applicant_form_submission\">\n\t\t<div class=\"awsm-job-form-group\">\n\t\t\t\t\t<input type=\"submit\" name=\"form_sub\" id=\"awsm-application-submit-btn\" class=\"awsm-application-submit-btn\" value=\"Bewerben!\" data-response-text=\"\u00dcbertrage...\" \/>\n\t\t\t\t<\/div>\n\n\t<\/form>\n\n\t<div class=\"awsm-application-message\" style=\"display: none;\"><\/div>\n\n\t\n<\/div><!-- .awsm-job-form-inner -->\n<\/div>\n<h4>Kontakt<\/h4>\n<p><img decoding=\"async\" src=\"\/wp-content\/uploads\/2024\/11\/amserv_patrick-beck.jpg\" alt=\"\"><\/p>\n<div>\n<p><strong>AMServ Gruppe<\/strong><br \/>Patrick Beck<br \/>HR Business Partner<\/p>\n<\/div>\n<ul>\n<li>\n<p>        <img decoding=\"async\" src=\"\/wp-content\/uploads\/2024\/03\/phone.svg\" alt=\"\"><\/p>\n<p><a href=\"tel:+498000267378\"><\/p>\n<p><span>+49 162 5366252<\/span><\/p>\n<p><\/a><\/p>\n<\/li>\n<li>\n<p>        <img decoding=\"async\" src=\"\/wp-content\/uploads\/2024\/03\/envelope.svg\" alt=\"\"><\/p>\n<div>\n<p><a href=\"mailto:bewerbung@amserv.de\" class=\"\">bewerbung@amserv.de<\/a><\/p>\n<\/div>\n<\/li>\n<\/ul>\n<p><!--more--><br \/>\n<!-- {\"type\":\"layout\",\"children\":[{\"type\":\"section\",\"props\":{\"image_position\":\"center-center\",\"image_size\":\"cover\",\"padding_bottom\":\"xlarge\",\"padding_top\":\"xlarge\",\"style\":\"default\",\"title_breakpoint\":\"xl\",\"title_position\":\"top-left\",\"title_rotation\":\"left\",\"vertical_align\":\"\",\"width\":\"\"},\"children\":[{\"type\":\"row\",\"children\":[{\"type\":\"column\",\"props\":{\"image_position\":\"center-center\",\"position_sticky_breakpoint\":\"m\"}}]}],\"name\":\"Headerbild dynamisch\",\"source\":{\"query\":{\"name\":\"awsmJobOpeningss.singleAwsmJobOpenings\"},\"props\":{\"_condition\":{\"filters\":{\"condition\":\"!!\"},\"name\":\"featuredImage.url\"},\"image\":{\"filters\":{\"search\":\"\"},\"name\":\"featuredImage.url\"}}}},{\"type\":\"section\",\"props\":{\"image\":\"wp-content\/uploads\/2024\/11\/amserv_Stellenangebote_Fachkraefte.jpg\",\"image_position\":\"center-center\",\"image_size\":\"cover\",\"padding_bottom\":\"xlarge\",\"padding_top\":\"xlarge\",\"style\":\"default\",\"title_breakpoint\":\"xl\",\"title_position\":\"top-left\",\"title_rotation\":\"left\",\"vertical_align\":\"\",\"width\":\"\"},\"children\":[{\"type\":\"row\",\"children\":[{\"type\":\"column\",\"props\":{\"image_position\":\"center-center\",\"position_sticky_breakpoint\":\"m\"}}]}],\"name\":\"Headerbild Fallback\",\"source\":{\"query\":{\"name\":\"awsmJobOpeningss.singleAwsmJobOpenings\"},\"props\":{\"_condition\":{\"filters\":{\"condition\":\"!\"},\"name\":\"featuredImage.url\"}}}},{\"type\":\"section\",\"props\":{\"image_position\":\"center-center\",\"padding_bottom\":\"none\",\"padding_top\":\"none\",\"style\":\"muted\",\"title_breakpoint\":\"xl\",\"title_position\":\"top-left\",\"title_rotation\":\"left\",\"vertical_align\":\"\",\"width\":\"default\"},\"children\":[{\"type\":\"row\",\"children\":[{\"type\":\"column\",\"props\":{\"image_position\":\"center-center\",\"position_sticky_breakpoint\":\"m\"},\"children\":[{\"type\":\"breadcrumbs\",\"props\":{\"home_text\":\"Home\",\"show_current\":true,\"show_home\":true}}]}]}],\"name\":\"Breadcrumbs\"},{\"type\":\"section\",\"props\":{\"image_position\":\"center-center\",\"padding_bottom\":\"small\",\"padding_top\":\"small\",\"style\":\"default\",\"title_breakpoint\":\"xl\",\"title_position\":\"top-left\",\"title_rotation\":\"left\",\"vertical_align\":\"\",\"width\":\"default\"},\"children\":[{\"type\":\"row\",\"props\":{\"layout\":\"2-3,1-3\"},\"children\":[{\"type\":\"column\",\"props\":{\"image_position\":\"center-center\",\"position_sticky_breakpoint\":\"m\",\"width_medium\":\"2-3\"},\"children\":[{\"type\":\"headline\",\"props\":{\"content\":\"Technischer Mitarbeiter (m\/w\/d) \/ f\u00fcr die technische Projektierung\",\"image_align\":\"left\",\"image_margin\":\"xsmall\",\"title_element\":\"h1\"},\"name\":\"Stellenbezeichnung\"},{\"type\":\"text\",\"props\":{\"column_breakpoint\":\"m\",\"content\":\"\n\n<p>Die AMServ \u2013 Gruppe mit rund 145 Mitarbeitenden und vier Servicezentren innerhalb von Deutschland, hat sich auf Reparatur, Neulieferung und Wartung elektrischer rotierender Maschinen spezialisiert. Als kompetenter Ansprechpartner bieten wir umfassende L\u00f6sungen f\u00fcr den effektiven Betrieb, die Zustandserfassung und die fachgerechte Instandsetzung elektrischer Maschinen. Unser Team von Spezialist*innen f\u00fchrt gr\u00fcndliche Fehleranalysen durch und stellt sicher, dass die Komponenten optimal gewartet und instandgesetzt werden, um h\u00f6chste Effizienz und Zuverl\u00e4ssigkeit zu gew\u00e4hrleisten.<\/p>\n\n\",\"content_en_gb\":\"\n\n<p>If you have any general questions, please get in touch with the contact detailed opposite.<\/p>\n\n\",\"content_fr_fr\":\"\n\n<p>En cas de questions d'ordre g\u00e9n\u00e9ral, adressez-vous au contact indiqu\u00e9 ci-contre.<\/p>\n\n\",\"margin_bottom\":\"default\",\"margin_top\":\"default\"},\"name\":\"Intro\"},{\"type\":\"text\",\"props\":{\"column_breakpoint\":\"m\",\"content\":\"\n\n<p>F\u00fcr unser Team am Standort <strong>Neus\u00e4\u00df und Schiffweiler <\/strong>\u00a0suchen wir zum n\u00e4chstm\u00f6glichen Zeitpunkt einen<\/p>\n\n\",\"margin_bottom\":\"default\",\"margin_top\":\"default\"},\"name\":\"Standort(e)\"},{\"type\":\"headline\",\"props\":{\"content\":\"Technischen Mitarbeiter (m\/w\/d) \/ f\u00fcr die technische Projektierung\",\"image_align\":\"left\",\"image_margin\":\"xsmall\",\"title_element\":\"h2\",\"title_style\":\"h4\"},\"name\":\"Titel\"},{\"type\":\"headline\",\"props\":{\"content\":\"\n\n<h3 class=\\\"uk-h4\\\">Was Sie bei uns erwartet:<\/h3>\n\n\",\"image_align\":\"left\",\"image_margin\":\"xsmall\",\"title_element\":\"h3\",\"title_style\":\"h4\"},\"name\":\"Ihre Aufgaben\"},{\"type\":\"text\",\"props\":{\"column_breakpoint\":\"m\",\"content\":\"\n\n<ul>\\n\n\n<li>Sie \u00fcbernehmen die technische Kl\u00e4rung und Auslegung von Kundenanforderungen im Bereich elektrischer Maschinen<\/li>\n\n\\n\n\n<li>Sie begleiten technische Projekte \u00fcber alle relevanten Phasen hinweg und koordinieren die notwendigen internen Abstimmungen<\/li>\n\n\\n\n\n<li>Sie stimmen sich eng mit den beteiligten Fachbereichen ab, um technische Anforderungen sicherzustellen<\/li>\n\n\\n\n\n<li>Sie erstellen und pflegen technische Dokumentationen<\/li>\n\n\\n\n\n<li>Sie kommunizieren mit Kundinnen und Kunden zu technischen Fragestellungen, kl\u00e4ren Spezifikationen und unterst\u00fctzen bei technischen Herausforderungen<\/li>\n\n\\n\n\n<li>Sie wirken an der Weiterentwicklung technischer Prozesse und Abl\u00e4ufe mit<\/li>\n\n\\n\n\n<li>Sie erstellen eine Zusammenfassung aller Kosten (interne\/externe) zur Angebotskalkulation<\/li>\n\n\\n<\/ul>\n\n\",\"margin_bottom\":\"default\",\"margin_top\":\"default\"}},{\"type\":\"headline\",\"props\":{\"content\":\"Damit passen Sie zu uns:\",\"image_align\":\"left\",\"image_margin\":\"xsmall\",\"title_element\":\"h3\",\"title_style\":\"h4\"},\"name\":\"Ihr Profil\"},{\"type\":\"text\",\"props\":{\"column_breakpoint\":\"m\",\"content\":\"\n\n<ul>\\n\n\n<li>Sie verf\u00fcgen \u00fcber eine erfolgreich abgeschlossene technische Berufsausbildung vorzugsweise im elektrotechnischen Umfeld sowie eine einschl\u00e4gige technische Weiterbildung zum Meister (m\/w\/d) oder Techniker (m\/w\/d)<\/li>\n\n\\n\n\n<li>Sie bringen idealerweise Erfahrung im technischen Innendienst mit<\/li>\n\n\\n\n\n<li>Sie begeistern unsere Gesch\u00e4ftspartnerinnen und Gesch\u00e4ftspartner mit Ihrer freundlichen und l\u00f6sungsorientierten Art<\/li>\n\n\\n\n\n<li>Ihre Arbeitsweise ist gepr\u00e4gt durch einen engagierten und selbstst\u00e4ndigen Arbeitsstil mit hoher Kundenorientierung<\/li>\n\n\\n\n\n<li>Sie arbeiten gern im Team und agieren dabei mit Entscheidungsfreude und Durchsetzungsverm\u00f6gen<\/li>\n\n\\n\n\n<li>Sie sind routiniert im Umgang mit den g\u00e4ngigen MS Office-Produkten und beherrschen den sicheren Umgang mit ERP\/CRM-Systemen<\/li>\n\n\\n\n\n<li>Sehr gute Deutschkenntnisse und gute Englischkenntnisse runden Ihr Profil ab<\/li>\n\n\\n<\/ul>\n\n\",\"margin_bottom\":\"default\",\"margin_top\":\"default\"}},{\"type\":\"headline\",\"props\":{\"content\":\"\n\n<h3 class=\\\"uk-h4\\\">Darauf k\u00f6nnen Sie sich freuen:<\/h3>\n\n\",\"image_align\":\"left\",\"image_margin\":\"xsmall\",\"title_element\":\"h3\",\"title_style\":\"h4\"},\"name\":\"Wir bieten\"},{\"type\":\"text\",\"props\":{\"column_breakpoint\":\"m\",\"content\":\"\n\n<ul>\\n\n\n<li>Starker Zusammenhalt &amp; offene Feedback-Kultur<\/li>\n\n\\n\n\n<li>Eine zukunftssichere und vielseitige Branche<\/li>\n\n\\n\n\n<li>Unbefristeter Arbeitsvertrag und 30 Tage Urlaub<\/li>\n\n\\n\n\n<li>T\u00e4glich frisches Obst &amp; kostenloses Wasser<\/li>\n\n\\n\n\n<li>Ein angenehmes Betriebsklima<\/li>\n\n\\n\n\n<li>Regelm\u00e4\u00dfige Team-Events<\/li>\n\n\\n\n\n<li>Corporate Benefits &amp; Jobrad<\/li>\n\n\\n\n\n<li>Wertsch\u00e4tzendes Miteinander<\/li>\n\n\\n\n\n<li>Strukturierte Einarbeitung durch einen Paten (m\/w\/d)<\/li>\n\n\\n\n\n<li>Weiterbildungsm\u00f6glichkeiten<\/li>\n\n\\n<\/ul>\n\n\",\"margin_bottom\":\"default\",\"margin_top\":\"default\"}},{\"type\":\"text\",\"props\":{\"column_breakpoint\":\"m\",\"content\":\"\n\n<h4>Gehaltsbereich:\u00a0<\/h4>\n\n\\n\n\n<div>\\n\n\n<div><strong>48.100 \u20ac - 55.900 \u20ac<\/strong> (brutto\/Jahr)<\/div>\n\n\\n<\/div>\n\n\\n\n\n<p><strong><\/strong><\/p>\n\n\",\"margin_bottom\":\"default\",\"margin_top\":\"default\"},\"name\":\"Abschluss\"},{\"type\":\"text\",\"props\":{\"column_breakpoint\":\"m\",\"content\":\"\n\n<p><strong>Haben wir Ihr Interesse geweckt?<\/strong><\/p>\n\n\\n\n\n<p>Dann bewerben Sie sich mit Angabe Ihres fr\u00fchestm\u00f6glichen Eintrittstermins direkt \u00fcber unser Bewerberformular.<\/p>\n\n\\n\n\n<p><strong>AMServ S\u00fcd GmbH &amp; Co. KG<\/strong><br \/>Oskar-von-Miller-Stra\u00dfe 2<br \/>86356 Neus\u00e4\u00df<\/p>\n\n\\n\n\n<p><strong>AMServ West GmbH\u00a0&amp;\u00a0Co.\u00a0KG<\/strong><br \/><span>Gewerbepark Klinkenthal\u00a049<\/span><br \/><span>66578 Schiffweiler Heiligenwald<\/span><\/p>\n\n\\n\n\n<p><strong>\u00a0<\/strong><\/p>\n\n\\n\n\n<p><strong><\/strong><\/p>\n\n\",\"margin_bottom\":\"default\",\"margin_top\":\"default\"},\"name\":\"Abschluss\"},{\"type\":\"button\",\"props\":{\"grid_column_gap\":\"small\",\"grid_row_gap\":\"small\",\"margin_bottom\":\"default\",\"margin_top\":\"default\"},\"children\":[{\"type\":\"button_item\",\"props\":{\"button_style\":\"primary\",\"content\":\"Job-\u00dcbersicht\",\"dialog_layout\":\"modal\",\"dialog_offcanvas_flip\":true,\"icon\":\"arrow-left\",\"icon_align\":\"left\",\"link\":\"unternehmen\/karriere\/stellenangebote-fach-und-fuehrungskraefte\/#listings\"}}],\"name\":\"Zur\u00fcck\"},{\"type\":\"text\",\"props\":{\"column_breakpoint\":\"m\",\"content\":\"\n\n<p><a href=\\\"https:\/\/www.amserv.de\/datenschutz\/#Bewerberdaten\\\">Hinweis zum Umgang mit Bewerberdaten.<\/a><\/p>\n\n\",\"margin_bottom\":\"default\",\"margin_top\":\"default\"},\"name\":\"Anker Datenschutz\"}]},{\"type\":\"column\",\"props\":{\"image_position\":\"center-center\",\"position_sticky\":\"column\",\"position_sticky_breakpoint\":\"m\",\"position_sticky_offset\":\"80\",\"width_medium\":\"1-3\"},\"children\":[{\"type\":\"headline\",\"props\":{\"class\":\"uk-visible@m\",\"content\":\"Kontakt\",\"content_en_gb\":\"Contact\",\"content_fr_fr\":\"Contact\",\"image_align\":\"left\",\"image_margin\":\"xsmall\",\"title_element\":\"h4\"},\"name\":\"Sidebar Headline\"},{\"type\":\"image\",\"props\":{\"class\":\"uk-visible@m\",\"image\":\"wp-content\/uploads\/2024\/11\/amserv_patrick-beck.jpg\",\"image_svg_color\":\"emphasis\",\"margin_bottom\":\"default\",\"margin_top\":\"default\",\"maxwidth\":\"medium\"}},{\"type\":\"text\",\"props\":{\"class\":\"uk-visible@m\",\"column_breakpoint\":\"m\",\"content\":\"\n\n<p><strong>AMServ Gruppe<\/strong><br \/>Patrick Beck<br \/>Leiter Personal<\/p>\n\n\",\"content_en_gb\":\"\n\n<p><strong>AMServ Group<\/strong><br \/><span>Patrick Beck<\/span><br \/><span>HR Business Partner<\/span><\/p>\n\n\",\"content_fr_fr\":\"\n\n<p><strong>AMServ Groupe<\/strong><br \/><span>Patrick Beck<\/span><br \/>Partenaire commercial RH<\/p>\n\n\",\"margin_bottom\":\"small\",\"margin_top\":\"small\"},\"name\":\"Sidebar Text\"},{\"type\":\"list\",\"props\":{\"class\":\"sidebarContactList uk-visible@m\",\"column_breakpoint\":\"m\",\"image_align\":\"left\",\"image_svg_color\":\"emphasis\",\"image_svg_inline\":true,\"image_vertical_align\":false,\"image_width\":\"18\",\"list_element\":\"ul\",\"list_horizontal_separator\":\", \",\"list_type\":\"vertical\",\"show_image\":true,\"show_link\":true},\"children\":[{\"type\":\"list_item\",\"props\":{\"content\":\"\n\n<p><span>+49 162 5366252<\/span><\/p>\n\n\",\"icon\":\"\",\"image\":\"wp-content\/uploads\/2024\/03\/phone.svg\",\"link\":\"tel:+498000267378\"}}],\"name\":\"Liste-Kontakt\"},{\"type\":\"html\",\"props\":{\"class\":\"uk-margin-top\",\"content\":\"[awsm_application_form]\"},\"name\":\"Bewerbungsformular\"},{\"type\":\"headline\",\"props\":{\"class\":\"uk-hidden@m\",\"content\":\"Kontakt\",\"content_en_gb\":\"Contact\",\"content_fr_fr\":\"Contact\",\"image_align\":\"left\",\"image_margin\":\"xsmall\",\"title_element\":\"h4\"},\"name\":\"Sidebar Headline\"},{\"type\":\"image\",\"props\":{\"class\":\"uk-hidden@m\",\"image\":\"wp-content\/uploads\/2024\/11\/amserv_patrick-beck.jpg\",\"image_svg_color\":\"emphasis\",\"margin_bottom\":\"default\",\"margin_top\":\"default\",\"maxwidth\":\"medium\"}},{\"type\":\"text\",\"props\":{\"class\":\"uk-hidden@m\",\"column_breakpoint\":\"m\",\"content\":\"\n\n<p><strong>AMServ Gruppe<\/strong><br \/>Patrick Beck<br \/>HR Business Partner<\/p>\n\n\",\"content_en_gb\":\"\n\n<p><strong>AMServ Group<\/strong><br \/><span>Patrick Beck<\/span><br \/><span>HR Business Partner<\/span><\/p>\n\n\",\"content_fr_fr\":\"\n\n<p><strong>AMServ Groupe<\/strong><br \/><span>Patrick Beck<\/span><br \/>Partenaire commercial RH<\/p>\n\n\",\"margin_bottom\":\"small\",\"margin_top\":\"small\"},\"name\":\"Sidebar Text\"},{\"type\":\"list\",\"props\":{\"class\":\"sidebarContactList uk-hidden@m\",\"column_breakpoint\":\"m\",\"image_align\":\"left\",\"image_svg_color\":\"emphasis\",\"image_svg_inline\":true,\"image_vertical_align\":false,\"image_width\":\"18\",\"list_element\":\"ul\",\"list_horizontal_separator\":\", \",\"list_type\":\"vertical\",\"show_image\":true,\"show_link\":true},\"children\":[{\"type\":\"list_item\",\"props\":{\"content\":\"\n\n<p><span>+49 162 5366252<\/span><\/p>\n\n\",\"icon\":\"\",\"image\":\"wp-content\/uploads\/2024\/03\/phone.svg\",\"link\":\"tel:+498000267378\"}},{\"type\":\"list_item\",\"props\":{\"content\":\"\n\n<p><a href=\\\"mailto:bewerbung@amserv.de\\\" class=\\\"\\\">bewerbung@amserv.de<\/a><\/p>\n\n\",\"icon\":\"\",\"image\":\"wp-content\/uploads\/2024\/03\/envelope.svg\"}}],\"name\":\"Liste-Kontakt\"}]}]}],\"name\":\"Zweispaltig\"}],\"version\":\"5.0.24\"} --><\/p>\n","protected":false},"excerpt":{"rendered":"<p>Technischer Mitarbeiter (m\/w\/d) \/ f\u00fcr die technische Projektierung Die AMServ \u2013 Gruppe mit rund 145 Mitarbeitenden und vier Servicezentren innerhalb von Deutschland, hat sich auf Reparatur, Neulieferung und Wartung elektrischer rotierender Maschinen spezialisiert. Als kompetenter Ansprechpartner bieten wir umfassende L\u00f6sungen f\u00fcr den effektiven Betrieb, die Zustandserfassung und die fachgerechte Instandsetzung elektrischer Maschinen. Unser Team von [&#8230;]<\/p>\n<p><a class=\"el-content uk-button uk-button-primary uk-margin-remove-bottom excerpt\" href=\"https:\/\/www.amserv.de\/fr\/jobs\/technischer-mitarbeiter-m-w-d-fuer-die-technische-projektierung\/\">Continuer&#8230;<\/a><\/p>\n","protected":false},"author":4,"featured_media":0,"template":"","meta":[],"class_list":["post-3459","awsm_job_openings","type-awsm_job_openings","status-publish","hentry","job-location-neusaess","job-category-fertigung-produktion","job-type-fach-und-fuehrungskraefte","job-target-group-fach-und-fuehrungskraefte"],"_links":{"self":[{"href":"https:\/\/www.amserv.de\/fr\/wp-json\/wp\/v2\/awsm_job_openings\/3459","targetHints":{"allow":["GET"]}}],"collection":[{"href":"https:\/\/www.amserv.de\/fr\/wp-json\/wp\/v2\/awsm_job_openings"}],"about":[{"href":"https:\/\/www.amserv.de\/fr\/wp-json\/wp\/v2\/types\/awsm_job_openings"}],"author":[{"embeddable":true,"href":"https:\/\/www.amserv.de\/fr\/wp-json\/wp\/v2\/users\/4"}],"wp:attachment":[{"href":"https:\/\/www.amserv.de\/fr\/wp-json\/wp\/v2\/media?parent=3459"}],"curies":[{"name":"wp","href":"https:\/\/api.w.org\/{rel}","templated":true}]}}