{"id":3463,"date":"2026-03-04T15:53:12","date_gmt":"2026-03-04T14:53:12","guid":{"rendered":"https:\/\/www.amserv.de\/?post_type=awsm_job_openings&#038;p=3463"},"modified":"2026-04-02T11:45:40","modified_gmt":"2026-04-02T09:45:40","slug":"kaufmaennischer-sachbearbeiter-m-w-d-auftragsabwicklung","status":"publish","type":"awsm_job_openings","link":"https:\/\/www.amserv.de\/fr\/jobs\/kaufmaennischer-sachbearbeiter-m-w-d-auftragsabwicklung\/","title":{"rendered":"Kaufm\u00e4nnischer Sachbearbeiter (m\/w\/d) \/ Auftragsabwicklung"},"content":{"rendered":"<h1>Kaufm\u00e4nnischer Sachbearbeiter (m\/w\/d) \/ Auftragsabwicklung<\/h1>\n<div>\n<p>Die AMServ \u2013 Gruppe mit rund 145 Mitarbeitenden und vier Servicezentren innerhalb von Deutschland, hat sich auf Reparatur, Neulieferung und Wartung elektrischer rotierender Maschinen spezialisiert. Als kompetenter Ansprechpartner bieten wir umfassende L\u00f6sungen f\u00fcr den effektiven Betrieb, die Zustandserfassung und die fachgerechte Instandsetzung elektrischer Maschinen. Unser Team von Spezialist*innen f\u00fchrt gr\u00fcndliche Fehleranalysen durch und stellt sicher, dass die Komponenten optimal gewartet und instandgesetzt werden, um h\u00f6chste Effizienz und Zuverl\u00e4ssigkeit zu gew\u00e4hrleisten.<\/p>\n<\/div>\n<div>\n<p>F\u00fcr unser Team am Standort <strong>Hamburg und Neus\u00e4\u00df <\/strong>suchen wir zum n\u00e4chstm\u00f6glichen Zeitpunkt einen<\/p>\n<\/div>\n<h2>Kaufm\u00e4nnischer Sachbearbeiter (m\/w\/d) \/ Auftragsabwicklung<br \/>in Teilzeit (ab 20h\/Woche)- oder Vollzeit<\/h2>\n<h3>Was Sie bei uns erwartet:<\/h3>\n<div>\n<ul>\n<li>Sie erstellen und verfolgen Angebote in enger Zusammenarbeit mit dem Vertriebsau\u00dfendienst<\/li>\n<li>Sie erfassen, pflegen und bearbeiten Kundenauftr\u00e4ge und stellen eine reibungslose kaufm\u00e4nnische Abwicklung sicher<\/li>\n<li>Sie kommunizieren aktiv mit Kunden per Telefon und E\u2011Mail und bearbeiten dabei Anfragen, Servicef\u00e4lle und Reklamationen<\/li>\n<li>Sie pflegen Kunden-, Vertriebs- und Stammdaten und erstellen regelm\u00e4\u00dfige Auswertungen, \u00dcbersichten und Berichte<\/li>\n<li>Sie arbeiten eng mit internen Schnittstellen zusammen, um transparente Abl\u00e4ufe und effiziente Workflows sicherzustellen<\/li>\n<li>Sie wirken an der kontinuierlichen Optimierung kaufm\u00e4nnischer Prozesse mit und bringen Ihre Ideen zur Verbesserung von Abl\u00e4ufen ein<\/li>\n<\/ul>\n<\/div>\n<h3>Damit passen Sie zu uns:<\/h3>\n<div>\n<ul>\n<li>Sie verf\u00fcgen \u00fcber eine erfolgreich abgeschlossene kaufm\u00e4nnische Ausbildung oder eine vergleichbare Qualifikation mit deutlichem kaufm\u00e4nnischem Schwerpunkt<\/li>\n<li>Sie sind kaufm\u00e4nnisch sicher, arbeiten prozessorientiert und bringen idealerweise Erfahrung im Vertriebsinnendienst, Customer Service oder Auftragsmanagement mit<\/li>\n<li>Sie \u00fcberzeugen durch eine freundliche, verbindliche und l\u00f6sungsorientierte Kommunikation im Umgang mit Kund*innen und anderen Abteilungen<\/li>\n<li>Sie arbeiten strukturiert, selbstst\u00e4ndig und zuverl\u00e4ssig und behalten auch bei parallelen Aufgaben den \u00dcberblick<\/li>\n<li>Sie bringen Teamf\u00e4higkeit, Entscheidungsfreude und Verantwortungsbewusstsein mit<\/li>\n<li>Sie sind routiniert im Umgang mit MS Office und verf\u00fcgen \u00fcber Erfahrung mit ERP- und CRM-Systemen<\/li>\n<li>Sie besitzen sehr gute Deutschkenntnisse<\/li>\n<\/ul>\n<\/div>\n<h3>Darauf k\u00f6nnen Sie sich freuen:<\/h3>\n<div>\n<ul>\n<li>Starker Zusammenhalt &amp; offene Feedback-Kultur<\/li>\n<li>Eine zukunftssichere und vielseitige Branche<\/li>\n<li>Unbefristeter Arbeitsvertrag und 30 Tage Urlaub<\/li>\n<li>T\u00e4glich frisches Obst &amp; kostenloses Wasser<\/li>\n<li>Ein angenehmes Betriebsklima<\/li>\n<li>Regelm\u00e4\u00dfige Team-Events<\/li>\n<li>Corporate Benefits &amp; Jobrad<\/li>\n<li>Wertsch\u00e4tzendes Miteinander<\/li>\n<li>Strukturierte Einarbeitung durch einen Paten (m\/w\/d)<\/li>\n<li>Weiterbildungsm\u00f6glichkeiten<\/li>\n<\/ul>\n<\/div>\n<div>\n<h4>Gehaltsbereich:\u00a0<\/h4>\n<div>\n<div><strong>41.600 \u20ac \u2013 52.000 \u20ac<\/strong> (brutto\/Jahr)<\/div>\n<\/div>\n<\/div>\n<div>\n<p><strong>Haben wir Ihr Interesse geweckt?<\/strong><\/p>\n<p>Dann bewerben Sie sich mit Angabe Ihres fr\u00fchestm\u00f6glichen Eintrittstermins direkt\u00a0\u00fcber unser Bewerberformular.<\/p>\n<p><strong>AMServ Nord GmbH &amp; Co. KG<\/strong><br \/>Rondenbarg 11-13<br \/>22525 Hamburg<\/p>\n<p><strong>AMServ S\u00fcd GmbH &amp; Co. KG<\/strong><\/p>\n<p>Oskar-von-Miller-Stra\u00dfe 2<br \/>86356 Neus\u00e4\u00df<\/p>\n<\/div>\n<p><p>\n        <a href=\"\/unternehmen\/karriere\/stellenangebote-fach-und-fuehrungskraefte\/#listings\">Job-\u00dcbersicht<\/a>\n    <\/p>\n<\/p>\n<div>\n<p><a href=\"https:\/\/www.amserv.de\/datenschutz\/#Bewerberdaten\">Hinweis zum Umgang mit Bewerberdaten.<\/a><\/p>\n<\/div>\n<h4>Kontakt<\/h4>\n<p><img decoding=\"async\" src=\"\/wp-content\/uploads\/2024\/11\/amserv_patrick-beck.jpg\" alt=\"\"><\/p>\n<div>\n<p><strong>AMServ Gruppe<\/strong><br \/>Patrick Beck<br \/>Leiter Personal<\/p>\n<\/div>\n<div>\n<p>    <img decoding=\"async\" src=\"\/wp-content\/uploads\/2024\/03\/phone.svg\" alt=\"\"><\/p>\n<p><a href=\"tel:+498000267378\"><\/p>\n<p><span>+49 162 5366252<\/span><\/p>\n<p><\/a><\/p>\n<\/div>\n<div>\n\n<div class=\"awsm-job-form-inner\">\n\n\t\n\t<h2>\n\t\tDirekt Bewerben:\t<\/h2>\n\n\t\n\t<form id=\"awsm-application-form\" class=\"awsm-application-form\" name=\"applicationform\" method=\"post\" enctype=\"multipart\/form-data\">\n\n\t\t<div class=\"awsm-job-form-group awsm-job-form-text-group\"><label for=\"awsm_text_1\">Vorname <span class=\"awsm-job-form-error\">*<\/span><\/label><input type=\"text\" placeholder=\"\" name=\"awsm_text_1\" class=\"awsm-job-form-field awsm-job-form-control\" id=\"awsm_text_1\" required data-msg-required=\"Dieses Feld ist erforderlich.\" \/><\/div><div class=\"awsm-job-form-group awsm-job-form-text-group\"><label for=\"awsm-applicant-name\">Name <span class=\"awsm-job-form-error\">*<\/span><\/label><input type=\"text\" placeholder=\"\" name=\"awsm_applicant_name\" class=\"awsm-job-form-field awsm-job-form-control\" id=\"awsm-applicant-name\" required data-msg-required=\"Dieses Feld ist erforderlich.\" \/><\/div><div class=\"awsm-job-form-group awsm-job-form-email-group\"><label for=\"awsm-applicant-email\">E-Mail <span class=\"awsm-job-form-error\">*<\/span><\/label><input type=\"email\" placeholder=\"\" name=\"awsm_applicant_email\" class=\"awsm-job-form-field awsm-job-form-control\" id=\"awsm-applicant-email\" required data-msg-required=\"Dieses Feld ist erforderlich.\" data-rule-email=\"true\" data-msg-email=\"Bitte geben Sie eine g\u00fcltige E-Mail Adresse ein.\" \/><\/div><div class=\"awsm-job-form-group awsm-job-form-tel-group\"><label for=\"awsm-applicant-phone\">Telefon <span class=\"awsm-job-form-error\">*<\/span><\/label><input type=\"tel\" placeholder=\"\" name=\"awsm_applicant_phone\" class=\"awsm-job-form-field awsm-job-form-control\" id=\"awsm-applicant-phone\" required data-msg-required=\"Dieses Feld ist erforderlich.\" \/><\/div><div class=\"awsm-job-form-group awsm-job-form-textarea-group\"><label for=\"awsm-cover-letter\">Weitere Angaben <span class=\"awsm-job-form-error\">*<\/span><\/label><textarea placeholder=\"\" name=\"awsm_applicant_letter\" class=\"awsm-job-form-field awsm-job-form-control\" id=\"awsm-cover-letter\" required data-msg-required=\"Dieses Feld ist erforderlich.\" rows=\"5\" cols=\"50\"><\/textarea><\/div><div class=\"awsm-job-form-group awsm-job-form-file-group\"><label for=\"awsm_file_1\">Upload Lebenslauf, Zeugnisse etc.<\/label><input type=\"hidden\" name=\"awsm_file_1\" \/><div class=\"awsm-form-drag-and-drop-file-control\" data-required=\"0\" data-accept=\".pdf, .doc, .docx\" data-max-files=\"3\" data-file-size=\"33554432\"><div class=\"dz-message\"><span class=\"awsm-form-drag-and-drop-file-title\">Datei ablegen oder Button dr\u00fccken<\/span><span class=\"awsm-form-drag-and-drop-file-description\">Erlaubt sind bis zu 3 Dateien, 32 Mo pro Datei.<\/span><\/div><\/div><small>Erlaubte Dateitypen: .pdf, .doc, .docx<\/small><\/div><div class=\"awsm-job-form-group awsm-job-inline-group\"><input name=\"awsm_form_privacy_policy\" class=\"awsm-job-form-field\" id=\"awsm_form_privacy_policy\" value=\"yes\" type=\"checkbox\" data-msg-required=\"Dieses Feld ist erforderlich.\" aria-required=\"true\" required><label for=\"awsm_form_privacy_policy\">Mit der Nutzung dieses Formulars erkl\u00e4ren Sie sich mit der Speicherung und Verarbeitung Ihrer Daten durch diese Website einverstanden. <span class=\"awsm-job-form-error\">*<\/span><\/label><\/div>\n\t\t<input type=\"hidden\" name=\"awsm_job_id\" value=\"3463\">\n\t\t<input type=\"hidden\" name=\"action\" value=\"awsm_applicant_form_submission\">\n\t\t<div class=\"awsm-job-form-group\">\n\t\t\t\t\t<input type=\"submit\" name=\"form_sub\" id=\"awsm-application-submit-btn\" class=\"awsm-application-submit-btn\" value=\"Bewerben!\" data-response-text=\"\u00dcbertrage...\" \/>\n\t\t\t\t<\/div>\n\n\t<\/form>\n\n\t<div class=\"awsm-application-message\" style=\"display: none;\"><\/div>\n\n\t\n<\/div><!-- .awsm-job-form-inner -->\n<\/div>\n<h4>Kontakt<\/h4>\n<p><img decoding=\"async\" src=\"\/wp-content\/uploads\/2024\/11\/amserv_patrick-beck.jpg\" alt=\"\"><\/p>\n<div>\n<p><strong>AMServ Gruppe<\/strong><br \/>Patrick Beck<br \/>HR Business Partner<\/p>\n<\/div>\n<ul>\n<li>\n<p>        <img decoding=\"async\" src=\"\/wp-content\/uploads\/2024\/03\/phone.svg\" alt=\"\"><\/p>\n<p><a href=\"tel:+498000267378\"><\/p>\n<p><span>+49 162 5366252<\/span><\/p>\n<p><\/a><\/p>\n<\/li>\n<li>\n<p>        <img decoding=\"async\" src=\"\/wp-content\/uploads\/2024\/03\/envelope.svg\" alt=\"\"><\/p>\n<div>\n<p><a href=\"mailto:bewerbung@amserv.de\" class=\"\">bewerbung@amserv.de<\/a><\/p>\n<\/div>\n<\/li>\n<\/ul>\n<p><!--more--><br \/>\n<!-- {\"type\":\"layout\",\"children\":[{\"type\":\"section\",\"props\":{\"image_position\":\"center-center\",\"image_size\":\"cover\",\"padding_bottom\":\"xlarge\",\"padding_top\":\"xlarge\",\"style\":\"default\",\"title_breakpoint\":\"xl\",\"title_position\":\"top-left\",\"title_rotation\":\"left\",\"vertical_align\":\"\",\"width\":\"\"},\"children\":[{\"type\":\"row\",\"children\":[{\"type\":\"column\",\"props\":{\"image_position\":\"center-center\",\"position_sticky_breakpoint\":\"m\"}}]}],\"name\":\"Headerbild dynamisch\",\"source\":{\"query\":{\"name\":\"awsmJobOpeningss.singleAwsmJobOpenings\"},\"props\":{\"_condition\":{\"filters\":{\"condition\":\"!!\"},\"name\":\"featuredImage.url\"},\"image\":{\"filters\":{\"search\":\"\"},\"name\":\"featuredImage.url\"}}}},{\"type\":\"section\",\"props\":{\"image\":\"wp-content\/uploads\/2024\/11\/amserv_Stellenangebote_Fachkraefte.jpg\",\"image_position\":\"center-center\",\"image_size\":\"cover\",\"padding_bottom\":\"xlarge\",\"padding_top\":\"xlarge\",\"style\":\"default\",\"title_breakpoint\":\"xl\",\"title_position\":\"top-left\",\"title_rotation\":\"left\",\"vertical_align\":\"\",\"width\":\"\"},\"children\":[{\"type\":\"row\",\"children\":[{\"type\":\"column\",\"props\":{\"image_position\":\"center-center\",\"position_sticky_breakpoint\":\"m\"}}]}],\"name\":\"Headerbild Fallback\",\"source\":{\"query\":{\"name\":\"awsmJobOpeningss.singleAwsmJobOpenings\"},\"props\":{\"_condition\":{\"filters\":{\"condition\":\"!\"},\"name\":\"featuredImage.url\"}}}},{\"type\":\"section\",\"props\":{\"image_position\":\"center-center\",\"padding_bottom\":\"none\",\"padding_top\":\"none\",\"style\":\"muted\",\"title_breakpoint\":\"xl\",\"title_position\":\"top-left\",\"title_rotation\":\"left\",\"vertical_align\":\"\",\"width\":\"default\"},\"children\":[{\"type\":\"row\",\"children\":[{\"type\":\"column\",\"props\":{\"image_position\":\"center-center\",\"position_sticky_breakpoint\":\"m\"},\"children\":[{\"type\":\"breadcrumbs\",\"props\":{\"home_text\":\"Home\",\"show_current\":true,\"show_home\":true}}]}]}],\"name\":\"Breadcrumbs\"},{\"type\":\"section\",\"props\":{\"image_position\":\"center-center\",\"padding_bottom\":\"small\",\"padding_top\":\"small\",\"style\":\"default\",\"title_breakpoint\":\"xl\",\"title_position\":\"top-left\",\"title_rotation\":\"left\",\"vertical_align\":\"\",\"width\":\"default\"},\"children\":[{\"type\":\"row\",\"props\":{\"layout\":\"2-3,1-3\"},\"children\":[{\"type\":\"column\",\"props\":{\"image_position\":\"center-center\",\"position_sticky_breakpoint\":\"m\",\"width_medium\":\"2-3\"},\"children\":[{\"type\":\"headline\",\"props\":{\"content\":\"Kaufm\u00e4nnischer Sachbearbeiter (m\/w\/d) \/ Auftragsabwicklung\",\"image_align\":\"left\",\"image_margin\":\"xsmall\",\"title_element\":\"h1\"},\"name\":\"Stellenbezeichnung\"},{\"type\":\"text\",\"props\":{\"column_breakpoint\":\"m\",\"content\":\"\n\n<p>Die AMServ \u2013 Gruppe mit rund 145 Mitarbeitenden und vier Servicezentren innerhalb von Deutschland, hat sich auf Reparatur, Neulieferung und Wartung elektrischer rotierender Maschinen spezialisiert. Als kompetenter Ansprechpartner bieten wir umfassende L\u00f6sungen f\u00fcr den effektiven Betrieb, die Zustandserfassung und die fachgerechte Instandsetzung elektrischer Maschinen. Unser Team von Spezialist*innen f\u00fchrt gr\u00fcndliche Fehleranalysen durch und stellt sicher, dass die Komponenten optimal gewartet und instandgesetzt werden, um h\u00f6chste Effizienz und Zuverl\u00e4ssigkeit zu gew\u00e4hrleisten.<\/p>\n\n\",\"content_en_gb\":\"\n\n<p>If you have any general questions, please get in touch with the contact detailed opposite.<\/p>\n\n\",\"content_fr_fr\":\"\n\n<p>En cas de questions d'ordre g\u00e9n\u00e9ral, adressez-vous au contact indiqu\u00e9 ci-contre.<\/p>\n\n\",\"margin_bottom\":\"default\",\"margin_top\":\"default\"},\"name\":\"Intro\"},{\"type\":\"text\",\"props\":{\"column_breakpoint\":\"m\",\"content\":\"\n\n<p>F\u00fcr unser Team am Standort <strong>Hamburg und Neus\u00e4\u00df <\/strong>suchen wir zum n\u00e4chstm\u00f6glichen Zeitpunkt einen<\/p>\n\n\",\"margin_bottom\":\"default\",\"margin_top\":\"default\"},\"name\":\"Standort(e)\"},{\"type\":\"headline\",\"props\":{\"content\":\"Kaufm\u00e4nnischer Sachbearbeiter (m\/w\/d) \/ Auftragsabwicklung<br \/>in Teilzeit (ab 20h\/Woche)- oder Vollzeit\",\"image_align\":\"left\",\"image_margin\":\"xsmall\",\"title_element\":\"h2\",\"title_style\":\"h4\"},\"name\":\"Titel\"},{\"type\":\"headline\",\"props\":{\"content\":\"Was Sie bei uns erwartet:\",\"image_align\":\"left\",\"image_margin\":\"xsmall\",\"title_element\":\"h3\",\"title_style\":\"h4\"},\"name\":\"Ihre Aufgaben\"},{\"type\":\"text\",\"props\":{\"column_breakpoint\":\"m\",\"content\":\"\n\n<ul>\\n\n\n<li>Sie erstellen und verfolgen Angebote in enger Zusammenarbeit mit dem Vertriebsau\u00dfendienst<\/li>\n\n\\n\n\n<li>Sie erfassen, pflegen und bearbeiten Kundenauftr\u00e4ge und stellen eine reibungslose kaufm\u00e4nnische Abwicklung sicher<\/li>\n\n\\n\n\n<li>Sie kommunizieren aktiv mit Kunden per Telefon und E\u2011Mail und bearbeiten dabei Anfragen, Servicef\u00e4lle und Reklamationen<\/li>\n\n\\n\n\n<li>Sie pflegen Kunden-, Vertriebs- und Stammdaten und erstellen regelm\u00e4\u00dfige Auswertungen, \u00dcbersichten und Berichte<\/li>\n\n\\n\n\n<li>Sie arbeiten eng mit internen Schnittstellen zusammen, um transparente Abl\u00e4ufe und effiziente Workflows sicherzustellen<\/li>\n\n\\n\n\n<li>Sie wirken an der kontinuierlichen Optimierung kaufm\u00e4nnischer Prozesse mit und bringen Ihre Ideen zur Verbesserung von Abl\u00e4ufen ein<\/li>\n\n\\n<\/ul>\n\n\",\"margin_bottom\":\"default\",\"margin_top\":\"default\"}},{\"type\":\"headline\",\"props\":{\"content\":\"Damit passen Sie zu uns:\",\"image_align\":\"left\",\"image_margin\":\"xsmall\",\"title_element\":\"h3\",\"title_style\":\"h4\"},\"name\":\"Ihr Profil\"},{\"type\":\"text\",\"props\":{\"column_breakpoint\":\"m\",\"content\":\"\n\n<ul>\\n\n\n<li>Sie verf\u00fcgen \u00fcber eine erfolgreich abgeschlossene kaufm\u00e4nnische Ausbildung oder eine vergleichbare Qualifikation mit deutlichem kaufm\u00e4nnischem Schwerpunkt<\/li>\n\n\\n\n\n<li>Sie sind kaufm\u00e4nnisch sicher, arbeiten prozessorientiert und bringen idealerweise Erfahrung im Vertriebsinnendienst, Customer Service oder Auftragsmanagement mit<\/li>\n\n\\n\n\n<li>Sie \u00fcberzeugen durch eine freundliche, verbindliche und l\u00f6sungsorientierte Kommunikation im Umgang mit Kund*innen und anderen Abteilungen<\/li>\n\n\\n\n\n<li>Sie arbeiten strukturiert, selbstst\u00e4ndig und zuverl\u00e4ssig und behalten auch bei parallelen Aufgaben den \u00dcberblick<\/li>\n\n\\n\n\n<li>Sie bringen Teamf\u00e4higkeit, Entscheidungsfreude und Verantwortungsbewusstsein mit<\/li>\n\n\\n\n\n<li>Sie sind routiniert im Umgang mit MS Office und verf\u00fcgen \u00fcber Erfahrung mit ERP- und CRM-Systemen<\/li>\n\n\\n\n\n<li>Sie besitzen sehr gute Deutschkenntnisse<\/li>\n\n\\n<\/ul>\n\n\\n\n\n\n\n\",\"margin_bottom\":\"default\",\"margin_top\":\"default\"}},{\"type\":\"headline\",\"props\":{\"content\":\"Darauf k\u00f6nnen Sie sich freuen:\",\"image_align\":\"left\",\"image_margin\":\"xsmall\",\"title_element\":\"h3\",\"title_style\":\"h4\"},\"name\":\"Wir bieten\"},{\"type\":\"text\",\"props\":{\"column_breakpoint\":\"m\",\"content\":\"\n\n<ul>\\n\n\n<li>Starker Zusammenhalt &amp; offene Feedback-Kultur<\/li>\n\n\\n\n\n<li>Eine zukunftssichere und vielseitige Branche<\/li>\n\n\\n\n\n<li>Unbefristeter Arbeitsvertrag und 30 Tage Urlaub<\/li>\n\n\\n\n\n<li>T\u00e4glich frisches Obst &amp; kostenloses Wasser<\/li>\n\n\\n\n\n<li>Ein angenehmes Betriebsklima<\/li>\n\n\\n\n\n<li>Regelm\u00e4\u00dfige Team-Events<\/li>\n\n\\n\n\n<li>Corporate Benefits &amp; Jobrad<\/li>\n\n\\n\n\n<li>Wertsch\u00e4tzendes Miteinander<\/li>\n\n\\n\n\n<li>Strukturierte Einarbeitung durch einen Paten (m\/w\/d)<\/li>\n\n\\n\n\n<li>Weiterbildungsm\u00f6glichkeiten<\/li>\n\n\\n<\/ul>\n\n\",\"margin_bottom\":\"default\",\"margin_top\":\"default\"}},{\"type\":\"text\",\"props\":{\"column_breakpoint\":\"m\",\"content\":\"\n\n<h4>Gehaltsbereich:\u00a0<\/h4>\n\n\\n\n\n<div>\\n\n\n<div><strong>41.600 \u20ac \u2013 52.000 \u20ac<\/strong> (brutto\/Jahr)<\/div>\n\n\\n<\/div>\n\n\",\"margin_bottom\":\"default\",\"margin_top\":\"default\"},\"name\":\"Abschluss\"},{\"type\":\"text\",\"props\":{\"column_breakpoint\":\"m\",\"content\":\"\n\n<p><strong>Haben wir Ihr Interesse geweckt?<\/strong><\/p>\n\n\\n\n\n<p>Dann bewerben Sie sich mit Angabe Ihres fr\u00fchestm\u00f6glichen Eintrittstermins direkt\u00a0\u00fcber unser Bewerberformular.<\/p>\n\n\\n\n\n<p><strong>AMServ Nord GmbH &amp; Co. KG<\/strong><br \/>Rondenbarg 11-13<br \/>22525 Hamburg<\/p>\n\n\\n\n\n<p><strong>AMServ S\u00fcd GmbH &amp; Co. KG<\/strong><\/p>\n\n\\n\n\n<p>Oskar-von-Miller-Stra\u00dfe 2<br \/>86356 Neus\u00e4\u00df<\/p>\n\n\",\"margin_bottom\":\"default\",\"margin_top\":\"default\"},\"name\":\"Abschluss\"},{\"type\":\"button\",\"props\":{\"grid_column_gap\":\"small\",\"grid_row_gap\":\"small\",\"margin_bottom\":\"default\",\"margin_top\":\"default\"},\"children\":[{\"type\":\"button_item\",\"props\":{\"button_style\":\"primary\",\"content\":\"Job-\u00dcbersicht\",\"dialog_layout\":\"modal\",\"dialog_offcanvas_flip\":true,\"icon\":\"arrow-left\",\"icon_align\":\"left\",\"link\":\"unternehmen\/karriere\/stellenangebote-fach-und-fuehrungskraefte\/#listings\"}}],\"name\":\"Zur\u00fcck\"},{\"type\":\"text\",\"props\":{\"column_breakpoint\":\"m\",\"content\":\"\n\n<p><a href=\\\"https:\/\/www.amserv.de\/datenschutz\/#Bewerberdaten\\\">Hinweis zum Umgang mit Bewerberdaten.<\/a><\/p>\n\n\",\"margin_bottom\":\"default\",\"margin_top\":\"default\"},\"name\":\"Anker Datenschutz\"}]},{\"type\":\"column\",\"props\":{\"image_position\":\"center-center\",\"position_sticky\":\"column\",\"position_sticky_breakpoint\":\"m\",\"position_sticky_offset\":\"80\",\"width_medium\":\"1-3\"},\"children\":[{\"type\":\"headline\",\"props\":{\"class\":\"uk-visible@m\",\"content\":\"Kontakt\",\"content_en_gb\":\"Contact\",\"content_fr_fr\":\"Contact\",\"image_align\":\"left\",\"image_margin\":\"xsmall\",\"title_element\":\"h4\"},\"name\":\"Sidebar Headline\"},{\"type\":\"image\",\"props\":{\"class\":\"uk-visible@m\",\"image\":\"wp-content\/uploads\/2024\/11\/amserv_patrick-beck.jpg\",\"image_svg_color\":\"emphasis\",\"margin_bottom\":\"default\",\"margin_top\":\"default\",\"maxwidth\":\"medium\"}},{\"type\":\"text\",\"props\":{\"class\":\"uk-visible@m\",\"column_breakpoint\":\"m\",\"content\":\"\n\n<p><strong>AMServ Gruppe<\/strong><br \/>Patrick Beck<br \/>Leiter Personal<\/p>\n\n\",\"content_en_gb\":\"\n\n<p><strong>AMServ Group<\/strong><br \/><span>Patrick Beck<\/span><br \/><span>HR Business Partner<\/span><\/p>\n\n\",\"content_fr_fr\":\"\n\n<p><strong>AMServ Groupe<\/strong><br \/><span>Patrick Beck<\/span><br \/>Partenaire commercial RH<\/p>\n\n\",\"margin_bottom\":\"small\",\"margin_top\":\"small\"},\"name\":\"Sidebar Text\"},{\"type\":\"list\",\"props\":{\"class\":\"sidebarContactList uk-visible@m\",\"column_breakpoint\":\"m\",\"image_align\":\"left\",\"image_svg_color\":\"emphasis\",\"image_svg_inline\":true,\"image_vertical_align\":false,\"image_width\":\"18\",\"list_element\":\"ul\",\"list_horizontal_separator\":\", \",\"list_type\":\"vertical\",\"show_image\":true,\"show_link\":true},\"children\":[{\"type\":\"list_item\",\"props\":{\"content\":\"\n\n<p><span>+49 162 5366252<\/span><\/p>\n\n\",\"icon\":\"\",\"image\":\"wp-content\/uploads\/2024\/03\/phone.svg\",\"link\":\"tel:+498000267378\"}}],\"name\":\"Liste-Kontakt\"},{\"type\":\"html\",\"props\":{\"class\":\"uk-margin-top\",\"content\":\"[awsm_application_form]\"},\"name\":\"Bewerbungsformular\"},{\"type\":\"headline\",\"props\":{\"class\":\"uk-hidden@m\",\"content\":\"Kontakt\",\"content_en_gb\":\"Contact\",\"content_fr_fr\":\"Contact\",\"image_align\":\"left\",\"image_margin\":\"xsmall\",\"title_element\":\"h4\"},\"name\":\"Sidebar Headline\"},{\"type\":\"image\",\"props\":{\"class\":\"uk-hidden@m\",\"image\":\"wp-content\/uploads\/2024\/11\/amserv_patrick-beck.jpg\",\"image_svg_color\":\"emphasis\",\"margin_bottom\":\"default\",\"margin_top\":\"default\",\"maxwidth\":\"medium\"}},{\"type\":\"text\",\"props\":{\"class\":\"uk-hidden@m\",\"column_breakpoint\":\"m\",\"content\":\"\n\n<p><strong>AMServ Gruppe<\/strong><br \/>Patrick Beck<br \/>HR Business Partner<\/p>\n\n\",\"content_en_gb\":\"\n\n<p><strong>AMServ Group<\/strong><br \/><span>Patrick Beck<\/span><br \/><span>HR Business Partner<\/span><\/p>\n\n\",\"content_fr_fr\":\"\n\n<p><strong>AMServ Groupe<\/strong><br \/><span>Patrick Beck<\/span><br \/>Partenaire commercial RH<\/p>\n\n\",\"margin_bottom\":\"small\",\"margin_top\":\"small\"},\"name\":\"Sidebar Text\"},{\"type\":\"list\",\"props\":{\"class\":\"sidebarContactList uk-hidden@m\",\"column_breakpoint\":\"m\",\"image_align\":\"left\",\"image_svg_color\":\"emphasis\",\"image_svg_inline\":true,\"image_vertical_align\":false,\"image_width\":\"18\",\"list_element\":\"ul\",\"list_horizontal_separator\":\", \",\"list_type\":\"vertical\",\"show_image\":true,\"show_link\":true},\"children\":[{\"type\":\"list_item\",\"props\":{\"content\":\"\n\n<p><span>+49 162 5366252<\/span><\/p>\n\n\",\"icon\":\"\",\"image\":\"wp-content\/uploads\/2024\/03\/phone.svg\",\"link\":\"tel:+498000267378\"}},{\"type\":\"list_item\",\"props\":{\"content\":\"\n\n<p><a href=\\\"mailto:bewerbung@amserv.de\\\" class=\\\"\\\">bewerbung@amserv.de<\/a><\/p>\n\n\",\"icon\":\"\",\"image\":\"wp-content\/uploads\/2024\/03\/envelope.svg\"}}],\"name\":\"Liste-Kontakt\"}]}]}],\"name\":\"Zweispaltig\"}],\"version\":\"5.0.24\"} --><\/p>\n","protected":false},"excerpt":{"rendered":"<p>Kaufm\u00e4nnischer Sachbearbeiter (m\/w\/d) \/ Auftragsabwicklung Die AMServ \u2013 Gruppe mit rund 145 Mitarbeitenden und vier Servicezentren innerhalb von Deutschland, hat sich auf Reparatur, Neulieferung und Wartung elektrischer rotierender Maschinen spezialisiert. Als kompetenter Ansprechpartner bieten wir umfassende L\u00f6sungen f\u00fcr den effektiven Betrieb, die Zustandserfassung und die fachgerechte Instandsetzung elektrischer Maschinen. Unser Team von Spezialist*innen f\u00fchrt gr\u00fcndliche [&#8230;]<\/p>\n<p><a class=\"el-content uk-button uk-button-primary uk-margin-remove-bottom excerpt\" href=\"https:\/\/www.amserv.de\/fr\/jobs\/kaufmaennischer-sachbearbeiter-m-w-d-auftragsabwicklung\/\">Continuer&#8230;<\/a><\/p>\n","protected":false},"author":4,"featured_media":0,"template":"","meta":[],"class_list":["post-3463","awsm_job_openings","type-awsm_job_openings","status-publish","hentry","job-location-neusaess","job-category-auftragsabwicklung","job-type-fach-und-fuehrungskraefte","job-target-group-fach-und-fuehrungskraefte"],"_links":{"self":[{"href":"https:\/\/www.amserv.de\/fr\/wp-json\/wp\/v2\/awsm_job_openings\/3463","targetHints":{"allow":["GET"]}}],"collection":[{"href":"https:\/\/www.amserv.de\/fr\/wp-json\/wp\/v2\/awsm_job_openings"}],"about":[{"href":"https:\/\/www.amserv.de\/fr\/wp-json\/wp\/v2\/types\/awsm_job_openings"}],"author":[{"embeddable":true,"href":"https:\/\/www.amserv.de\/fr\/wp-json\/wp\/v2\/users\/4"}],"wp:attachment":[{"href":"https:\/\/www.amserv.de\/fr\/wp-json\/wp\/v2\/media?parent=3463"}],"curies":[{"name":"wp","href":"https:\/\/api.w.org\/{rel}","templated":true}]}}