{"id":3,"date":"2024-02-06T23:20:03","date_gmt":"2024-02-06T22:20:03","guid":{"rendered":"https:\/\/www.amserv.de\/?page_id=3"},"modified":"2026-04-14T15:57:35","modified_gmt":"2026-04-14T13:57:35","slug":"datenschutz","status":"publish","type":"page","link":"https:\/\/www.amserv.de\/fr\/protection-des-donnees\/","title":{"rendered":"Protection des donn\u00e9es"},"content":{"rendered":"<h1>Datenschutz<\/h1>\n<h4><strong>1. Datenschutz auf einen Blick<\/strong><\/h4>\n<div>\n<p><strong>Allgemeine Hinweise<\/strong><\/p>\n<p>Die folgenden Hinweise geben einen einfachen \u00dcberblick daru\u0308ber, was mit Ihren personenbezogenen Daten passiert, wenn Sie diese Website besuchen. Personenbezogene Daten sind alle Daten, mit denen Sie pers\u00f6nlich identifiziert werden k\u00f6nnen. Ausfu\u0308hrliche Informationen zum Thema Datenschutz entnehmen Sie unserer unter diesem Text aufgefu\u0308hrten Datenschutzerkl\u00e4rung.<\/p>\n<p><strong>Datenerfassung auf unserer Website<\/strong><\/p>\n<p><strong>Wer ist verantwortlich f\u00fcr die Datenerfassung auf dieser Website?<\/strong><\/p>\n<p>Die Datenverarbeitung auf dieser Website erfolgt durch den Websitebetreiber. Dessen Kontaktdaten k\u00f6nnen Sie dem Abschnitt \u201eHinweis zur Verantwortlichen Stelle\u201c in dieser Datenschutzerkl\u00e4rung entnehmen.<\/p>\n<p><strong>Wie erfassen wir Ihre Daten?<\/strong><\/p>\n<p><span>Ihre Daten werden zum einen dadurch erhoben, dass Sie uns diese mitteilen. Hierbei kann es sich z. B. um Daten handeln, die Sie in ein Kontaktformular eingeben.<\/span><\/p>\n<p><span>Andere Daten werden automatisch oder nach Ihrer Einwilligung beim Besuch der Website durch unsere ITSysteme erfasst. Das sind vor allem technische Daten (z. B. Internetbrowser, Betriebssystem oder Uhrzeit des Seitenaufrufs). Die Erfassung dieser Daten erfolgt automatisch, sobald Sie diese Website betreten.<\/span><\/p>\n<p><strong>Wof\u00fcr nutzen wir Ihre Daten?<\/strong><\/p>\n<p>Ein Teil der Daten wird erhoben, um eine fehlerfreie Bereitstellung der Website zu gew\u00e4hrleisten. Andere Daten k\u00f6nnen zur Analyse Ihres Nutzerverhaltens verwendet werden. Sofern u\u0308ber die Website Vertr\u00e4ge geschlossen oder angebahnt werden k\u00f6nnen, werden die u\u0308bermittelten Daten auch fu\u0308r Vertragsangebote, Bestellungen oder sonstige Auftragsanfragen verarbeitet.<\/p>\n<p><strong>Welche Rechte haben Sie bez\u00fcglich Ihrer Daten?<\/strong><\/p>\n<p>Sie haben jederzeit das Recht, unentgeltlich Auskunft u\u0308ber Herkunft, Empf\u00e4nger und Zweck Ihrer gespeicherten personenbezogenen Daten zu erhalten. Sie haben au\u00dferdem ein Recht, die Berichtigung oder L\u00f6schung dieser Daten zu verlangen. Wenn Sie eine Einwilligung zur Datenverarbeitung erteilt haben, k\u00f6nnen Sie diese Einwilligung jederzeit fu\u0308r die Zukunft widerrufen. Au\u00dferdem haben Sie das Recht, unter bestimmten Umst\u00e4nden die Einschr\u00e4nkung der Verarbeitung Ihrer personenbezogenen Daten zu verlangen. Des Weiteren steht Ihnen ein Beschwerderecht bei der zust\u00e4ndigen Aufsichtsbeh\u00f6rde zu.<\/p>\n<p>Hierzu sowie zu weiteren Fragen zum Thema Datenschutz k\u00f6nnen Sie sich jederzeit an uns wenden.<\/p>\n<p><strong>Analyse-Tools und Tools von Drittanbietern<\/strong><\/p>\n<p>Beim Besuch dieser Website kann Ihr Surf-Verhalten statistisch ausgewertet werden. Das geschieht vor allem mit sogenannten Analyseprogrammen.<\/p>\n<p>Detaillierte Informationen zu diesen Analyseprogrammen finden Sie in der folgenden Datenschutzerkl\u00e4rung.<\/p>\n<\/div>\n<h4><strong>2. Hosting und Content Delivery Networks (CDN)<\/strong><\/h4>\n<div>\n<p>Wir hosten die Inhalte unserer Website bei folgendem Anbieter:<\/p>\n<p><strong>IONOS<\/strong><\/p>\n<p>Anbieter ist die IONOS SE, Elgendorfer Str. 57, 56410 Montabaur (nachfolgend IONOS). Wenn Sie unsere Website besuchen, erfasst IONOS verschiedene Logfiles inklusive Ihrer IP-Adressen. Details entnehmen Sie der Datenschutzerkl\u00e4rung von IONOS:<br \/><a href=\"https:\/\/www.ionos.de\/terms-gtc\/terms-privacy.\" target=\"_blank\" rel=\"noopener\">https:\/\/www.ionos.de\/terms-gtc\/terms-privacy.<\/a><\/p>\n<p>Die Verwendung von IONOS erfolgt auf Grundlage von Art. 6 Abs. 1 lit. f DSGVO. Wir haben ein berechtigtes Interesse an einer m\u00f6glichst zuverl\u00e4ssigen Darstellung unserer Website. Sofern eine entsprechende Einwilligung abgefragt wurde, erfolgt die Verarbeitung ausschlie\u00dflich auf Grundlage von Art. 6 Abs. 1 lit. a DSGVO und \u00a7 25 Abs. 1 TDDDG, soweit die Einwilligung die Speicherung von Cookies oder den Zugriff auf Informationen im Endger\u00e4t des Nutzers (z. B. Device-Fingerprinting) im Sinne des TDDDG umfasst. Die Einwilligung ist jederzeit widerrufbar.<\/p>\n<p><strong>Auftragsverarbeitung<\/strong><\/p>\n<p>Wir haben einen Vertrag u\u0308ber Auftragsverarbeitung (AVV) zur Nutzung des oben genannten Dienstes geschlossen. Hierbei handelt es sich um einen datenschutzrechtlich vorgeschriebenen Vertrag, der gew\u00e4hrleistet, dass dieser die personenbezogenen Daten unserer Websitebesucher nur nach unseren Weisungen und unter Einhaltung der DSGVO verarbeitet.<\/p>\n<\/div>\n<h4><strong>3. Allgemeine Hinweise und Pflichtinformationen<\/strong><\/h4>\n<div>\n<p><strong>Datenschutz<\/strong><\/p>\n<p>Die Betreiber dieser Seiten nehmen den Schutz Ihrer pers\u00f6nlichen Daten sehr ernst. Wir behandeln Ihre personenbezogenen Daten vertraulich und entsprechend den gesetzlichen Datenschutzvorschriften sowie dieser Datenschutzerkl\u00e4rung.<\/p>\n<p>Wenn Sie diese Website benutzen, werden verschiedene personenbezogene Daten erhoben. Personenbezogene Daten sind Daten, mit denen Sie pers\u00f6nlich identifiziert werden k\u00f6nnen. Die vorliegende Datenschutzerkl\u00e4rung erl\u00e4utert, welche Daten wir erheben und wofu\u0308r wir sie nutzen. Sie erl\u00e4utert auch, wie und zu welchem Zweck das geschieht.<\/p>\n<p>Wir weisen darauf hin, dass die Datenu\u0308bertragung im Internet (z. B. bei der Kommunikation per E-Mail) Sicherheitslu\u0308cken aufweisen kann. Ein lu\u0308ckenloser Schutz der Daten vor dem Zugriff durch Dritte ist nicht m\u00f6glich.<\/p>\n<p><strong>Hinweis zur verantwortlichen Stelle<\/strong><\/p>\n<p>Die verantwortliche Stelle f\u00fcr die Datenverarbeitung auf dieser Website ist:<\/p>\n<p><strong>AMServ Verwaltungsgesellschaft GmbH<\/strong><br \/>Oskar-von-Miller-Str. 2<br \/>86356 Neus\u00e4\u00df<\/p>\n<p>Telefon: +49 (0) 8000 267378<br \/>E-Mail:\u00a0<a href=\"mailto:info@amserv.de\">info@amserv.de<\/a><\/p>\n<p>Verantwortliche Stelle ist die natu\u0308rliche oder juristische Person, die allein oder gemeinsam mit anderen u\u0308ber die Zwecke und Mittel der Verarbeitung von personenbezogenen Daten (z. B. Namen, E-Mail-Adressen o. \u00c4.) entscheidet.<\/p>\n<p><strong>Speicherdauer<\/strong><\/p>\n<p>Soweit innerhalb dieser Datenschutzerkl\u00e4rung keine speziellere Speicherdauer genannt wurde, verbleiben Ihre personenbezogenen Daten bei uns, bis der Zweck fu\u0308r die Datenverarbeitung entf\u00e4llt. Wenn Sie ein berechtigtes L\u00f6schersuchen geltend machen oder eine Einwilligung zur Datenverarbeitung widerrufen, werden Ihre Daten gel\u00f6scht, sofern wir keine anderen rechtlich zul\u00e4ssigen Gru\u0308nde fu\u0308r die Speicherung Ihrer personenbezogenen Daten haben (z. B. steuer- oder handelsrechtliche Aufbewahrungsfristen); im letztgenannten Fall erfolgt die L\u00f6schung nach Fortfall dieser Gru\u0308nde.<\/p>\n<p><strong>Allgemeine Hinweise zu den Rechtsgrundlagen der Datenverarbeitung auf dieser Website<\/strong><\/p>\n<p>Sofern Sie in die Datenverarbeitung eingewilligt haben, verarbeiten wir Ihre personenbezogenen Daten auf Grundlage von Art. 6 Abs. 1 lit. a DSGVO bzw. Art. 9 Abs. 2 lit. a DSGVO, sofern besondere Datenkategorien nach Art. 9 Abs. 1 DSGVO verarbeitet werden. Im Falle einer ausdru\u0308cklichen Einwilligung in die \u00dcbertragung personenbezogener Daten in Drittstaaten erfolgt die Datenverarbeitung au\u00dferdem auf Grundlage von Art. 49 Abs. 1 lit. a DSGVO. Sofern Sie in die Speicherung von Cookies oder in den Zugriff auf Informationen in Ihr Endger\u00e4t (z. B. via Device-Fingerprinting) eingewilligt haben, erfolgt die Datenverarbeitung zus\u00e4tzlich auf Grundlage von \u00a7 25 Abs. 1 TDDDG. Die Einwilligung ist jederzeit widerrufbar. Sind Ihre Daten zur Vertragserfu\u0308llung oder zur Durchfu\u0308hrung vorvertraglicher Ma\u00dfnahmen erforderlich, verarbeiten wir Ihre Daten auf Grundlage des Art. 6 Abs. 1 lit. b DSGVO. Des Weiteren verarbeiten wir Ihre Daten, sofern diese zur Erfu\u0308llung einer rechtlichen Verpflichtung erforderlich sind auf Grundlage von Art. 6 Abs. 1 lit. c DSGVO. Die Datenverarbeitung kann ferner auf Grundlage unseres berechtigten Interesses nach Art. 6 Abs. 1 lit. f DSGVO erfolgen. \u00dcber die jeweils im Einzelfall einschl\u00e4gigen Rechtsgrundlagen wird in den folgenden Abs\u00e4tzen dieser Datenschutzerkl\u00e4rung informiert.<\/p>\n<p><strong>Datenschutzbeauftragter<\/strong><\/p>\n<p>Wir haben f\u00fcr unser Unternehmen einen Datenschutzbeauftragten benannt.<\/p>\n<p>fly-tech IT GmbH<br \/>Winterbruckenweg 58<br \/>86316 Friedberg<br \/>E-Mail:<a href=\"mailto:datenschutz@amserv.de\" target=\"_blank\" rel=\"noopener\"> datenschutz@amserv.de<\/a><\/p>\n<p><strong>Empf\u00e4nger von personenbezogenen Daten<\/strong><\/p>\n<p>Im Rahmen unserer Gesch\u00e4ftst\u00e4tigkeit arbeiten wir mit verschiedenen externen Stellen zusammen. Dabei ist teilweise auch eine \u00dcbermittlung von personenbezogenen Daten an diese externen Stellen erforderlich. Wir geben personenbezogene Daten nur dann an externe Stellen weiter, wenn dies im Rahmen einer Vertragserfu\u0308llung erforderlich ist, wenn wir gesetzlich hierzu verpflichtet sind (z. B. Weitergabe von Daten an Steuerbeh\u00f6rden), wenn wir ein berechtigtes Interesse nach Art. 6 Abs. 1 lit. f DSGVO an der Weitergabe haben oder wenn eine sonstige Rechtsgrundlage die Datenweitergabe erlaubt. Beim Einsatz von Auftragsverarbeitern geben wir personenbezogene Daten unserer Kunden nur auf Grundlage eines gu\u0308ltigen Vertrags u\u0308ber Auftragsverarbeitung weiter. Im Falle einer gemeinsamen Verarbeitung wird ein Vertrag u\u0308ber gemeinsame Verarbeitung geschlossen.<\/p>\n<p><strong>Widerruf Ihrer Einwilligung zur Datenverarbeitung<\/strong><\/p>\n<p>Viele Datenverarbeitungsvorg\u00e4nge sind nur mit Ihrer ausdru\u0308cklichen Einwilligung m\u00f6glich. Sie k\u00f6nnen eine bereits erteilte Einwilligung jederzeit widerrufen. Die Rechtm\u00e4\u00dfigkeit der bis zum Widerruf erfolgten Datenverarbeitung bleibt vom Widerruf unberu\u0308hrt.<\/p>\n<p><strong>Widerspruchsrecht gegen die Datenerhebung in besonderen F\u00e4llen sowie gegen Direktwerbung (Art. 21 DSGVO)<\/strong><\/p>\n<p>WENN DIE DATENVERARBEITUNG AUF GRUNDLAGE VON ART. 6 ABS. 1 LIT. E ODER F DSGVO ERFOLGT, HABEN SIE JEDERZEIT DAS RECHT, AUS GR\u00dcNDEN, DIE SICH AUS IHRER BESONDEREN SITUATION ERGEBEN, GEGEN DIE VERARBEITUNG IHRER PERSONENBEZOGENEN DATEN WIDERSPRUCH EINZULEGEN; DIES GILT AUCH F\u00dcR EIN AUF DIESE BESTIMMUNGEN GEST\u00dcTZTES PROFILING. DIE JEWEILIGE RECHTSGRUNDLAGE, AUF DENEN EINE VERARBEITUNG BERUHT, ENTNEHMEN SIE DIESER DATENSCHUTZERKL\u00c4RUNG. WENN SIE WIDERSPRUCH EINLEGEN, 5 \/ 14 WERDEN WIR IHRE BETROFFENEN PERSONENBEZOGENEN DATEN NICHT MEHR VERARBEITEN, ES SEI DENN, WIR K\u00d6NNEN ZWINGENDE SCHUTZW\u00dcRDIGE GR\u00dcNDE F\u00dcR DIE VERARBEITUNG NACHWEISEN, DIE IHRE INTERESSEN, RECHTE UND FREIHEITEN \u00dcBERWIEGEN ODER DIE VERARBEITUNG DIENT DER GELTENDMACHUNG, AUS\u00dcBUNG ODER VERTEIDIGUNG VON RECHTSANSPR\u00dcCHEN (WIDERSPRUCH NACH ART. 21 ABS. 1 DSGVO).<\/p>\n<p>WERDEN IHRE PERSONENBEZOGENEN DATEN VERARBEITET, UM DIREKTWERBUNG ZU BETREIBEN, SO HABEN SIE DAS RECHT, JEDERZEIT WIDERSPRUCH GEGEN DIE VERARBEITUNG SIE BETREFFENDER PERSONENBEZOGENER DATEN ZUM ZWECKE DERARTIGER WERBUNG EINZULEGEN; DIES GILT AUCH F\u00dcR DAS PROFILING, SOWEIT ES MIT SOLCHER DIREKTWERBUNG IN VERBINDUNG STEHT. WENN SIE WIDERSPRECHEN, WERDEN IHRE PERSONENBEZOGENEN DATEN ANSCHLIESSEND NICHT MEHR ZUM ZWECKE DER DIREKTWERBUNG VERWENDET (WIDERSPRUCH NACH ART. 21 ABS. 2 DSGVO).<\/p>\n<p><strong>Beschwerderecht bei der zust\u00e4ndigen Aufsichtsbeh\u00f6rde<\/strong><\/p>\n<p>Im Falle von Verst\u00f6\u00dfen gegen die DSGVO steht den Betroffenen ein Beschwerderecht bei einer Aufsichtsbeh\u00f6rde, insbesondere in dem Mitgliedstaat ihres gew\u00f6hnlichen Aufenthalts, ihres Arbeitsplatzes oder des Orts des mutma\u00dflichen Versto\u00dfes zu. Das Beschwerderecht besteht unbeschadet anderweitiger verwaltungsrechtlicher oder gerichtlicher Rechtsbehelfe.<\/p>\n<p><strong>Recht auf Daten\u00fcbertragbarkeit<\/strong><\/p>\n<p>Sie haben das Recht, Daten, die wir auf Grundlage Ihrer Einwilligung oder in Erfu\u0308llung eines Vertrags automatisiert verarbeiten, an sich oder an einen Dritten in einem g\u00e4ngigen, maschinenlesbaren Format aush\u00e4ndigen zu lassen. Sofern Sie die direkte \u00dcbertragung der Daten an einen anderen Verantwortlichen verlangen, erfolgt dies nur, soweit es technisch machbar ist.<\/p>\n<p><strong>Auskunft, Berichtigung und L\u00f6schung<\/strong><\/p>\n<p>Sie haben im Rahmen der geltenden gesetzlichen Bestimmungen jederzeit das Recht auf unentgeltliche Auskunft u\u0308ber Ihre gespeicherten personenbezogenen Daten, deren Herkunft und Empf\u00e4nger und den Zweck der Datenverarbeitung und ggf. ein Recht auf Berichtigung oder L\u00f6schung dieser Daten. Hierzu sowie zu weiteren Fragen zum Thema personenbezogene Daten k\u00f6nnen Sie sich jederzeit an uns wenden.<\/p>\n<p><strong>Recht auf Einschr\u00e4nkung der Verarbeitung<\/strong><\/p>\n<p>Sie haben das Recht, die Einschr\u00e4nkung der Verarbeitung Ihrer personenbezogenen Daten zu verlangen. Hierzu k\u00f6nnen Sie sich jederzeit an uns wenden. Das Recht auf Einschr\u00e4nkung der Verarbeitung besteht in folgenden F\u00e4llen:<\/p>\n<ul>\n<li>Wenn Sie die Richtigkeit Ihrer bei uns gespeicherten personenbezogenen Daten bestreiten, ben\u00f6tigen wir in der Regel Zeit, um dies zu u\u0308berpru\u0308fen. Fu\u0308r die Dauer der Pru\u0308fung haben Sie das Recht, die Einschr\u00e4nkung der Verarbeitung Ihrer personenbezogenen Daten zu verlangen.<\/li>\n<li>Wenn die Verarbeitung Ihrer personenbezogenen Daten unrechtm\u00e4\u00dfig geschah\/geschieht, k\u00f6nnen Sie statt der L\u00f6schung die Einschr\u00e4nkung der Datenverarbeitung verlangen.<\/li>\n<li>Wenn wir Ihre personenbezogenen Daten nicht mehr ben\u00f6tigen, Sie sie jedoch zur Ausu\u0308bung, Verteidigung oder Geltendmachung von Rechtsanspru\u0308chen ben\u00f6tigen, haben Sie das Recht, statt der L\u00f6schung die Einschr\u00e4nkung der Verarbeitung Ihrer personenbezogenen Daten zu verlangen.<\/li>\n<li>Wenn Sie einen Widerspruch nach Art. 21 Abs. 1 DSGVO eingelegt haben, muss eine Abw\u00e4gung zwischen Ihren und unseren Interessen vorgenommen werden. Solange noch nicht feststeht, wessen Interessen u\u0308berwiegen, haben Sie das Recht, die Einschr\u00e4nkung der Verarbeitung Ihrer personenbezogenen Daten zu verlangen.<\/li>\n<\/ul>\n<p>Wenn Sie die Verarbeitung Ihrer personenbezogenen Daten eingeschr\u00e4nkt haben, du\u0308rfen diese Daten \u2013 von ihrer Speicherung abgesehen \u2013 nur mit Ihrer Einwilligung oder zur Geltendmachung, Ausu\u0308bung oder Verteidigung von Rechtsanspru\u0308chen oder zum Schutz der Rechte einer anderen natu\u0308rlichen oder juristischen Person oder aus Gru\u0308nden eines wichtigen \u00f6ffentlichen Interesses der Europ\u00e4ischen Union oder eines Mitgliedstaats verarbeitet werden.<\/p>\n<p><strong>SSL- bzw. TLS-Verschlu\u0308sselung<\/strong><\/p>\n<p>Diese Seite nutzt aus Sicherheitsgru\u0308nden und zum Schutz der \u00dcbertragung vertraulicher Inhalte, wie zum Beispiel Bestellungen oder Anfragen, die Sie an uns als Seitenbetreiber senden, eine SSL- bzw. TLSVerschlu\u0308sselung. Eine verschlu\u0308sselte Verbindung erkennen Sie daran, dass die Adresszeile des Browsers von \u201ehttp:\/\/\u201c auf \u201ehttps:\/\/\u201c wechselt und an dem Schloss-Symbol in Ihrer Browserzeile.<\/p>\n<p>Wenn die SSL- bzw. TLS-Verschlu\u0308sselung aktiviert ist, k\u00f6nnen die Daten, die Sie an uns u\u0308bermitteln, nicht von Dritten mitgelesen werden.<\/p>\n<p><strong>Widerspruch gegen Werbe-E-Mails<\/strong><\/p>\n<p>Der Nutzung von im Rahmen der Impressumspflicht ver\u00f6ffentlichten Kontaktdaten zur \u00dcbersendung von nicht ausdru\u0308cklich angeforderter Werbung und Informationsmaterialien wird hiermit widersprochen. Die Betreiber der Seiten behalten sich ausdru\u0308cklich rechtliche Schritte im Falle der unverlangten Zusendung von Werbeinformationen, etwa durch Spam-E-Mails, vor.<\/p>\n<\/div>\n<h4><strong>4. Datenerfassung auf dieser Website<\/strong><\/h4>\n<div>\n<p><strong>CCM19<\/strong><\/p>\n<p>Unsere Website nutzt CCM19, um Ihre Einwilligung zur Speicherung bestimmter Cookies auf Ihrem Endger\u00e4t oder zum Einsatz bestimmter Technologien einzuholen und diese datenschutzkonform zu dokumentieren. Anbieter dieser Technologie ist Papoo Software &amp; Media GmbH, Auguststr. 4, 53229 Bonn (im Folgenden \u201eCCM19\u201c).<\/p>\n<p>Wenn Sie unsere Website betreten, wird eine Verbindung zu den Servern von CCM19 hergestellt, um Ihre Einwilligungen und sonstigen Erkl\u00e4rungen zur Cookie-Nutzung einzuholen. Anschlie\u00dfend speichert CCM19 einen Cookie in Ihrem Browser, um Ihnen die erteilten Einwilligungen bzw. deren Widerruf zuordnen zu k\u00f6nnen. Die so erfassten Daten werden gespeichert, bis Sie uns zur L\u00f6schung auffordern, den CCM19-Cookie selbst l\u00f6schen oder der Zweck fu\u0308r die Datenspeicherung entf\u00e4llt. Zwingende gesetzliche Aufbewahrungspflichten bleiben unberu\u0308hrt.<\/p>\n<p>Der Einsatz von CCM19 erfolgt, um die gesetzlich vorgeschriebenen Einwilligungen fu\u0308r den Einsatz von Cookies einzuholen. Rechtsgrundlage hierfu\u0308r ist Art. 6 Abs. 1 S. 1 lit. c DSGVO.<\/p>\n<p><strong>Auftragsverarbeitung<\/strong><\/p>\n<p>Wir haben einen Vertrag u\u0308ber Auftragsverarbeitung (AVV) zur Nutzung des oben genannten Dienstes geschlossen. Hierbei handelt es sich um einen datenschutzrechtlich vorgeschriebenen Vertrag, der gew\u00e4hrleistet, dass dieser die personenbezogenen Daten unserer Websitebesucher nur nach unseren Weisungen und unter Einhaltung der DSGVO verarbeitet.<\/p>\n<p><strong>Kontaktformular<\/strong><\/p>\n<p>Wenn Sie uns per Kontaktformular Anfragen zukommen lassen, werden Ihre Angaben aus dem Anfrageformular inklusive der von Ihnen dort angegebenen Kontaktdaten zwecks Bearbeitung der Anfrage und fu\u0308r den Fall von Anschlussfragen bei uns gespeichert. Diese Daten geben wir nicht ohne Ihre 7 \/ 14 Einwilligung weiter.<\/p>\n<p>Die Verarbeitung dieser Daten erfolgt auf Grundlage von Art. 6 Abs. 1 lit. b DSGVO, sofern Ihre Anfrage mit der Erfu\u0308llung eines Vertrags zusammenh\u00e4ngt oder zur Durchfu\u0308hrung vorvertraglicher Ma\u00dfnahmen erforderlich ist. In allen u\u0308brigen F\u00e4llen beruht die Verarbeitung auf unserem berechtigten Interesse an der effektiven Bearbeitung der an uns gerichteten Anfragen (Art. 6 Abs. 1 lit. f DSGVO) oder auf Ihrer Einwilligung (Art. 6 Abs. 1 lit. a DSGVO) sofern diese abgefragt wurde; die Einwilligung ist jederzeit widerrufbar.<\/p>\n<p>Die von Ihnen im Kontaktformular eingegebenen Daten verbleiben bei uns, bis Sie uns zur L\u00f6schung auffordern, Ihre Einwilligung zur Speicherung widerrufen oder der Zweck fu\u0308r die Datenspeicherung entf\u00e4llt (z. B. nach abgeschlossener Bearbeitung Ihrer Anfrage). Zwingende gesetzliche Bestimmungen \u2013 insbesondere Aufbewahrungsfristen \u2013 bleiben unberu\u0308hrt.<\/p>\n<p><strong>Anfrage per E-Mail, Telefon oder Telefax<\/strong><\/p>\n<p>Wenn Sie uns per E-Mail, Telefon oder Telefax kontaktieren, wird Ihre Anfrage inklusive aller daraus hervorgehenden personenbezogenen Daten (Name, Anfrage) zum Zwecke der Bearbeitung Ihres Anliegens bei uns gespeichert und verarbeitet. Diese Daten geben wir nicht ohne Ihre Einwilligung weiter.<\/p>\n<p>Die Verarbeitung dieser Daten erfolgt auf Grundlage von Art. 6 Abs. 1 lit. b DSGVO, sofern Ihre Anfrage mit der Erfu\u0308llung eines Vertrags zusammenh\u00e4ngt oder zur Durchfu\u0308hrung vorvertraglicher Ma\u00dfnahmen erforderlich ist. In allen u\u0308brigen F\u00e4llen beruht die Verarbeitung auf unserem berechtigten Interesse an der effektiven Bearbeitung der an uns gerichteten Anfragen (Art. 6 Abs. 1 lit. f DSGVO) oder auf Ihrer Einwilligung (Art. 6 Abs. 1 lit. a DSGVO) sofern diese abgefragt wurde; die Einwilligung ist jederzeit widerrufbar.<\/p>\n<p>Die von Ihnen an uns per Kontaktanfragen u\u0308bersandten Daten verbleiben bei uns, bis Sie uns zur L\u00f6schung auffordern, Ihre Einwilligung zur Speicherung widerrufen oder der Zweck fu\u0308r die Datenspeicherung entf\u00e4llt (z. B. nach abgeschlossener Bearbeitung Ihres Anliegens). Zwingende gesetzliche Bestimmungen \u2013 insbesondere gesetzliche Aufbewahrungsfristen \u2013 bleiben unberu\u0308hrt.<\/p>\n<\/div>\n<h4><strong>5. Soziale Medien<\/strong><\/h4>\n<div>\n<p><strong>Facebook<\/strong><\/p>\n<p>Auf dieser Website sind Elemente des sozialen Netzwerks Facebook integriert. Anbieter dieses Dienstes ist die Meta Platforms Ireland Limited, Merrion Road, Dublin 4, D04 X2K5, Irland. Die erfassten Daten werden nach Aussage von Facebook jedoch auch in die USA und in andere Drittl\u00e4nder u\u0308bertragen.<\/p>\n<p>Eine \u00dcbersicht u\u0308ber die Facebook Social-Media-Elemente finden Sie hier:<br \/><a href=\"https:\/\/developers.facebook.com\/docs\/plugins\/?locale=de_DE.\" target=\"_blank\" rel=\"noopener\">https:\/\/developers.facebook.com\/docs\/plugins\/?locale=de_DE.<\/a><\/p>\n<p>Wenn das Social-Media-Element aktiv ist, wird eine direkte Verbindung zwischen Ihrem Endger\u00e4t und dem Facebook-Server hergestellt. Facebook erh\u00e4lt dadurch die Information, dass Sie mit Ihrer IP-Adresse diese Website besucht haben. Wenn Sie den Facebook \u201eLike-Button\u201c anklicken, w\u00e4hrend Sie in Ihrem Facebook- Account eingeloggt sind, k\u00f6nnen Sie die Inhalte dieser Website auf Ihrem Facebook-Profil verlinken. Dadurch kann Facebook den Besuch dieser Website Ihrem Benutzerkonto zuordnen. Wir weisen darauf hin, dass wir als Anbieter der Seiten keine Kenntnis vom Inhalt der u\u0308bermittelten Daten sowie deren Nutzung durch Facebook erhalten. Weitere Informationen hierzu finden Sie in der Datenschutzerkl\u00e4rung von Facebook unter:<br \/><a href=\"https:\/\/de-de.facebook.com\/privacy\/explanation\" target=\"_blank\" rel=\"noopener\">https:\/\/de-de.facebook.com\/privacy\/explanation<\/a>.<\/p>\n<p>Die Nutzung dieses Dienstes erfolgt auf Grundlage Ihrer Einwilligung nach Art. 6 Abs. 1 lit. a DSGVO und \u00a7 25 Abs. 1 TDDDG. Die Einwilligung ist jederzeit widerrufbar.<\/p>\n<p>Soweit mit Hilfe des hier beschriebenen Tools personenbezogene Daten auf unserer Website erfasst und an Facebook weitergeleitet werden, sind wir und die Meta Platforms Ireland Limited, 4 Grand Canal Square, Grand Canal Harbour, Dublin 2, Irland gemeinsam fu\u0308r diese Datenverarbeitung verantwortlich (Art. 26 DSGVO). Die gemeinsame Verantwortlichkeit beschr\u00e4nkt sich dabei ausschlie\u00dflich auf die Erfassung der Daten und deren Weitergabe an Facebook. Die nach der Weiterleitung erfolgende Verarbeitung durch Facebook ist nicht Teil der gemeinsamen Verantwortung. Die uns gemeinsam obliegenden Verpflichtungen wurden in einer Vereinbarung u\u0308ber gemeinsame Verarbeitung festgehalten. Den Wortlaut der Vereinbarung finden Sie unter:<br \/><a href=\"https:\/\/www.facebook.com\/legal\/controller_addendum\" target=\"_blank\" rel=\"noopener\">https:\/\/www.facebook.com\/legal\/controller_addendum<\/a>. Laut dieser Vereinbarung sind wir fu\u0308r die Erteilung der Datenschutzinformationen beim Einsatz des Facebook-Tools und fu\u0308r die datenschutzrechtlich sichere Implementierung des Tools auf unserer Website verantwortlich. Fu\u0308r die Datensicherheit der Facebook-Produkte ist Facebook verantwortlich. Betroffenenrechte (z. B. Auskunftsersuchen) hinsichtlich der bei Facebook verarbeiteten Daten k\u00f6nnen Sie direkt bei Facebook geltend machen. Wenn Sie die Betroffenenrechte bei uns geltend machen, sind wir verpflichtet, diese an Facebook weiterzuleiten.<\/p>\n<p>Die Datenu\u0308bertragung in die USA wird auf die Standardvertragsklauseln der EU-Kommission gestu\u0308tzt. Details finden Sie hier:<br \/><a href=\"https:\/\/www.facebook.com\/legal\/EU_data_transfer_addendum\" target=\"_blank\" rel=\"noopener\">https:\/\/www.facebook.com\/legal\/EU_data_transfer_addendum<\/a>,<br \/><a href=\"https:\/\/de-de.facebook.com\/help\/566994660333381\" target=\"_blank\" rel=\"noopener\">https:\/\/de-de.facebook.com\/help\/566994660333381<\/a> und<br \/><a href=\"https:\/\/www.facebook.com\/policy.php\" target=\"_blank\" rel=\"noopener\">https:\/\/www.facebook.com\/policy.php<\/a>.<\/p>\n<p>Das Unternehmen verfu\u0308gt u\u0308ber eine Zertifizierung nach dem \u201eEU-US Data Privacy Framework\u201c (DPF). Der DPF ist ein \u00dcbereinkommen zwischen der Europ\u00e4ischen Union und den USA, der die Einhaltung europ\u00e4ischer Datenschutzstandards bei Datenverarbeitungen in den USA gew\u00e4hrleisten soll. Jedes nach dem DPF zertifizierte Unternehmen verpflichtet sich, diese Datenschutzstandards einzuhalten. Weitere Informationen hierzu erhalten Sie vom Anbieter unter folgendem Link:<br \/><a href=\"https:\/\/www.dataprivacyframework.gov\/participant\/4452\" target=\"_blank\" rel=\"noopener\">https:\/\/www.dataprivacyframework.gov\/participant\/4452<\/a>.<\/p>\n<p><strong>Instagram<\/strong><\/p>\n<p>Auf dieser Website sind Funktionen des Dienstes Instagram eingebunden. Diese Funktionen werden angeboten durch die Meta Platforms Ireland Limited, Merrion Road, Dublin 4, D04 X2K5, Irland.<\/p>\n<p>Wenn das Social-Media-Element aktiv ist, wird eine direkte Verbindung zwischen Ihrem Endger\u00e4t und dem Instagram-Server hergestellt. Instagram erh\u00e4lt dadurch Informationen u\u0308ber den Besuch dieser Website durch Sie.<\/p>\n<p>Wenn Sie in Ihrem Instagram-Account eingeloggt sind, k\u00f6nnen Sie durch Anklicken des Instagram-Buttons die Inhalte dieser Website mit Ihrem Instagram-Profil verlinken. Dadurch kann Instagram den Besuch dieser Website Ihrem Benutzerkonto zuordnen. Wir weisen darauf hin, dass wir als Anbieter der Seiten keine Kenntnis vom Inhalt der u\u0308bermittelten Daten sowie deren Nutzung durch Instagram erhalten.<\/p>\n<p>Die Nutzung dieses Dienstes erfolgt auf Grundlage Ihrer Einwilligung nach Art. 6 Abs. 1 lit. a DSGVO und \u00a7 25 Abs. 1 TDDDG. Die Einwilligung ist jederzeit widerrufbar.<\/p>\n<p>Soweit mit Hilfe des hier beschriebenen Tools personenbezogene Daten auf unserer Website erfasst und an Facebook bzw. Instagram weitergeleitet werden, sind wir und die Meta Platforms Ireland Limited, 4 Grand Canal Square, Grand Canal Harbour, Dublin 2, Irland gemeinsam fu\u0308r diese Datenverarbeitung verantwortlich (Art. 26 DSGVO). Die gemeinsame Verantwortlichkeit beschr\u00e4nkt sich dabei ausschlie\u00dflich auf die Erfassung der Daten und deren Weitergabe an Facebook bzw. Instagram. Die nach der Weiterleitung erfolgende Verarbeitung durch Facebook bzw. Instagram ist nicht Teil der gemeinsamen Verantwortung. Die uns gemeinsam obliegenden Verpflichtungen wurden in einer Vereinbarung u\u0308ber gemeinsame Verarbeitung festgehalten. Den Wortlaut der Vereinbarung finden Sie unter:<br \/><a href=\"https:\/\/www.facebook.com\/legal\/controller_addendum\" target=\"_blank\" rel=\"noopener\">https:\/\/www.facebook.com\/legal\/controller_addendum<\/a>. Laut dieser Vereinbarung sind wir fu\u0308r die Erteilung der Datenschutzinformationen beim Einsatz des Facebook- bzw. Instagram-Tools und fu\u0308r die datenschutzrechtlich sichere Implementierung des Tools auf unserer Website verantwortlich. Fu\u0308r die Datensicherheit der Facebook bzw. Instagram-Produkte ist Facebook verantwortlich. Betroffenenrechte (z. B. Auskunftsersuchen) hinsichtlich der bei Facebook bzw. Instagram verarbeiteten Daten k\u00f6nnen Sie direkt bei Facebook geltend machen. Wenn Sie die Betroffenenrechte bei uns geltend machen, sind wir verpflichtet, diese an Facebook weiterzuleiten.<\/p>\n<p>Die Datenu\u0308bertragung in die USA wird auf die Standardvertragsklauseln der EU-Kommission gestu\u0308tzt. Details finden Sie hier:<br \/><a href=\"https:\/\/www.facebook.com\/legal\/EU_data_transfer_addendum\" target=\"_blank\" rel=\"noopener\">https:\/\/www.facebook.com\/legal\/EU_data_transfer_addendum<\/a>,<br \/><a href=\"https:\/\/privacycenter.instagram.com\/policy\/\" target=\"_blank\" rel=\"noopener\">https:\/\/privacycenter.instagram.com\/policy\/<\/a> und<br \/><a href=\"https:\/\/de-de.facebook.com\/help\/566994660333381\" target=\"_blank\" rel=\"noopener\">https:\/\/de-de.facebook.com\/help\/566994660333381<\/a>.<\/p>\n<p>Weitere Informationen hierzu finden Sie in der Datenschutzerkl\u00e4rung von Instagram:<br \/><a href=\"https:\/\/privacycenter.instagram.com\/policy\/\" target=\"_blank\" rel=\"noopener\">https:\/\/privacycenter.instagram.com\/policy\/<\/a>.<\/p>\n<p>Das Unternehmen verfu\u0308gt u\u0308ber eine Zertifizierung nach dem \u201eEU-US Data Privacy Framework\u201c (DPF). Der DPF ist ein \u00dcbereinkommen zwischen der Europ\u00e4ischen Union und den USA, der die Einhaltung europ\u00e4ischer Datenschutzstandards bei Datenverarbeitungen in den USA gew\u00e4hrleisten soll. Jedes nach dem DPF zertifizierte Unternehmen verpflichtet sich, diese Datenschutzstandards einzuhalten. Weitere Informationen hierzu erhalten Sie vom Anbieter unter folgendem Link:<br \/><a href=\"https:\/\/www.dataprivacyframework.gov\/participant\/4452\" target=\"_blank\" rel=\"noopener\">https:\/\/www.dataprivacyframework.gov\/participant\/4452<\/a>.<\/p>\n<p><strong>LinkedIn<\/strong><\/p>\n<p>Diese Website nutzt Elemente des Netzwerks LinkedIn. Anbieter ist die LinkedIn Ireland Unlimited Company, Wilton Plaza, Wilton Place, Dublin 2, Irland.<\/p>\n<p>Bei jedem Abruf einer Seite dieser Website, die Elemente von LinkedIn enth\u00e4lt, wird eine Verbindung zuServern von LinkedIn aufgebaut. LinkedIn wird daru\u0308ber informiert, dass Sie diese Website mit Ihrer IPAdresse besucht haben. Wenn Sie den \u201eRecommend-Button\u201c von LinkedIn anklicken und in Ihrem Account bei LinkedIn eingeloggt sind, ist es LinkedIn m\u00f6glich, Ihren Besuch auf dieser Website Ihnen und Ihrem Benutzerkonto zuzuordnen. Wir weisen darauf hin, dass wir als Anbieter der Seiten keine Kenntnis vom Inhalt der u\u0308bermittelten Daten sowie deren Nutzung durch LinkedIn haben.<\/p>\n<p>Die Nutzung dieses Dienstes erfolgt auf Grundlage Ihrer Einwilligung nach Art. 6 Abs. 1 lit. a DSGVO und \u00a7 25 Abs. 1 TDDDG. Die Einwilligung ist jederzeit widerrufbar.<\/p>\n<p>Die Datenu\u0308bertragung in die USA wird auf die Standardvertragsklauseln der EU-Kommission gestu\u0308tzt. Details finden Sie hier:<br \/><a href=\"https:\/\/www.linkedin.com\/help\/linkedin\/answer\/a1343190\/datenubertragung-aus-der-eu-dem-ewr-undder-schweiz?lang=de\" target=\"_blank\" rel=\"noopener\">https:\/\/www.linkedin.com\/help\/linkedin\/answer\/a1343190\/datenubertragung-aus-der-eu-dem-ewr-undder-schweiz?lang=de<\/a><\/p>\n<p>Weitere Informationen hierzu finden Sie in der Datenschutzerkl\u00e4rung von LinkedIn unter:<br \/><a href=\"https:\/\/www.linkedin.com\/legal\/privacy-policy\" target=\"_blank\" rel=\"noopener\">https:\/\/www.linkedin.com\/legal\/privacy-policy<\/a>.<\/p>\n<p>Das Unternehmen verfu\u0308gt u\u0308ber eine Zertifizierung nach dem \u201eEU-US Data Privacy Framework\u201c (DPF). Der DPF ist ein \u00dcbereinkommen zwischen der Europ\u00e4ischen Union und den USA, der die Einhaltung europ\u00e4ischer Datenschutzstandards bei Datenverarbeitungen in den USA gew\u00e4hrleisten soll. Jedes nach dem DPF zertifizierte Unternehmen verpflichtet sich, diese Datenschutzstandards einzuhalten. Weitere Informationen hierzu erhalten Sie vom Anbieter unter folgendem Link:<br \/><a href=\"https:\/\/www.dataprivacyframework.gov\/participant\/5448\" target=\"_blank\" rel=\"noopener\">https:\/\/www.dataprivacyframework.gov\/participant\/5448<\/a>.<\/p>\n<\/div>\n<h4><strong>6. Plugins und Tools<\/strong><\/h4>\n<div>\n<p><strong>YouTube mit erweitertem Datenschutz<\/strong><\/p>\n<p>Diese Website bindet Videos der Website YouTube ein. Betreiber der Website ist die Google Ireland Limited (\u201eGoogle\u201d), Gordon House, Barrow Street, Dublin 4, Irland.<\/p>\n<p>Wenn Sie eine dieser Website besuchen, auf denen YouTube eingebunden ist, wird eine Verbindung zu den Servern von YouTube hergestellt. Dabei wird dem YouTube-Server mitgeteilt, welche unserer Seiten Sie besucht haben. Wenn Sie in Ihrem YouTube-Account eingeloggt sind, erm\u00f6glichen Sie YouTube, Ihr Surfverhalten direkt Ihrem pers\u00f6nlichen Profil zuzuordnen. Dies k\u00f6nnen Sie verhindern, indem Sie sich aus Ihrem YouTube-Account ausloggen.<\/p>\n<p>Wir nutzen YouTube im erweiterten Datenschutzmodus. Videos, die im erweiterten Datenschutzmodus abgespielt werden, werden nach Aussage von YouTube nicht zur Personalisierung des Surfens auf YouTube eingesetzt. Anzeigen, die im erweiterten Datenschutzmodus ausgespielt werden, sind ebenfalls nicht personalisiert. Im erweiterten Datenschutzmodus werden keine Cookies gesetzt. Stattdessen werden jedoch sogenannte Local Storage Elemente im Browser des Users gespeichert, die \u00e4hnlich wie Cookies personenbezogene Daten beinhalten und zur Wiedererkennung eingesetzt werden k\u00f6nnen. Details zum erweiterten Datenschutzmodus finden Sie hier:<br \/><a href=\"https:\/\/support.google.com\/youtube\/answer\/171780\" target=\"_blank\" rel=\"noopener\">https:\/\/support.google.com\/youtube\/answer\/171780<\/a>.<\/p>\n<p>Gegebenenfalls k\u00f6nnen nach der Aktivierung eines YouTube-Videos weitere Datenverarbeitungsvorg\u00e4nge ausgel\u00f6st werden, auf die wir keinen Einfluss haben.<\/p>\n<p>Die Nutzung von YouTube erfolgt im Interesse einer ansprechenden Darstellung unserer Online-Angebote. Dies stellt ein berechtigtes Interesse im Sinne von Art. 6 Abs. 1 lit. f DSGVO dar. Sofern eine entsprechende Einwilligung abgefragt wurde, erfolgt die Verarbeitung ausschlie\u00dflich auf Grundlage von Art. 6 Abs. 1 lit. a DSGVO und \u00a7 25 Abs. 1 TDDDG, soweit die Einwilligung die Speicherung von Cookies oder den Zugriff auf Informationen im Endger\u00e4t des Nutzers (z. B. Device-Fingerprinting) im Sinne des TDDDG umfasst. Die Einwilligung ist jederzeit widerrufbar.<\/p>\n<p>Weitere Informationen u\u0308ber Datenschutz bei YouTube finden Sie in deren Datenschutzerkl\u00e4rung unter:<br \/><a href=\"https:\/\/policies.google.com\/privacy?hl=de\" target=\"_blank\" rel=\"noopener\">https:\/\/policies.google.com\/privacy?hl=de<\/a>.<\/p>\n<p>Das Unternehmen verfu\u0308gt u\u0308ber eine Zertifizierung nach dem \u201eEU-US Data Privacy Framework\u201c (DPF). Der DPF ist ein \u00dcbereinkommen zwischen der Europ\u00e4ischen Union und den USA, der die Einhaltung europ\u00e4ischer Datenschutzstandards bei Datenverarbeitungen in den USA gew\u00e4hrleisten soll. Jedes nach dem DPF zertifizierte Unternehmen verpflichtet sich, diese Datenschutzstandards einzuhalten. Weitere Informationen hierzu erhalten Sie vom Anbieter unter folgendem Link:<br \/><a href=\"https:\/\/www.dataprivacyframework.gov\/participant\/5780\" target=\"_blank\" rel=\"noopener\">https:\/\/www.dataprivacyframework.gov\/participant\/5780<\/a>.<\/p>\n<\/div>\n<h4><strong>7. eCommerce und Zahlungsanbieter<\/strong><\/h4>\n<div>\n<p><strong>Verarbeiten von Kunden- und Vertragsdaten<\/strong><\/p>\n<p>Wir erheben, verarbeiten und nutzen personenbezogene Kunden- und Vertragsdaten zur Begru\u0308ndung, inhaltlichen Ausgestaltung und \u00c4nderung unserer Vertragsbeziehungen. Personenbezogene Daten u\u0308ber die Inanspruchnahme dieser Website (Nutzungsdaten) erheben, verarbeiten und nutzen wir nur, soweit dies erforderlich ist, um dem Nutzer die Inanspruchnahme des Dienstes zu erm\u00f6glichen oder abzurechnen. Rechtsgrundlage hierfu\u0308r ist Art. 6 Abs. 1 lit. b DSGVO.<\/p>\n<p>Die erhobenen Kundendaten werden nach Abschluss des Auftrags oder Beendigung der Gesch\u00e4ftsbeziehung und Ablauf der ggf. bestehenden gesetzlichen Aufbewahrungsfristen gel\u00f6scht.<\/p>\n<p>Gesetzliche Aufbewahrungsfristen bleiben unberu\u0308hrt.<\/p>\n<\/div>\n<h4><strong>8. Eigene Dienste<\/strong><\/h4>\n<div>\n<p><strong>Umgang mit Bewerberdaten<\/strong><\/p>\n<p>Wir bieten Ihnen die M\u00f6glichkeit, sich bei uns zu bewerben (z. B. per E-Mail, postalisch oder via Online- Bewerberformular). Im Folgenden informieren wir Sie u\u0308ber Umfang, Zweck und Verwendung Ihrer im Rahmen des Bewerbungsprozesses erhobenen personenbezogenen Daten. Wir versichern, dass die Erhebung, Verarbeitung und Nutzung Ihrer Daten in \u00dcbereinstimmung mit geltendem Datenschutzrecht und allen weiteren gesetzlichen Bestimmungen erfolgt und Ihre Daten streng vertraulich behandelt werden.<\/p>\n<p><strong>Umfang und Zweck der Datenerhebung<\/strong><\/p>\n<p>Wenn Sie uns eine Bewerbung zukommen lassen, verarbeiten wir Ihre damit verbundenen<br \/>personenbezogenen Daten (z. B. Kontakt- und Kommunikationsdaten, Bewerbungsunterlagen, Notizen im Rahmen von Bewerbungsgespr\u00e4chen etc.), soweit dies zur Entscheidung u\u0308ber die Begru\u0308ndung eines Besch\u00e4ftigungsverh\u00e4ltnisses erforderlich ist. Rechtsgrundlage hierfu\u0308r ist \u00a7 26 BDSG nach deutschem Recht (Anbahnung eines Besch\u00e4ftigungsverh\u00e4ltnisses), Art. 6 Abs. 1 lit. b DSGVO (allgemeine Vertragsanbahnung) und \u2013 sofern Sie eine Einwilligung erteilt haben \u2013 Art. 6 Abs. 1 lit. a DSGVO. Die Einwilligung ist jederzeit widerrufbar. Ihre personenbezogenen Daten werden innerhalb unseres Unternehmens ausschlie\u00dflich an Personen weitergegeben, die an der Bearbeitung Ihrer Bewerbung beteiligt sind.<\/p>\n<p>Sofern die Bewerbung erfolgreich ist, werden die von Ihnen eingereichten Daten auf Grundlage von \u00a7 26 BDSG und Art. 6 Abs. 1 lit. b DSGVO zum Zwecke der Durchfu\u0308hrung des Besch\u00e4ftigungsverh\u00e4ltnisses in unseren Datenverarbeitungssystemen gespeichert.<\/p>\n<p><strong>Aufbewahrungsdauer der Daten<\/strong><\/p>\n<p>Sofern wir Ihnen kein Stellenangebot machen k\u00f6nnen, Sie ein Stellenangebot ablehnen oder Ihre Bewerbung zuru\u0308ckziehen, behalten wir uns das Recht vor, die von Ihnen u\u0308bermittelten Daten auf Grundlage unserer berechtigten Interessen (Art. 6 Abs. 1 lit. f DSGVO) bis zu 6 Monate ab der Beendigung des Bewerbungsverfahrens (Ablehnung oder Zuru\u0308ckziehung der Bewerbung) bei uns aufzubewahren. Anschlie\u00dfend werden die Daten gel\u00f6scht und die physischen Bewerbungsunterlagen vernichtet. Die Aufbewahrung dient insbesondere Nachweiszwecken im Falle eines Rechtsstreits. Sofern ersichtlich ist, dass die Daten nach Ablauf der 6-Monatsfrist erforderlich sein werden (z. B. aufgrund eines drohenden oder anh\u00e4ngigen Rechtsstreits), findet eine L\u00f6schung erst statt, wenn der Zweck fu\u0308r die weitergehende Aufbewahrung entf\u00e4llt.<\/p>\n<p>Eine l\u00e4ngere Aufbewahrung kann au\u00dferdem stattfinden, wenn Sie eine entsprechende Einwilligung (Art. 6 Abs. 1 lit. a DSGVO) erteilt haben oder wenn gesetzliche Aufbewahrungspflichten der L\u00f6schung entgegenstehen.<\/p>\n<p><strong>Aufnahme in den Bewerber-Pool<\/strong><\/p>\n<p>Sofern wir Ihnen kein Stellenangebot machen, besteht ggf. die M\u00f6glichkeit, Sie in unseren Bewerber-Pool aufzunehmen. Im Falle der Aufnahme werden alle Dokumente und Angaben aus der Bewerbung in den Bewerber-Pool u\u0308bernommen, um Sie im Falle von passenden Vakanzen zu kontaktieren.<\/p>\n<p>Die Aufnahme in den Bewerber-Pool geschieht ausschlie\u00dflich auf Grundlage Ihrer ausdru\u0308cklichen Einwilligung (Art. 6 Abs. 1 lit. a DSGVO). Die Abgabe der Einwilligung ist freiwillig und steht in keinem Bezug zum laufenden Bewerbungsverfahren. Der Betroffene kann seine Einwilligung jederzeit widerrufen. In diesem Falle werden die Daten aus dem Bewerber-Pool unwiderruflich gel\u00f6scht, sofern keine gesetzlichen Aufbewahrungsgru\u0308nde vorliegen.<\/p>\n<p>Die Daten aus dem Bewerber-Pool werden sp\u00e4testens zwei Jahre nach Erteilung der Einwilligung unwiderruflich gel\u00f6scht.<\/p>\n<\/div>\n<div>\n<p>Informationspflichten nach Art. 13 und 14 DSGVO<\/p>\n<\/div>\n<p><p>\n        <a href=\"\/wp-content\/uploads\/2024\/03\/Informationspflichten_AMServ_23.pdf\">Download PDF<\/a>\n    <\/p>\n<\/p>\n<h4>Kontakt<\/h4>\n<div>\n<p><strong>AMServ<\/strong><br \/>Service f\u00fcr rotierende<br \/>elektrische Maschinen<\/p>\n<\/div>\n<ul>\n<li>\n<p>        <img decoding=\"async\" src=\"\/wp-content\/uploads\/2024\/03\/phone.svg\" alt=\"\"><\/p>\n<div>\n<p><a href=\"tel:+498000267378\" class=\"google-event\" data-event-action=\"telefonnummer_geklickt\" data-event-category=\"Kontakt\" data-event-label=\"+498000267378\">+49 (0) 8000 267378<br \/>+49 (0) 8000 AMSERV<\/a><\/p>\n<\/div>\n<\/li>\n<li>\n<p>        <img decoding=\"async\" src=\"\/wp-content\/uploads\/2024\/03\/envelope.svg\" alt=\"\"><\/p>\n<div>\n<p><a href=\"mailto:info@amserv.de\" class=\"google-event\" data-event-action=\"mailadresse_geklickt\" data-event-category=\"Kontakt\" data-event-label=\"info@amserv.de\">info@amserv.de<\/a><\/p>\n<\/div>\n<\/li>\n<\/ul>\n<p><!--more--><br \/>\n<!-- {\"type\":\"layout\",\"children\":[{\"type\":\"section\",\"props\":{\"image_position\":\"center-center\",\"padding\":\"none\",\"style\":\"muted\",\"title_breakpoint\":\"xl\",\"title_position\":\"top-left\",\"title_rotation\":\"left\",\"vertical_align\":\"\",\"width\":\"default\"},\"children\":[{\"type\":\"row\",\"children\":[{\"type\":\"column\",\"props\":{\"image_position\":\"center-center\",\"position_sticky_breakpoint\":\"m\"},\"children\":[{\"type\":\"breadcrumbs\",\"props\":{\"home_text\":\"Home\",\"show_current\":true,\"show_home\":true}}]}]}],\"name\":\"Breadcrumbs\"},{\"type\":\"section\",\"props\":{\"image_position\":\"center-center\",\"padding\":\"small\",\"padding_remove_bottom\":false,\"style\":\"default\",\"title_breakpoint\":\"xl\",\"title_position\":\"top-left\",\"title_rotation\":\"left\",\"vertical_align\":\"\",\"width\":\"default\"},\"children\":[{\"type\":\"row\",\"props\":{\"layout\":\"2-3,1-3\"},\"children\":[{\"type\":\"column\",\"props\":{\"image_position\":\"center-center\",\"position_sticky_breakpoint\":\"m\",\"width_medium\":\"2-3\"},\"children\":[{\"type\":\"headline\",\"props\":{\"content\":\"Datenschutz\",\"content_en_gb\":\"Data protection\",\"content_fr_fr\":\"Protection des donn\\u00e9es\",\"title_element\":\"h1\"}},{\"type\":\"headline\",\"props\":{\"content\":\"<strong>1. Datenschutz auf einen Blick<\\\/strong>\",\"content_en_gb\":\"\n\n<h4><strong>1. Data protection at a glance<\\\/strong><\\\/h4>\",\"content_fr_fr\":\"\n\n<h4><strong>1. Vue d\\u2019ensemble de la protection des donn\\u00e9es<\\\/strong><\\\/h4>\",\"title_element\":\"h4\"},\"name\":\"1. Datenschutz auf einen Blick\"},{\"type\":\"text\",\"props\":{\"column_breakpoint\":\"m\",\"content\":\"\n\n<p><strong>Allgemeine Hinweise<\\\/strong><\\\/p>\\n\n\n<p>Die folgenden Hinweise geben einen einfachen \\u00dcberblick daru\\u0308ber, was mit Ihren personenbezogenen Daten passiert, wenn Sie diese Website besuchen. Personenbezogene Daten sind alle Daten, mit denen Sie pers\\u00f6nlich identifiziert werden k\\u00f6nnen. Ausfu\\u0308hrliche Informationen zum Thema Datenschutz entnehmen Sie unserer unter diesem Text aufgefu\\u0308hrten Datenschutzerkl\\u00e4rung.<\\\/p>\\n\n\n<p><strong>Datenerfassung auf unserer Website<\\\/strong><\\\/p>\\n\n\n<p><strong>Wer ist verantwortlich f\\u00fcr die Datenerfassung auf dieser Website?<\\\/strong><\\\/p>\\n\n\n<p>Die Datenverarbeitung auf dieser Website erfolgt durch den Websitebetreiber. Dessen Kontaktdaten k\\u00f6nnen Sie dem Abschnitt \\u201eHinweis zur Verantwortlichen Stelle\\u201c in dieser Datenschutzerkl\\u00e4rung entnehmen.<\\\/p>\\n\n\n<p><strong>Wie erfassen wir Ihre Daten?<\\\/strong><\\\/p>\\n\n\n<p><span>Ihre Daten werden zum einen dadurch erhoben, dass Sie uns diese mitteilen. Hierbei kann es sich z. B. um Daten handeln, die Sie in ein Kontaktformular eingeben.<\\\/span><\\\/p>\\n\n\n<p><span>Andere Daten werden automatisch oder nach Ihrer Einwilligung beim Besuch der Website durch unsere ITSysteme erfasst. Das sind vor allem technische Daten (z. B. Internetbrowser, Betriebssystem oder Uhrzeit des Seitenaufrufs). Die Erfassung dieser Daten erfolgt automatisch, sobald Sie diese Website betreten.<\\\/span><\\\/p>\\n\n\n<p><strong>Wof\\u00fcr nutzen wir Ihre Daten?<\\\/strong><\\\/p>\\n\n\n<p>Ein Teil der Daten wird erhoben, um eine fehlerfreie Bereitstellung der Website zu gew\\u00e4hrleisten. Andere Daten k\\u00f6nnen zur Analyse Ihres Nutzerverhaltens verwendet werden. Sofern u\\u0308ber die Website Vertr\\u00e4ge geschlossen oder angebahnt werden k\\u00f6nnen, werden die u\\u0308bermittelten Daten auch fu\\u0308r Vertragsangebote, Bestellungen oder sonstige Auftragsanfragen verarbeitet.<\\\/p>\\n\n\n<p><strong>Welche Rechte haben Sie bez\\u00fcglich Ihrer Daten?<\\\/strong><\\\/p>\\n\n\n<p>Sie haben jederzeit das Recht, unentgeltlich Auskunft u\\u0308ber Herkunft, Empf\\u00e4nger und Zweck Ihrer gespeicherten personenbezogenen Daten zu erhalten. Sie haben au\\u00dferdem ein Recht, die Berichtigung oder L\\u00f6schung dieser Daten zu verlangen. Wenn Sie eine Einwilligung zur Datenverarbeitung erteilt haben, k\\u00f6nnen Sie diese Einwilligung jederzeit fu\\u0308r die Zukunft widerrufen. Au\\u00dferdem haben Sie das Recht, unter bestimmten Umst\\u00e4nden die Einschr\\u00e4nkung der Verarbeitung Ihrer personenbezogenen Daten zu verlangen. Des Weiteren steht Ihnen ein Beschwerderecht bei der zust\\u00e4ndigen Aufsichtsbeh\\u00f6rde zu.<\\\/p>\\n\n\n<p>Hierzu sowie zu weiteren Fragen zum Thema Datenschutz k\\u00f6nnen Sie sich jederzeit an uns wenden.<\\\/p>\\n\n\n<p><strong>Analyse-Tools und Tools von Drittanbietern<\\\/strong><\\\/p>\\n\n\n<p>Beim Besuch dieser Website kann Ihr Surf-Verhalten statistisch ausgewertet werden. Das geschieht vor allem mit sogenannten Analyseprogrammen.<\\\/p>\\n\n\n<p>Detaillierte Informationen zu diesen Analyseprogrammen finden Sie in der folgenden Datenschutzerkl\\u00e4rung.<\\\/p>\",\"content_en_gb\":\"\n\n<p><strong>General information<\\\/strong><\\\/p>\\n\n\n<p>The following information will provide you with an easy to navigate overview of what will happen with your personal data when you visit this website. The term \\u201cpersonal data\\u201d comprises all data that can be used to personally identify you. For detailed information about the subject matter of data protection, please consult our Data Protection Declaration, which we have included beneath this copy.<\\\/p>\\n\n\n<p><strong>Data recording on this website<\\\/strong><\\\/p>\\n\n\n<p><strong>Who is the responsible party for the recording of data on this website (i.e. the \\u201ccontroller\\u201d)?<\\\/strong><\\\/p>\\n\n\n<p>The data on this website is processed by the operator of the website, whose contact information is available under section \\u201cInformation Required by Law\\u201d on this website.<\\\/p>\\n\n\n<p><strong>How do we record your data?<\\\/strong><\\\/p>\\n\n\n<p>We collect your data as a result of your sharing of your data with us. This may, for instance be information you enter into our contact form.<\\\/p>\\n\n\n<p>Other data shall be recorded by our IT systems automatically or after you consent to its recording during your website visit. This data comprises primarily technical information (e.g. web browser, operating system or time the site was accessed). This information is recorded automatically when you access this website.<\\\/p>\\n\n\n<p><strong>What are the purposes we use your data for?<\\\/strong><\\\/p>\\n\n\n<p>A portion of the information is generated to guarantee the error free provision of the website. Other data may be used to analyze your user patterns.<\\\/p>\\n\n\n<p><strong>What rights do you have as far as your information is concerned?<\\\/strong><\\\/p>\\n\n\n<p>You have the right to receive information about the source, recipients and purposes of your archived personal data at any time without having to pay a fee for such disclosures. You also have the right to demand that your data are rectified or eradicated. If you have consented to data processing, you have the option to revoke this consent at any time, which shall affect all future data processing. Moreover, you have the right to demand that the processing of your data be restricted under certain circumstances. Furthermore, you have the right to log a complaint with the competent supervising agency.<\\\/p>\\n\n\n<p>Please do not hesitate to contact us at any time under the address disclosed in section \\u201cInformation Required by Law\\u201d on this website if you have questions about this or any other data protection related issues.<\\\/p>\\n\n\n<p><strong>Analysis tools and tools provided by third parties<\\\/strong><\\\/p>\\n\n\n<p>There is a possibility that your browsing patterns will be statistically analyzed when your visit this website. Such analyses are performed primarily with what we refer to as analysis programs.<\\\/p>\\n\n\n<p>For detailed information about these analysis programs please consult our Data Protection Declaration below.<\\\/p>\",\"content_fr_fr\":\"\n\n<p><strong>Informations g\\u00e9n\\u00e9rales<\\\/strong><\\\/p>\\n\n\n<p>Les informations suivantes vous donnent un aper\\u00e7u simple de ce qui se passe avec vos donn\\u00e9es \\u00e0 caract\\u00e8re personnel lorsque vous visitez ce site web. Les donn\\u00e9es \\u00e0 caract\\u00e8re personnel sont toutes les donn\\u00e9es qui permettent de vous identifier personnellement. Vous trouverez des informations d\\u00e9taill\\u00e9es sur le th\\u00e8me de la protection des donn\\u00e9es dans notre d\\u00e9claration de protection des donn\\u00e9es qui figure sous ce texte.<\\\/p>\\n\n\n<p><strong>Saisie de donn\\u00e9es sur notre site web<\\\/strong><\\\/p>\\n\n\n<p><strong>Qui est responsable de la saisie des donn\\u00e9es sur ce site web\\u00a0?<\\\/strong><\\\/p>\\n\n\n<p>Le traitement des donn\\u00e9es sur ce site web est effectu\\u00e9 par l\\u2019exploitant du site. Ses donn\\u00e9es de contact sont indiqu\\u00e9es dans les mentions l\\u00e9gales de ce site web.<\\\/p>\\n\n\n<p><strong>Comment vos donn\\u00e9es sont-elles collect\\u00e9es\\u00a0?<\\\/strong><\\\/p>\\n\n\n<p>Vos donn\\u00e9es sont collect\\u00e9es d\\u2019une part par le fait que vous nous les avez communiqu\\u00e9es. Il peut par ex. s\\u2019agir de donn\\u00e9es que vous renseignez dans le formulaire de contact.<\\\/p>\\n\n\n<p>D\\u2019autres donn\\u00e9es sont automatiquement recueillies par nos syst\\u00e8mes IT ou alors avec votre consentement lorsque vous visitez notre site.\\u00a0 Il s\\u2019agit avant tout de donn\\u00e9es techniques (par ex. navigateur Internet, syst\\u00e8me d\\u2019exploitation ou heure de l\\u2019appel d\\u2019une page). La saisie de ces donn\\u00e9es se fait automatiquement d\\u00e8s que vous p\\u00e9n\\u00e9trez sur ce site web.<\\\/p>\\n\n\n<p><strong>\\u00c0 quelles fins utilisons-nous vos donn\\u00e9es\\u00a0?<\\\/strong><\\\/p>\\n\n\n<p>Une partie des donn\\u00e9es est recueillie pour garantir la mise \\u00e0 disposition correcte du site web. D\\u2019autres donn\\u00e9es peuvent servir \\u00e0 analyser votre comportement d\\u2019utilisateur.<\\\/p>\\n\n\n<p><strong>De quels droits en rapport avec vos donn\\u00e9es disposez-vous\\u00a0? <\\\/strong><\\\/p>\\n\n\n<p>Vous avez le droit, \\u00e0 tout moment, d\\u2019obtenir gratuitement des renseignements sur l\\u2019origine, le destinataire et la finalit\\u00e9 de vos donn\\u00e9es \\u00e0 caract\\u00e8re personnel enregistr\\u00e9es. Vous avez par ailleurs le droit d\\u2019exiger la correction ou la suppression de ces donn\\u00e9es. Si vous avez consenti au traitement de vos donn\\u00e9es, vous pouvez \\u00e0 tout moment r\\u00e9silier ce consentement pour l\\u2019avenir. Par ailleurs, vous avez le droit, dans certaines circonstances, d\\u2019exiger des restrictions de traitement de vos donn\\u00e9es \\u00e0 caract\\u00e8re personnel. En outre, vous disposez d\\u2019un droit de plainte aupr\\u00e8s des autorit\\u00e9s de contr\\u00f4le comp\\u00e9tentes.<\\\/p>\\n\n\n<p>En cas de questions \\u00e0 ce sujet ou sur le th\\u00e8me de la protection des donn\\u00e9es, vous pouvez nous contacter \\u00e0 tout moment \\u00e0 l\\u2019adresse indiqu\\u00e9e dans les mentions l\\u00e9gales.<\\\/p>\\n\n\n<p><strong>Instruments d\\u2019analyse et instruments de fournisseurs tiers<\\\/strong><\\\/p>\\n\n\n<p>Votre comportement de navigation peut \\u00eatre \\u00e9valu\\u00e9 sur le plan statistique lorsque vous visitez ce site web. Ceci se fait principalement avec les programmes dits d\\u2019analyse.<\\\/p>\\n\n\n<p>La d\\u00e9claration de protection des donn\\u00e9es ci-apr\\u00e8s vous apporte des informations d\\u00e9taill\\u00e9es sur ces programmes d\\u2019analyse.<\\\/p>\",\"margin\":\"small\"}},{\"type\":\"headline\",\"props\":{\"content\":\"<strong>2. Hosting und Content Delivery Networks (CDN)<\\\/strong>\",\"content_fr_fr\":\"\n\n<h4><strong>2. Hosting et Content Delivery Networks (CDN)<\\\/strong><\\\/h4>\",\"title_element\":\"h4\"},\"name\":\"2. Hosting und CDN\"},{\"type\":\"text\",\"props\":{\"column_breakpoint\":\"m\",\"content\":\"\n\n<p>Wir hosten die Inhalte unserer Website bei folgendem Anbieter:<\\\/p>\\n\n\n<p><strong>IONOS<\\\/strong><\\\/p>\\n\n\n<p>Anbieter ist die IONOS SE, Elgendorfer Str. 57, 56410 Montabaur (nachfolgend IONOS). Wenn Sie unsere Website besuchen, erfasst IONOS verschiedene Logfiles inklusive Ihrer IP-Adressen. Details entnehmen Sie der Datenschutzerkl\\u00e4rung von IONOS:<br \\\/><a href=\\\"https:\\\/\\\/www.ionos.de\\\/terms-gtc\\\/terms-privacy.\\\" target=\\\"_blank\\\" rel=\\\"noopener\\\">https:\\\/\\\/www.ionos.de\\\/terms-gtc\\\/terms-privacy.<\\\/a><\\\/p>\\n\n\n<p>Die Verwendung von IONOS erfolgt auf Grundlage von Art. 6 Abs. 1 lit. f DSGVO. Wir haben ein berechtigtes Interesse an einer m\\u00f6glichst zuverl\\u00e4ssigen Darstellung unserer Website. Sofern eine entsprechende Einwilligung abgefragt wurde, erfolgt die Verarbeitung ausschlie\\u00dflich auf Grundlage von Art. 6 Abs. 1 lit. a DSGVO und \\u00a7 25 Abs. 1 TDDDG, soweit die Einwilligung die Speicherung von Cookies oder den Zugriff auf Informationen im Endger\\u00e4t des Nutzers (z. B. Device-Fingerprinting) im Sinne des TDDDG umfasst. Die Einwilligung ist jederzeit widerrufbar.<\\\/p>\\n\n\n<p><strong>Auftragsverarbeitung<\\\/strong><\\\/p>\\n\n\n<p>Wir haben einen Vertrag u\\u0308ber Auftragsverarbeitung (AVV) zur Nutzung des oben genannten Dienstes geschlossen. Hierbei handelt es sich um einen datenschutzrechtlich vorgeschriebenen Vertrag, der gew\\u00e4hrleistet, dass dieser die personenbezogenen Daten unserer Websitebesucher nur nach unseren Weisungen und unter Einhaltung der DSGVO verarbeitet.<\\\/p>\",\"content_en_gb\":\"\n\n<p><strong>External Hosting<\\\/strong><\\\/p>\\n\n\n<p>This website is hosted by an external service provider (host). Personal data collected on this website are stored on the servers of the host. These may include, but are not limited to, IP addresses, contact requests, metadata and communications, contract information, contact information, names, web page access, and other data generated through a web site.<\\\/p>\\n\n\n<p>The host is used for the purpose of fulfilling the contract with our potential and existing customers (Art. 6 para. 1 lit. b GDPR) and in the interest of secure, fast and efficient provision of our online services by a professional provider (Art. 6 para. 1 lit. f GDPR).<\\\/p>\\n\n\n<p>1&amp;1 IONOS SE\\u2028<br \\\/>Elgendorfer Str. 57\\u2028<br \\\/>D-56410 Montabaur<\\\/p>\\n\n\n<p>Our host will only process your data to the extent necessary to fulfil its performance obligations and to follow our instructions with respect to such data.<\\\/p>\\n\n\n<p><strong>Execution of a contract data processing agreement<\\\/strong><\\\/p>\\n\n\n<p>In order to guarantee processing in compliance with data protection regulations, we have concluded an order processing contract with our host.<\\\/p>\",\"margin\":\"small\"}},{\"type\":\"headline\",\"props\":{\"content\":\"<strong>3. Allgemeine Hinweise und Pflichtinformationen<\\\/strong>\",\"content_en_gb\":\"\n\n<h4><strong>3. General information and mandatory information<\\\/strong><\\\/h4>\",\"content_fr_fr\":\"\n\n<h4><strong>3. Informations g\\u00e9n\\u00e9rales et informations obligatoires<\\\/strong><\\\/h4>\",\"title_element\":\"h4\"},\"name\":\"3. Allgemeine Hinweise\"},{\"type\":\"text\",\"props\":{\"column_breakpoint\":\"m\",\"content\":\"\n\n<p><strong>Datenschutz<\\\/strong><\\\/p>\\n\n\n<p>Die Betreiber dieser Seiten nehmen den Schutz Ihrer pers\\u00f6nlichen Daten sehr ernst. Wir behandeln Ihre personenbezogenen Daten vertraulich und entsprechend den gesetzlichen Datenschutzvorschriften sowie dieser Datenschutzerkl\\u00e4rung.<\\\/p>\\n\n\n<p>Wenn Sie diese Website benutzen, werden verschiedene personenbezogene Daten erhoben. Personenbezogene Daten sind Daten, mit denen Sie pers\\u00f6nlich identifiziert werden k\\u00f6nnen. Die vorliegende Datenschutzerkl\\u00e4rung erl\\u00e4utert, welche Daten wir erheben und wofu\\u0308r wir sie nutzen. Sie erl\\u00e4utert auch, wie und zu welchem Zweck das geschieht.<\\\/p>\\n\n\n<p>Wir weisen darauf hin, dass die Datenu\\u0308bertragung im Internet (z. B. bei der Kommunikation per E-Mail) Sicherheitslu\\u0308cken aufweisen kann. Ein lu\\u0308ckenloser Schutz der Daten vor dem Zugriff durch Dritte ist nicht m\\u00f6glich.<\\\/p>\\n\n\n<p><strong>Hinweis zur verantwortlichen Stelle<\\\/strong><\\\/p>\\n\n\n<p>Die verantwortliche Stelle f\\u00fcr die Datenverarbeitung auf dieser Website ist:<\\\/p>\\n\n\n<p><strong>AMServ Verwaltungsgesellschaft GmbH<\\\/strong><br \\\/>Oskar-von-Miller-Str. 2<br \\\/>86356 Neus\\u00e4\\u00df<\\\/p>\\n\n\n<p>Telefon: +49 (0) 8000 267378<br \\\/>E-Mail:\\u00a0<a href=\\\"mailto:info@amserv.de\\\">info@amserv.de<\\\/a><\\\/p>\\n\n\n<p>Verantwortliche Stelle ist die natu\\u0308rliche oder juristische Person, die allein oder gemeinsam mit anderen u\\u0308ber die Zwecke und Mittel der Verarbeitung von personenbezogenen Daten (z. B. Namen, E-Mail-Adressen o. \\u00c4.) entscheidet.<\\\/p>\\n\n\n<p><strong>Speicherdauer<\\\/strong><\\\/p>\\n\n\n<p>Soweit innerhalb dieser Datenschutzerkl\\u00e4rung keine speziellere Speicherdauer genannt wurde, verbleiben Ihre personenbezogenen Daten bei uns, bis der Zweck fu\\u0308r die Datenverarbeitung entf\\u00e4llt. Wenn Sie ein berechtigtes L\\u00f6schersuchen geltend machen oder eine Einwilligung zur Datenverarbeitung widerrufen, werden Ihre Daten gel\\u00f6scht, sofern wir keine anderen rechtlich zul\\u00e4ssigen Gru\\u0308nde fu\\u0308r die Speicherung Ihrer personenbezogenen Daten haben (z. B. steuer- oder handelsrechtliche Aufbewahrungsfristen); im letztgenannten Fall erfolgt die L\\u00f6schung nach Fortfall dieser Gru\\u0308nde.<\\\/p>\\n\n\n<p><strong>Allgemeine Hinweise zu den Rechtsgrundlagen der Datenverarbeitung auf dieser Website<\\\/strong><\\\/p>\\n\n\n<p>Sofern Sie in die Datenverarbeitung eingewilligt haben, verarbeiten wir Ihre personenbezogenen Daten auf Grundlage von Art. 6 Abs. 1 lit. a DSGVO bzw. Art. 9 Abs. 2 lit. a DSGVO, sofern besondere Datenkategorien nach Art. 9 Abs. 1 DSGVO verarbeitet werden. Im Falle einer ausdru\\u0308cklichen Einwilligung in die \\u00dcbertragung personenbezogener Daten in Drittstaaten erfolgt die Datenverarbeitung au\\u00dferdem auf Grundlage von Art. 49 Abs. 1 lit. a DSGVO. Sofern Sie in die Speicherung von Cookies oder in den Zugriff auf Informationen in Ihr Endger\\u00e4t (z. B. via Device-Fingerprinting) eingewilligt haben, erfolgt die Datenverarbeitung zus\\u00e4tzlich auf Grundlage von \\u00a7 25 Abs. 1 TDDDG. Die Einwilligung ist jederzeit widerrufbar. Sind Ihre Daten zur Vertragserfu\\u0308llung oder zur Durchfu\\u0308hrung vorvertraglicher Ma\\u00dfnahmen erforderlich, verarbeiten wir Ihre Daten auf Grundlage des Art. 6 Abs. 1 lit. b DSGVO. Des Weiteren verarbeiten wir Ihre Daten, sofern diese zur Erfu\\u0308llung einer rechtlichen Verpflichtung erforderlich sind auf Grundlage von Art. 6 Abs. 1 lit. c DSGVO. Die Datenverarbeitung kann ferner auf Grundlage unseres berechtigten Interesses nach Art. 6 Abs. 1 lit. f DSGVO erfolgen. \\u00dcber die jeweils im Einzelfall einschl\\u00e4gigen Rechtsgrundlagen wird in den folgenden Abs\\u00e4tzen dieser Datenschutzerkl\\u00e4rung informiert.<\\\/p>\\n\n\n<p><strong>Datenschutzbeauftragter<\\\/strong><\\\/p>\\n\n\n<p>Wir haben f\\u00fcr unser Unternehmen einen Datenschutzbeauftragten benannt.<\\\/p>\\n\n\n<p>fly-tech IT GmbH<br \\\/>Winterbruckenweg 58<br \\\/>86316 Friedberg<br \\\/>E-Mail:<a href=\\\"mailto:datenschutz@amserv.de\\\" target=\\\"_blank\\\" rel=\\\"noopener\\\"> datenschutz@amserv.de<\\\/a><\\\/p>\\n\n\n<p><strong>Empf\\u00e4nger von personenbezogenen Daten<\\\/strong><\\\/p>\\n\n\n<p>Im Rahmen unserer Gesch\\u00e4ftst\\u00e4tigkeit arbeiten wir mit verschiedenen externen Stellen zusammen. Dabei ist teilweise auch eine \\u00dcbermittlung von personenbezogenen Daten an diese externen Stellen erforderlich. Wir geben personenbezogene Daten nur dann an externe Stellen weiter, wenn dies im Rahmen einer Vertragserfu\\u0308llung erforderlich ist, wenn wir gesetzlich hierzu verpflichtet sind (z. B. Weitergabe von Daten an Steuerbeh\\u00f6rden), wenn wir ein berechtigtes Interesse nach Art. 6 Abs. 1 lit. f DSGVO an der Weitergabe haben oder wenn eine sonstige Rechtsgrundlage die Datenweitergabe erlaubt. Beim Einsatz von Auftragsverarbeitern geben wir personenbezogene Daten unserer Kunden nur auf Grundlage eines gu\\u0308ltigen Vertrags u\\u0308ber Auftragsverarbeitung weiter. Im Falle einer gemeinsamen Verarbeitung wird ein Vertrag u\\u0308ber gemeinsame Verarbeitung geschlossen.<\\\/p>\\n\n\n<p><strong>Widerruf Ihrer Einwilligung zur Datenverarbeitung<\\\/strong><\\\/p>\\n\n\n<p>Viele Datenverarbeitungsvorg\\u00e4nge sind nur mit Ihrer ausdru\\u0308cklichen Einwilligung m\\u00f6glich. Sie k\\u00f6nnen eine bereits erteilte Einwilligung jederzeit widerrufen. Die Rechtm\\u00e4\\u00dfigkeit der bis zum Widerruf erfolgten Datenverarbeitung bleibt vom Widerruf unberu\\u0308hrt.<\\\/p>\\n\n\n<p><strong>Widerspruchsrecht gegen die Datenerhebung in besonderen F\\u00e4llen sowie gegen Direktwerbung (Art. 21 DSGVO)<\\\/strong><\\\/p>\\n\n\n<p>WENN DIE DATENVERARBEITUNG AUF GRUNDLAGE VON ART. 6 ABS. 1 LIT. E ODER F DSGVO ERFOLGT, HABEN SIE JEDERZEIT DAS RECHT, AUS GR\\u00dcNDEN, DIE SICH AUS IHRER BESONDEREN SITUATION ERGEBEN, GEGEN DIE VERARBEITUNG IHRER PERSONENBEZOGENEN DATEN WIDERSPRUCH EINZULEGEN; DIES GILT AUCH F\\u00dcR EIN AUF DIESE BESTIMMUNGEN GEST\\u00dcTZTES PROFILING. DIE JEWEILIGE RECHTSGRUNDLAGE, AUF DENEN EINE VERARBEITUNG BERUHT, ENTNEHMEN SIE DIESER DATENSCHUTZERKL\\u00c4RUNG. WENN SIE WIDERSPRUCH EINLEGEN, 5 \\\/ 14 WERDEN WIR IHRE BETROFFENEN PERSONENBEZOGENEN DATEN NICHT MEHR VERARBEITEN, ES SEI DENN, WIR K\\u00d6NNEN ZWINGENDE SCHUTZW\\u00dcRDIGE GR\\u00dcNDE F\\u00dcR DIE VERARBEITUNG NACHWEISEN, DIE IHRE INTERESSEN, RECHTE UND FREIHEITEN \\u00dcBERWIEGEN ODER DIE VERARBEITUNG DIENT DER GELTENDMACHUNG, AUS\\u00dcBUNG ODER VERTEIDIGUNG VON RECHTSANSPR\\u00dcCHEN (WIDERSPRUCH NACH ART. 21 ABS. 1 DSGVO).<\\\/p>\\n\n\n<p>WERDEN IHRE PERSONENBEZOGENEN DATEN VERARBEITET, UM DIREKTWERBUNG ZU BETREIBEN, SO HABEN SIE DAS RECHT, JEDERZEIT WIDERSPRUCH GEGEN DIE VERARBEITUNG SIE BETREFFENDER PERSONENBEZOGENER DATEN ZUM ZWECKE DERARTIGER WERBUNG EINZULEGEN; DIES GILT AUCH F\\u00dcR DAS PROFILING, SOWEIT ES MIT SOLCHER DIREKTWERBUNG IN VERBINDUNG STEHT. WENN SIE WIDERSPRECHEN, WERDEN IHRE PERSONENBEZOGENEN DATEN ANSCHLIESSEND NICHT MEHR ZUM ZWECKE DER DIREKTWERBUNG VERWENDET (WIDERSPRUCH NACH ART. 21 ABS. 2 DSGVO).<\\\/p>\\n\n\n<p><strong>Beschwerderecht bei der zust\\u00e4ndigen Aufsichtsbeh\\u00f6rde<\\\/strong><\\\/p>\\n\n\n<p>Im Falle von Verst\\u00f6\\u00dfen gegen die DSGVO steht den Betroffenen ein Beschwerderecht bei einer Aufsichtsbeh\\u00f6rde, insbesondere in dem Mitgliedstaat ihres gew\\u00f6hnlichen Aufenthalts, ihres Arbeitsplatzes oder des Orts des mutma\\u00dflichen Versto\\u00dfes zu. Das Beschwerderecht besteht unbeschadet anderweitiger verwaltungsrechtlicher oder gerichtlicher Rechtsbehelfe.<\\\/p>\\n\n\n<p><strong>Recht auf Daten\\u00fcbertragbarkeit<\\\/strong><\\\/p>\\n\n\n<p>Sie haben das Recht, Daten, die wir auf Grundlage Ihrer Einwilligung oder in Erfu\\u0308llung eines Vertrags automatisiert verarbeiten, an sich oder an einen Dritten in einem g\\u00e4ngigen, maschinenlesbaren Format aush\\u00e4ndigen zu lassen. Sofern Sie die direkte \\u00dcbertragung der Daten an einen anderen Verantwortlichen verlangen, erfolgt dies nur, soweit es technisch machbar ist.<\\\/p>\\n\n\n<p><strong>Auskunft, Berichtigung und L\\u00f6schung<\\\/strong><\\\/p>\\n\n\n<p>Sie haben im Rahmen der geltenden gesetzlichen Bestimmungen jederzeit das Recht auf unentgeltliche Auskunft u\\u0308ber Ihre gespeicherten personenbezogenen Daten, deren Herkunft und Empf\\u00e4nger und den Zweck der Datenverarbeitung und ggf. ein Recht auf Berichtigung oder L\\u00f6schung dieser Daten. Hierzu sowie zu weiteren Fragen zum Thema personenbezogene Daten k\\u00f6nnen Sie sich jederzeit an uns wenden.<\\\/p>\\n\n\n<p><strong>Recht auf Einschr\\u00e4nkung der Verarbeitung<\\\/strong><\\\/p>\\n\n\n<p>Sie haben das Recht, die Einschr\\u00e4nkung der Verarbeitung Ihrer personenbezogenen Daten zu verlangen. Hierzu k\\u00f6nnen Sie sich jederzeit an uns wenden. Das Recht auf Einschr\\u00e4nkung der Verarbeitung besteht in folgenden F\\u00e4llen:<\\\/p>\\n\n\n<ul>\\n\n\n<li>Wenn Sie die Richtigkeit Ihrer bei uns gespeicherten personenbezogenen Daten bestreiten, ben\\u00f6tigen wir in der Regel Zeit, um dies zu u\\u0308berpru\\u0308fen. Fu\\u0308r die Dauer der Pru\\u0308fung haben Sie das Recht, die Einschr\\u00e4nkung der Verarbeitung Ihrer personenbezogenen Daten zu verlangen.<\\\/li>\\n\n\n<li>Wenn die Verarbeitung Ihrer personenbezogenen Daten unrechtm\\u00e4\\u00dfig geschah\\\/geschieht, k\\u00f6nnen Sie statt der L\\u00f6schung die Einschr\\u00e4nkung der Datenverarbeitung verlangen.<\\\/li>\\n\n\n<li>Wenn wir Ihre personenbezogenen Daten nicht mehr ben\\u00f6tigen, Sie sie jedoch zur Ausu\\u0308bung, Verteidigung oder Geltendmachung von Rechtsanspru\\u0308chen ben\\u00f6tigen, haben Sie das Recht, statt der L\\u00f6schung die Einschr\\u00e4nkung der Verarbeitung Ihrer personenbezogenen Daten zu verlangen.<\\\/li>\\n\n\n<li>Wenn Sie einen Widerspruch nach Art. 21 Abs. 1 DSGVO eingelegt haben, muss eine Abw\\u00e4gung zwischen Ihren und unseren Interessen vorgenommen werden. Solange noch nicht feststeht, wessen Interessen u\\u0308berwiegen, haben Sie das Recht, die Einschr\\u00e4nkung der Verarbeitung Ihrer personenbezogenen Daten zu verlangen.<\\\/li>\\n<\\\/ul>\\n\n\n<p>Wenn Sie die Verarbeitung Ihrer personenbezogenen Daten eingeschr\\u00e4nkt haben, du\\u0308rfen diese Daten \\u2013 von ihrer Speicherung abgesehen \\u2013 nur mit Ihrer Einwilligung oder zur Geltendmachung, Ausu\\u0308bung oder Verteidigung von Rechtsanspru\\u0308chen oder zum Schutz der Rechte einer anderen natu\\u0308rlichen oder juristischen Person oder aus Gru\\u0308nden eines wichtigen \\u00f6ffentlichen Interesses der Europ\\u00e4ischen Union oder eines Mitgliedstaats verarbeitet werden.<\\\/p>\\n\n\n<p><strong>SSL- bzw. TLS-Verschlu\\u0308sselung<\\\/strong><\\\/p>\\n\n\n<p>Diese Seite nutzt aus Sicherheitsgru\\u0308nden und zum Schutz der \\u00dcbertragung vertraulicher Inhalte, wie zum Beispiel Bestellungen oder Anfragen, die Sie an uns als Seitenbetreiber senden, eine SSL- bzw. TLSVerschlu\\u0308sselung. Eine verschlu\\u0308sselte Verbindung erkennen Sie daran, dass die Adresszeile des Browsers von \\u201ehttp:\\\/\\\/\\u201c auf \\u201ehttps:\\\/\\\/\\u201c wechselt und an dem Schloss-Symbol in Ihrer Browserzeile.<\\\/p>\\n\n\n<p>Wenn die SSL- bzw. TLS-Verschlu\\u0308sselung aktiviert ist, k\\u00f6nnen die Daten, die Sie an uns u\\u0308bermitteln, nicht von Dritten mitgelesen werden.<\\\/p>\\n\n\n<p><strong>Widerspruch gegen Werbe-E-Mails<\\\/strong><\\\/p>\\n\n\n<p>Der Nutzung von im Rahmen der Impressumspflicht ver\\u00f6ffentlichten Kontaktdaten zur \\u00dcbersendung von nicht ausdru\\u0308cklich angeforderter Werbung und Informationsmaterialien wird hiermit widersprochen. Die Betreiber der Seiten behalten sich ausdru\\u0308cklich rechtliche Schritte im Falle der unverlangten Zusendung von Werbeinformationen, etwa durch Spam-E-Mails, vor.<\\\/p>\",\"content_en_gb\":\"\n\n<p><strong>Data protection<\\\/strong><\\\/p>\\n\n\n<p>The operators of this website and its pages take the protection of your personal data very seriously. Hence, we handle your personal data as confidential information and in compliance with the statutory data protection regulations and this Data Protection Declaration.<\\\/p>\\n\n\n<p>Whenever you use this website, a variety of personal information will be collected. Personal data comprises data that can be used to personally identify you. This Data Protection Declaration explains which data we collect as well as the purposes we use this data for. It also explains how, and for which purpose the information is collected.<\\\/p>\\n\n\n<p>We herewith advise you that the transmission of data via the Internet (i.e. through e-mail communications) may be prone to security gaps. It is not possible to completely protect data against third party access.<\\\/p>\\n\n\n<p><strong>Information about the responsible party (referred to as the \\u201ccontroller\\u201d in the GDPR)<\\\/strong><\\\/p>\\n\n\n<p>The data processing controller on this website is:<\\\/p>\\n\n\n<p><strong>AMServ VerwaltungsGmbH<\\\/strong><br \\\/>Oskar-von-Miller-Str. 2<br \\\/>86356 Neus\\u00e4\\u00df<br \\\/>Deutschland<\\\/p>\\n\n\n<p>Phone: +49 821 48001-0<br \\\/>E-mail: <span id=\\\"cloak035715509d73f6a5174e1a722ebf11ae\\\"><a href=\\\"mailto:info@amserv.de\\\">info@amserv.de<\\\/a><\\\/span><\\\/p>\\n\n\n<p>The controller is the natural person or legal entity that single-handedly or jointly with others makes decisions as to the purposes of and resources for the processing of personal data (e.g. names, e-mail addresses, etc.).<\\\/p>\\n\n\n<p><strong>Designation of a data protection officer as mandated by law<\\\/strong><\\\/p>\\n\n\n<p>We have appointed a data protection officer for our company.<\\\/p>\\n\n\n<p>Christian K\\u00f6hler<br \\\/>fly-tech IT GmbH &amp; Co. KG <br \\\/>Winterbruckenweg 58<br \\\/>86316 Friedberg<\\\/p>\\n\n\n<p>Telefon: +49 821 20711117<br \\\/>E-mail: <span id=\\\"cloakcb9dd8b604c05d88a7999daecef5a922\\\"><a href=\\\"mailto:datenschutz@amserv.de\\\">datenschutz@amserv.de<\\\/a><\\\/span><\\\/p>\\n\n\n<p><strong>Information on data transfer to the USA<\\\/strong><\\\/p>\\n\n\n<p>Our website uses, in particular, tools from companies based in the USA. When these tools are active, your personal information may be transferred to the US servers of these companies. We must point out that the USA is not a safe third country within the meaning of EU data protection law. US companies are required to release personal data to security authorities without you as the data subject being able to take legal action against this. The possibility cannot therefore be excluded that US authorities (e.g. secret services) may process, evaluate and permanently store your data on US servers for monitoring purposes.\\u00a0 We have no influence over these processing activities.<\\\/p>\\n\n\n<p><strong>Revocation of your consent to the processing of data<\\\/strong><\\\/p>\\n\n\n<p>A wide range of data processing transactions are possible only subject to your express consent. You can also revoke at any time any consent you have already given us. This shall be without prejudice to the lawfulness of any data collection that occurred prior to your revocation.<\\\/p>\\n\n\n<p><strong>Right to object to the collection of data in special cases; right to object to direct advertising (Art. 21 GDPR)<\\\/strong><\\\/p>\\n\n\n<p>IN THE EVENT THAT DATA ARE PROCESSED ON THE BASIS OF ART. 6 SECT. 1 LIT. E OR F GDPR, YOU HAVE THE RIGHT TO AT ANY TIME OBJECT TO THE PROCESSING OF YOUR PERSONAL DATA BASED ON GROUNDS ARISING FROM YOUR UNIQUE SITUATION. THIS ALSO APPLIES TO ANY PROFILING BASED ON THESE PROVISIONS. TO DETERMINE THE LEGAL BASIS, ON WHICH ANY PROCESSING OF DATA IS BASED, PLEASE CONSULT THIS DATA PROTECTION DECLARATION. IF YOU LOG AN OBJECTION, WE WILL NO LONGER PROCESS YOUR AFFECTED PERSONAL DATA, UNLESS WE ARE IN A POSITION TO PRESENT COMPELLING PROTECTION WORTHY GROUNDS FOR THE PROCESSING OF YOUR DATA, THAT OUTWEIGH YOUR INTERESTS, RIGHTS AND FREEDOMS OR IF THE PURPOSE OF THE PROCESSING IS THE CLAIMING, EXERCISING OR DEFENCE OF LEGAL ENTITLEMENTS (OBJECTION PURSUANT TO ART. 21 SECT. 1 GDPR).<\\\/p>\\n\n\n<p>IF YOUR PERSONAL DATA IS BEING PROCESSED IN ORDER TO ENGAGE IN DIRECT ADVERTISING, YOU HAVE THE RIGHT TO AT ANY TIME OBJECT TO THE PROCESSING OF YOUR AFFECTED PERSONAL DATA FOR THE PURPOSES OF SUCH ADVERTISING. THIS ALSO APPLIES TO PROFILING TO THE EXTENT THAT IT IS AFFILIATED WITH SUCH DIRECT ADVERTISING. IF YOU OBJECT, YOUR PERSONAL DATA WILL SUBSEQUENTLY NO LONGER BE USED FOR DIRECT ADVERTISING PURPOSES (OBJECTION PURSUANT TO ART. 21 SECT. 2 GDPR).<\\\/p>\\n\n\n<p><strong>Right to log a complaint with the competent supervisory agency<\\\/strong><\\\/p>\\n\n\n<p>In the event of violations of the GDPR, data subjects are entitled to log a complaint with a supervisory agency, in particular in the member state where they usually maintain their domicile, place of work or at the place where the alleged violation occurred. The right to log a complaint is in effect regardless of any other administrative or court proceedings available as legal recourses.<\\\/p>\\n\n\n<p><strong>Right to data portability<\\\/strong><\\\/p>\\n\n\n<p>You have the right to demand that we hand over any data we automatically process on the basis of your consent or in order to fulfil a contract be handed over to you or a third party in a commonly used, machine readable format. If you should demand the direct transfer of the data to another controller, this will be done only if it is technically feasible.<\\\/p>\\n\n\n<p><strong>SSL and\\\/or TLS encryption<\\\/strong><\\\/p>\\n\n\n<p>For security reasons and to protect the transmission of confidential content, such as purchase orders or inquiries you submit to us as the website operator, this website uses either an SSL or a TLS encryption program. You can recognize an encrypted connection by checking whether the address line of the browser switches from \\u201chttp:\\\/\\\/\\u201d to \\u201chttps:\\\/\\\/\\u201d and also by the appearance of the lock icon in the browser line.<\\\/p>\\n\n\n<p>If the SSL or TLS encryption is activated, data you transmit to us cannot be read by third parties.<\\\/p>\\n\n\n<p><strong>Information about, rectification and eradication of data<\\\/strong><\\\/p>\\n\n\n<p>Within the scope of the applicable statutory provisions, you have the right to at any time demand information about your archived personal data, their source and recipients as well as the purpose of the processing of your data. You may also have a right to have your data rectified or eradicated. If you have questions about this subject matter or any other questions about personal data, please do not hesitate to contact us at any time at the address provided in section \\u201cInformation Required by Law.\\u201d<\\\/p>\\n\n\n<p><strong>Right to demand processing restrictions<\\\/strong><\\\/p>\\n\n\n<p>You have the right to demand the imposition of restrictions as far as the processing of your personal data is concerned. To do so, you may contact us at any time at the address provided in section \\u201cInformation Required by Law.\\u201d The right to demand restriction of processing applies in the following cases:<\\\/p>\\n\n\n<ul>\\n\n\n<li data-mce-word-list=\\\"1\\\">In the event that you should dispute the correctness of your data archived by us, we will usually need some time to verify this claim. During the time that this investigation is ongoing, you have the right to demand that we restrict the processing of your personal data.<\\\/li>\\n\n\n<li data-mce-word-list=\\\"1\\\">If the processing of your personal data was\\\/is conducted in an unlawful manner, you have the option to demand the restriction of the processing of your data in lieu of demanding the eradication of this data.<\\\/li>\\n\n\n<li data-mce-word-list=\\\"1\\\">If we do not need your personal data any longer and you need it to exercise, defend or claim legal entitlements, you have the right to demand the restriction of the processing of your personal data instead of its eradication.<\\\/li>\\n\n\n<li data-mce-word-list=\\\"1\\\">If you have raised an objection pursuant to Art. 21 Sect. 1 GDPR, your rights and our rights will have to be weighed against each other. As long as it has not been determined whose interests prevail, you have the right to demand a restriction of the processing of your personal data.<\\\/li>\\n<\\\/ul>\\n\n\n<p>If you have restricted the processing of your personal data, these data \\u2013 with the exception of their archiving \\u2013 may be processed only subject to your consent or to claim, exercise or defend legal entitlements or to protect the rights of other natural persons or legal entities or for important public interest reasons cited by the European Union or a member state of the EU.<\\\/p>\\n\n\n<p><strong>Rejection of unsolicited e-mails<\\\/strong><\\\/p>\\n\n\n<p>We herewith object to the use of contact information published in conjunction with the mandatory information to be provided in section \\u201cInformation Required by Law\\u201d to send us promotional and information material that we have not expressly requested. The operators of this website and its pages reserve the express right to take legal action in the event of the unsolicited sending of promotional information, for instance via SPAM messages.<\\\/p>\",\"content_fr_fr\":\"\n\n<p><strong>Protection des donn\\u00e9es<\\\/strong><\\\/p>\\n\n\n<p>Les exploitants de ces pages prennent tr\\u00e8s au s\\u00e9rieux la protection de vos donn\\u00e9es personnelles.\\u00a0 Nous traitons vos donn\\u00e9es \\u00e0 caract\\u00e8re personnel de mani\\u00e8re confidentielle et conform\\u00e9ment aux prescriptions l\\u00e9gales de la protection des donn\\u00e9es et \\u00e0 la pr\\u00e9sente d\\u00e9claration de protection des donn\\u00e9es.<\\\/p>\\n\n\n<p>Diverses donn\\u00e9es \\u00e0 caract\\u00e8re personnel sont recueillies lorsque vous utilisez ce site web. Les donn\\u00e9es \\u00e0 caract\\u00e8re personnel sont les donn\\u00e9es qui permettent de vous identifier personnellement. La pr\\u00e9sente d\\u00e9claration de protection des donn\\u00e9es explique quelles donn\\u00e9es nous recueillons et \\u00e0 quelles fins nous les utilisons. Elle explique aussi comment et dans quel but cette collecte a lieu.<\\\/p>\\n\n\n<p>Nous attirons l\\u2019attention sur le fait que le transfert des donn\\u00e9es sur Internet (par ex. lors de la communication par courriel) peut pr\\u00e9senter des lacunes de s\\u00e9curit\\u00e9. Il n\\u2019est pas possible de prot\\u00e9ger int\\u00e9gralement les donn\\u00e9es contre un acc\\u00e8s par des tiers.<\\\/p>\\n\n\n<p><strong>Information sur le responsable<\\\/strong><\\\/p>\\n\n\n<p>Le responsable du traitement des donn\\u00e9es sur ce site web est\\u00a0:<\\\/p>\\n\n\n<p><strong>AMServ VerwaltungsGmbH<\\\/strong><br \\\/>Oskar-von-Miller-Str. 2<br \\\/>86356 Neus\\u00e4\\u00df<br \\\/>Allemagne<\\\/p>\\n\n\n<p>T\\u00e9l\\u00e9phone\\u00a0: +49 821 48001-0<br \\\/>Courriel\\u00a0:\\u00a0<span id=\\\"cloakd39d960d13ec6993539b8bd48c30fbed\\\"><a href=\\\"mailto:info@amserv.de\\\">info@amserv.de<\\\/a><\\\/span><\\\/p>\\n\n\n<p>Le responsable est la personne physique ou juridique qui d\\u00e9cide seule ou conjointement avec d\\u2019autres de la finalit\\u00e9 et des moyens du traitement des donn\\u00e9es \\u00e0 caract\\u00e8re personnel (par ex. nom, adresses e-mail entre autres).<\\\/p>\\n\n\n<p><strong>Pr\\u00e9pos\\u00e9 l\\u00e9galement prescrit \\u00e0 la protection des donn\\u00e9es<\\\/strong><\\\/p>\\n\n\n<p>Nous avons mandat\\u00e9 un pr\\u00e9pos\\u00e9 \\u00e0 la protection des donn\\u00e9es pour notre entreprise.<\\\/p>\\n\n\n<p>Christian K\\u00f6hler<br \\\/>fly-tech IT GmbH &amp; Co. KG <br \\\/>Winterbruckenweg 58<br \\\/>86316 Friedberg<\\\/p>\\n\n\n<p>T\\u00e9l\\u00e9phone\\u00a0: +49 821\\u00a020711117<br \\\/>Courriel\\u00a0: <span id=\\\"cloakbbc89d8796c2eeed4ffa91b0920d7c62\\\"><a href=\\\"mailto:datenschutz@amserv.de\\\">datenschutz@amserv.de<\\\/a><\\\/span><\\\/p>\\n\n\n<p><strong>Informations sur le transfert des donn\\u00e9es aux \\u00c9tats-Unis<\\\/strong><\\\/p>\\n\n\n<p>Des instruments d\\u2019entreprises dont le si\\u00e8ge se trouve aux \\u00c9tats-Unis sont entre autres int\\u00e9gr\\u00e9s sur notre site web. Lorsque ces instruments sont actifs, vos donn\\u00e9es \\u00e0 caract\\u00e8re personnel peuvent \\u00eatre transmises aux serveurs am\\u00e9ricains des entreprises respectives. Nous attirons votre attention sur le fait que les \\u00c9tats-Unis ne sont pas un \\u00e9tat tiers s\\u00fbr au sens de la l\\u00e9gislation sur la protection des donn\\u00e9es de l\\u2019UE. Les entreprises am\\u00e9ricaines sont tenues de communiquer les donn\\u00e9es \\u00e0 caract\\u00e8re personnel aux autorit\\u00e9s de s\\u00e9curit\\u00e9 sans que vous puissiez intenter une action par voie de justice en tant que personne concern\\u00e9e. Il ne saurait donc \\u00eatre exclu que les autorit\\u00e9s am\\u00e9ricaines (par ex. les services secrets) traitent, \\u00e9valuent et enregistrent durablement vos donn\\u00e9es se trouvant sur les serveurs am\\u00e9ricains. Nous n\\u2019avons aucune influence sur ces activit\\u00e9s de traitement.<\\\/p>\\n\n\n<p><strong>R\\u00e9vocation de votre consentement au traitement des donn\\u00e9es<\\\/strong><\\\/p>\\n\n\n<p>Beaucoup d\\u2019op\\u00e9rations de traitement des donn\\u00e9es ne sont possibles qu\\u2019avec votre consentement express. Vous pouvez r\\u00e9voquer \\u00e0 tout moment un consentement que vous avez d\\u00e9j\\u00e0 d\\u00e9livr\\u00e9. La l\\u00e9galit\\u00e9 du traitement des donn\\u00e9es effectu\\u00e9 jusqu\\u2019\\u00e0 la r\\u00e9vocation n\\u2019est pas touch\\u00e9e par la r\\u00e9vocation.<\\\/p>\\n\n\n<p><strong>Droit d\\u2019opposition \\u00e0 la collecte des donn\\u00e9es dans des cas particuliers ainsi qu\\u2019au publipostage (art. 21 du RGPD)<\\\/strong><\\\/p>\\n\n\n<p>SI LE TRAITEMENT DES DONN\\u00c9ES SE FAIT SUR LA BASE DE L\\u2019ART: 6 PAR. 1 LIT. E OU F DU RGPD, VOUS B\\u00c9N\\u00c9FICIEZ \\u00c0 TOUT MOMENT DU DROIT, POUR DES RAISONS QUI SONT LI\\u00c9ES \\u00c0 VOTRE SITUATION PARTICULI\\u00c8RE, DE VOUS OPPOSER AU TRAITEMENT DE VOS DONN\\u00c9ES \\u00c0 CARACT\\u00c8RE PERSONNEL\\u00a0; CECI EST \\u00c9GALEMENT VALABLE POUR UN PROFILAGE QUI S\\u2019APPUIE SUR CES DISPOSITIONS. LE FONDEMENT JURIDIQUE RESPECTIF SUR LEQUEL UN TRAITEMENT REPOSE EST INDIQU\\u00c9 DANS LA PR\\u00c9SENTE D\\u00c9CLARATION DE PROTECTION DES DONN\\u00c9ES. DANS LA MESURE O\\u00d9 VOUS VOUS OPPOSEZ \\u00c0 CE TRAITEMENT, NOUS NE TRAITERONS PLUS VOS DONN\\u00c9ES \\u00c0 CARACT\\u00c8RE PERSONNEL CONCERN\\u00c9ES, \\u00c0 MOINS QUE NOUS SOYONS EN MESURE DE JUSTIFIER DE MOTIFS IMP\\u00c9RATIFS DIGNES DE PROTECTION POUR LE TRAITEMENT, LESQUELS SONT PR\\u00c9POND\\u00c9RANTS SUR LES INT\\u00c9R\\u00caTS, LES DROITS ET LES LIBERT\\u00c9S, OU SI LE TRAITEMENT SERT \\u00c0 FAIRE VALOIR, \\u00c0 EXERCER OU \\u00c0 D\\u00c9FENDRE DES DROITS (OPPOSITION SELON ART. 21 PAR. 1 DU RGPD).<\\\/p>\\n\n\n<p>LORSQUE VOS DONN\\u00c9ES \\u00c0 CARACT\\u00c8RE PERSONNEL SONT TRAIT\\u00c9ES \\u00c0 DES FINS DE PUBLIPOSTAGE, VOUS AVEZ LE DROIT DE VOUS OPPOSER \\u00c0 TOUT MOMENT AU TRAITEMENT DE VOS DONN\\u00c9ES \\u00c0 CARACT\\u00c8RE PERSONNEL, AUX FINS D\\u2019UNE TELLE PUBLICIT\\u00c9\\u00a0; CECI S\\u2019APPLIQUE \\u00c9GALEMENT AU PROFILAGE DANS LA MESURE O\\u00d9 CELUI-CI EST LI\\u00c9 \\u00c0 CE PUBLIPOSTAGE. SI VOUS VOUS OPPOSEZ AU TRAITEMENT DES DONN\\u00c9ES \\u00c0 DES FINS DE PUBLIPOSTAGE, VOS DONN\\u00c9ES PERSONNELLES NE SERONT PLUS TRAIT\\u00c9ES \\u00c0 CES FINS (OPPOSITION SELON ART. 21 PAR. 2 DU RGPD).<\\\/p>\\n\n\n<p><strong>Droit de recours aupr\\u00e8s de l\\u2019autorit\\u00e9 de contr\\u00f4le comp\\u00e9tente<\\\/strong><\\\/p>\\n\n\n<p>En cas d\\u2019infractions envers le RGPD, la personne concern\\u00e9e a un droit de recours aupr\\u00e8s d\\u2019une autorit\\u00e9 de contr\\u00f4le, en particulier dans l\\u2019\\u00e9tat membre de son lieu de r\\u00e9sidence, de son poste de travail ou du lieu de l\\u2019infraction pr\\u00e9sum\\u00e9e.\\u00a0 Le droit de recours existe sans pr\\u00e9judice d\\u2019autres recours administratifs ou judiciaires.<\\\/p>\\n\n\n<p><strong>Droit \\u00e0 la portabilit\\u00e9 des donn\\u00e9es<\\\/strong><\\\/p>\\n\n\n<p>Vous avez le droit d\\u2019obtenir vous-m\\u00eame ou de faire transmettre \\u00e0 un tiers les donn\\u00e9es que nous traitons de mani\\u00e8re automatis\\u00e9e sur la base de votre consentement ou pour l\\u2019ex\\u00e9cution d\\u2019un contrat dans un format courant et exploitable par machine. Dans la mesure o\\u00f9 vous exigez le transfert direct des donn\\u00e9es \\u00e0 un autre responsable, ceci a lieu uniquement si cela est faisable sur le plan technique.<\\\/p>\\n\n\n<p><strong>Cryptage SSL ou TLS<\\\/strong><\\\/p>\\n\n\n<p>Ce site utilise un cryptage SSL ou TLS pour des raisons de s\\u00e9curit\\u00e9 et \\u00e0 titre de protection du transfert de contenus confidentiels comme les commandes ou les demandes par exemple que vous nous envoyez, \\u00e0 nous en tant qu\\u2019exploitant du site. Vous pouvez reconna\\u00eetre une connexion crypt\\u00e9e au fait que la ligne d\\u2019adresse du navigateur passe de \\u00ab\\u00a0http:\\\/\\\/\\u00a0\\u00bb \\u00e0 \\u00ab\\u00a0https:\\\/\\\/\\u00a0\\u00bb et que le symbole d\\u2019un cadenas appara\\u00eet dans la ligne du navigateur.<\\\/p>\\n\n\n<p>Lorsque le cryptage SSL ou TLS est activ\\u00e9, les donn\\u00e9es que vous nous communiquez ne peuvent pas \\u00eatre lues par des tiers.<\\\/p>\\n\n\n<p><strong>Renseignements, blocage, suppression et correction<\\\/strong><\\\/p>\\n\n\n<p>Dans le cadre des dispositions l\\u00e9gales en vigueur, vous avez \\u00e0 tout moment le droit d\\u2019obtenir des renseignements gratuits sur vos donn\\u00e9es \\u00e0 caract\\u00e8re personnel enregistr\\u00e9es, leur origine, le destinataire et le but du traitement des donn\\u00e9es et, le cas \\u00e9ch\\u00e9ant, le droit de corriger ou de supprimer ces donn\\u00e9es. En cas de questions \\u00e0 ce sujet ou sur le th\\u00e8me des donn\\u00e9es \\u00e0 caract\\u00e8re personnel, vous pouvez nous contacter \\u00e0 tout moment \\u00e0 l\\u2019adresse indiqu\\u00e9e dans les mentions l\\u00e9gales.<\\\/p>\\n\n\n<p><strong>Droit \\u00e0 la restriction du traitement<\\\/strong><\\\/p>\\n\n\n<p>Vous avez le droit d\\u2019exiger des restrictions de traitement de vos donn\\u00e9es \\u00e0 caract\\u00e8re personnel. \\u00c0 ce sujet, vous pouvez nous contacter \\u00e0 tout moment \\u00e0 l\\u2019adresse indiqu\\u00e9e dans les mentions l\\u00e9gales. Le droit \\u00e0 la restriction du traitement existe dans les cas suivants\\u00a0:<\\\/p>\\n\n\n<ul>\\n\n\n<li data-mce-word-list=\\\"1\\\">Lorsque vous contestez l\\u2019\\u00e9quit\\u00e9 de vos donn\\u00e9es \\u00e0 caract\\u00e8re personnel enregistr\\u00e9es chez nous, nous avons g\\u00e9n\\u00e9ralement besoin de temps pour effectuer un contr\\u00f4le. Vous \\u00eates en droit d\\u2019exiger des restrictions de traitement de vos donn\\u00e9es \\u00e0 caract\\u00e8re personnel pour la dur\\u00e9e de ce contr\\u00f4le.<\\\/li>\\n\n\n<li data-mce-word-list=\\\"1\\\">Si le traitement de vos donn\\u00e9es \\u00e0 caract\\u00e8re personnel a eu lieu\\\/a lieu de mani\\u00e8re abusive, vous pouvez exiger la restriction du traitement de vos donn\\u00e9es plut\\u00f4t que leur suppression.<\\\/li>\\n\n\n<li data-mce-word-list=\\\"1\\\">Si nous n\\u2019avons plus besoin de vos donn\\u00e9es \\u00e0 caract\\u00e8re personnel, mais qu\\u2019elles vous sont n\\u00e9anmoins indispensable pour exercer, d\\u00e9fendre ou faire valoir vos droits, vous avez alors le droit d\\u2019exiger la restriction du traitement de vos donn\\u00e9es \\u00e0 caract\\u00e8re personnel plut\\u00f4t que leur suppression.<\\\/li>\\n\n\n<li data-mce-word-list=\\\"1\\\">Si vous avez fait opposition selon l\\u2019art. 21 par. 1 du RGPD, une estimation devra alors \\u00eatre effectu\\u00e9e entre vos et nos int\\u00e9r\\u00eats. Vous avez le droit d\\u2019exiger des restrictions de traitement de vos donn\\u00e9es \\u00e0 caract\\u00e8re personnel aussi longtemps que la question de la pr\\u00e9pond\\u00e9rance des int\\u00e9r\\u00eats n\\u2019a pas \\u00e9t\\u00e9 tranch\\u00e9e.<\\\/li>\\n<\\\/ul>\\n\n\n<p>Si vous avez restreint le traitement de vos donn\\u00e9es \\u00e0 caract\\u00e8re personnel, ces donn\\u00e9es \\u2013 \\u00e0 l\\u2019exception de leur enregistrement \\u2013 n\\u2019ont le droit d\\u2019\\u00eatre trait\\u00e9es qu\\u2019avec votre consentement ou pour faire valoir, exercer ou d\\u00e9fendre des droits ou pour la protection des droits d\\u2019une autre personne physique ou juridique ou encore pour des raisons d\\u2019un int\\u00e9r\\u00eat public important de l\\u2019Union Europ\\u00e9enne ou d\\u2019un \\u00e9tat-membre de cette derni\\u00e8re.<\\\/p>\\n\n\n<p><strong>Opposition aux courriels publicitaires<\\\/strong><\\\/p>\\n\n\n<p>Par la pr\\u00e9sente, il est fait opposition \\u00e0 l\\u2019utilisation des donn\\u00e9es de contact publi\\u00e9es dans le cadre de l\\u2019obligation des mentions l\\u00e9gales pour l\\u2019envoi de publicit\\u00e9s et de mat\\u00e9riels d\\u2019information non express\\u00e9ment demand\\u00e9s. Les exploitants des pages se r\\u00e9servent exclusivement le droit d\\u2019intenter des actions en justice en cas d\\u2019envoi non demand\\u00e9 d\\u2019informations publicitaires comme les courriels spams.<\\\/p>\",\"margin\":\"small\"}},{\"type\":\"headline\",\"props\":{\"content\":\"<strong>4. Datenerfassung auf dieser Website<\\\/strong>\",\"content_en_gb\":\"\n\n<h4><strong>4. Recording of data on this website<\\\/strong><\\\/h4>\",\"content_fr_fr\":\"\n\n<h4><strong>4. Saisie de donn\\u00e9es sur ce site web<\\\/strong><\\\/h4>\",\"title_element\":\"h4\"},\"name\":\"4. Datenerfassung\"},{\"type\":\"text\",\"props\":{\"column_breakpoint\":\"m\",\"content\":\"\n\n<p><strong>CCM19<\\\/strong><\\\/p>\\n\n\n<p>Unsere Website nutzt CCM19, um Ihre Einwilligung zur Speicherung bestimmter Cookies auf Ihrem Endger\\u00e4t oder zum Einsatz bestimmter Technologien einzuholen und diese datenschutzkonform zu dokumentieren. Anbieter dieser Technologie ist Papoo Software &amp; Media GmbH, Auguststr. 4, 53229 Bonn (im Folgenden \\u201eCCM19\\u201c).<\\\/p>\\n\n\n<p>Wenn Sie unsere Website betreten, wird eine Verbindung zu den Servern von CCM19 hergestellt, um Ihre Einwilligungen und sonstigen Erkl\\u00e4rungen zur Cookie-Nutzung einzuholen. Anschlie\\u00dfend speichert CCM19 einen Cookie in Ihrem Browser, um Ihnen die erteilten Einwilligungen bzw. deren Widerruf zuordnen zu k\\u00f6nnen. Die so erfassten Daten werden gespeichert, bis Sie uns zur L\\u00f6schung auffordern, den CCM19-Cookie selbst l\\u00f6schen oder der Zweck fu\\u0308r die Datenspeicherung entf\\u00e4llt. Zwingende gesetzliche Aufbewahrungspflichten bleiben unberu\\u0308hrt.<\\\/p>\\n\n\n<p>Der Einsatz von CCM19 erfolgt, um die gesetzlich vorgeschriebenen Einwilligungen fu\\u0308r den Einsatz von Cookies einzuholen. Rechtsgrundlage hierfu\\u0308r ist Art. 6 Abs. 1 S. 1 lit. c DSGVO.<\\\/p>\\n\n\n<p><strong>Auftragsverarbeitung<\\\/strong><\\\/p>\\n\n\n<p>Wir haben einen Vertrag u\\u0308ber Auftragsverarbeitung (AVV) zur Nutzung des oben genannten Dienstes geschlossen. Hierbei handelt es sich um einen datenschutzrechtlich vorgeschriebenen Vertrag, der gew\\u00e4hrleistet, dass dieser die personenbezogenen Daten unserer Websitebesucher nur nach unseren Weisungen und unter Einhaltung der DSGVO verarbeitet.<\\\/p>\\n\n\n<p><strong>Kontaktformular<\\\/strong><\\\/p>\\n\n\n<p>Wenn Sie uns per Kontaktformular Anfragen zukommen lassen, werden Ihre Angaben aus dem Anfrageformular inklusive der von Ihnen dort angegebenen Kontaktdaten zwecks Bearbeitung der Anfrage und fu\\u0308r den Fall von Anschlussfragen bei uns gespeichert. Diese Daten geben wir nicht ohne Ihre 7 \\\/ 14 Einwilligung weiter.<\\\/p>\\n\n\n<p>Die Verarbeitung dieser Daten erfolgt auf Grundlage von Art. 6 Abs. 1 lit. b DSGVO, sofern Ihre Anfrage mit der Erfu\\u0308llung eines Vertrags zusammenh\\u00e4ngt oder zur Durchfu\\u0308hrung vorvertraglicher Ma\\u00dfnahmen erforderlich ist. In allen u\\u0308brigen F\\u00e4llen beruht die Verarbeitung auf unserem berechtigten Interesse an der effektiven Bearbeitung der an uns gerichteten Anfragen (Art. 6 Abs. 1 lit. f DSGVO) oder auf Ihrer Einwilligung (Art. 6 Abs. 1 lit. a DSGVO) sofern diese abgefragt wurde; die Einwilligung ist jederzeit widerrufbar.<\\\/p>\\n\n\n<p>Die von Ihnen im Kontaktformular eingegebenen Daten verbleiben bei uns, bis Sie uns zur L\\u00f6schung auffordern, Ihre Einwilligung zur Speicherung widerrufen oder der Zweck fu\\u0308r die Datenspeicherung entf\\u00e4llt (z. B. nach abgeschlossener Bearbeitung Ihrer Anfrage). Zwingende gesetzliche Bestimmungen \\u2013 insbesondere Aufbewahrungsfristen \\u2013 bleiben unberu\\u0308hrt.<\\\/p>\\n\n\n<p><strong>Anfrage per E-Mail, Telefon oder Telefax<\\\/strong><\\\/p>\\n\n\n<p>Wenn Sie uns per E-Mail, Telefon oder Telefax kontaktieren, wird Ihre Anfrage inklusive aller daraus hervorgehenden personenbezogenen Daten (Name, Anfrage) zum Zwecke der Bearbeitung Ihres Anliegens bei uns gespeichert und verarbeitet. Diese Daten geben wir nicht ohne Ihre Einwilligung weiter.<\\\/p>\\n\n\n<p>Die Verarbeitung dieser Daten erfolgt auf Grundlage von Art. 6 Abs. 1 lit. b DSGVO, sofern Ihre Anfrage mit der Erfu\\u0308llung eines Vertrags zusammenh\\u00e4ngt oder zur Durchfu\\u0308hrung vorvertraglicher Ma\\u00dfnahmen erforderlich ist. In allen u\\u0308brigen F\\u00e4llen beruht die Verarbeitung auf unserem berechtigten Interesse an der effektiven Bearbeitung der an uns gerichteten Anfragen (Art. 6 Abs. 1 lit. f DSGVO) oder auf Ihrer Einwilligung (Art. 6 Abs. 1 lit. a DSGVO) sofern diese abgefragt wurde; die Einwilligung ist jederzeit widerrufbar.<\\\/p>\\n\n\n<p>Die von Ihnen an uns per Kontaktanfragen u\\u0308bersandten Daten verbleiben bei uns, bis Sie uns zur L\\u00f6schung auffordern, Ihre Einwilligung zur Speicherung widerrufen oder der Zweck fu\\u0308r die Datenspeicherung entf\\u00e4llt (z. B. nach abgeschlossener Bearbeitung Ihres Anliegens). Zwingende gesetzliche Bestimmungen \\u2013 insbesondere gesetzliche Aufbewahrungsfristen \\u2013 bleiben unberu\\u0308hrt.<\\\/p>\",\"margin\":\"default\"}},{\"type\":\"headline\",\"props\":{\"content\":\"<strong>5. Soziale Medien<\\\/strong>\",\"content_fr_fr\":\"\n\n<h4><strong>5. Instruments d\\u2019analyse et publicit\\u00e9<\\\/strong><\\\/h4>\",\"title_element\":\"h4\"},\"name\":\"5. Soziale Medien\"},{\"type\":\"text\",\"props\":{\"column_breakpoint\":\"m\",\"content\":\"\n\n<p><strong>Facebook<\\\/strong><\\\/p>\\n\n\n<p>Auf dieser Website sind Elemente des sozialen Netzwerks Facebook integriert. Anbieter dieses Dienstes ist die Meta Platforms Ireland Limited, Merrion Road, Dublin 4, D04 X2K5, Irland. Die erfassten Daten werden nach Aussage von Facebook jedoch auch in die USA und in andere Drittl\\u00e4nder u\\u0308bertragen.<\\\/p>\\n\n\n<p>Eine \\u00dcbersicht u\\u0308ber die Facebook Social-Media-Elemente finden Sie hier:<br \\\/><a href=\\\"https:\\\/\\\/developers.facebook.com\\\/docs\\\/plugins\\\/?locale=de_DE.\\\" target=\\\"_blank\\\" rel=\\\"noopener\\\">https:\\\/\\\/developers.facebook.com\\\/docs\\\/plugins\\\/?locale=de_DE.<\\\/a><\\\/p>\\n\n\n<p>Wenn das Social-Media-Element aktiv ist, wird eine direkte Verbindung zwischen Ihrem Endger\\u00e4t und dem Facebook-Server hergestellt. Facebook erh\\u00e4lt dadurch die Information, dass Sie mit Ihrer IP-Adresse diese Website besucht haben. Wenn Sie den Facebook \\u201eLike-Button\\u201c anklicken, w\\u00e4hrend Sie in Ihrem Facebook- Account eingeloggt sind, k\\u00f6nnen Sie die Inhalte dieser Website auf Ihrem Facebook-Profil verlinken. Dadurch kann Facebook den Besuch dieser Website Ihrem Benutzerkonto zuordnen. Wir weisen darauf hin, dass wir als Anbieter der Seiten keine Kenntnis vom Inhalt der u\\u0308bermittelten Daten sowie deren Nutzung durch Facebook erhalten. Weitere Informationen hierzu finden Sie in der Datenschutzerkl\\u00e4rung von Facebook unter:<br \\\/><a href=\\\"https:\\\/\\\/de-de.facebook.com\\\/privacy\\\/explanation\\\" target=\\\"_blank\\\" rel=\\\"noopener\\\">https:\\\/\\\/de-de.facebook.com\\\/privacy\\\/explanation<\\\/a>.<\\\/p>\\n\n\n<p>Die Nutzung dieses Dienstes erfolgt auf Grundlage Ihrer Einwilligung nach Art. 6 Abs. 1 lit. a DSGVO und \\u00a7 25 Abs. 1 TDDDG. Die Einwilligung ist jederzeit widerrufbar.<\\\/p>\\n\n\n<p>Soweit mit Hilfe des hier beschriebenen Tools personenbezogene Daten auf unserer Website erfasst und an Facebook weitergeleitet werden, sind wir und die Meta Platforms Ireland Limited, 4 Grand Canal Square, Grand Canal Harbour, Dublin 2, Irland gemeinsam fu\\u0308r diese Datenverarbeitung verantwortlich (Art. 26 DSGVO). Die gemeinsame Verantwortlichkeit beschr\\u00e4nkt sich dabei ausschlie\\u00dflich auf die Erfassung der Daten und deren Weitergabe an Facebook. Die nach der Weiterleitung erfolgende Verarbeitung durch Facebook ist nicht Teil der gemeinsamen Verantwortung. Die uns gemeinsam obliegenden Verpflichtungen wurden in einer Vereinbarung u\\u0308ber gemeinsame Verarbeitung festgehalten. Den Wortlaut der Vereinbarung finden Sie unter:<br \\\/><a href=\\\"https:\\\/\\\/www.facebook.com\\\/legal\\\/controller_addendum\\\" target=\\\"_blank\\\" rel=\\\"noopener\\\">https:\\\/\\\/www.facebook.com\\\/legal\\\/controller_addendum<\\\/a>. Laut dieser Vereinbarung sind wir fu\\u0308r die Erteilung der Datenschutzinformationen beim Einsatz des Facebook-Tools und fu\\u0308r die datenschutzrechtlich sichere Implementierung des Tools auf unserer Website verantwortlich. Fu\\u0308r die Datensicherheit der Facebook-Produkte ist Facebook verantwortlich. Betroffenenrechte (z. B. Auskunftsersuchen) hinsichtlich der bei Facebook verarbeiteten Daten k\\u00f6nnen Sie direkt bei Facebook geltend machen. Wenn Sie die Betroffenenrechte bei uns geltend machen, sind wir verpflichtet, diese an Facebook weiterzuleiten.<\\\/p>\\n\n\n<p>Die Datenu\\u0308bertragung in die USA wird auf die Standardvertragsklauseln der EU-Kommission gestu\\u0308tzt. Details finden Sie hier:<br \\\/><a href=\\\"https:\\\/\\\/www.facebook.com\\\/legal\\\/EU_data_transfer_addendum\\\" target=\\\"_blank\\\" rel=\\\"noopener\\\">https:\\\/\\\/www.facebook.com\\\/legal\\\/EU_data_transfer_addendum<\\\/a>,<br \\\/><a href=\\\"https:\\\/\\\/de-de.facebook.com\\\/help\\\/566994660333381\\\" target=\\\"_blank\\\" rel=\\\"noopener\\\">https:\\\/\\\/de-de.facebook.com\\\/help\\\/566994660333381<\\\/a> und<br \\\/><a href=\\\"https:\\\/\\\/www.facebook.com\\\/policy.php\\\" target=\\\"_blank\\\" rel=\\\"noopener\\\">https:\\\/\\\/www.facebook.com\\\/policy.php<\\\/a>.<\\\/p>\\n\n\n<p>Das Unternehmen verfu\\u0308gt u\\u0308ber eine Zertifizierung nach dem \\u201eEU-US Data Privacy Framework\\u201c (DPF). Der DPF ist ein \\u00dcbereinkommen zwischen der Europ\\u00e4ischen Union und den USA, der die Einhaltung europ\\u00e4ischer Datenschutzstandards bei Datenverarbeitungen in den USA gew\\u00e4hrleisten soll. Jedes nach dem DPF zertifizierte Unternehmen verpflichtet sich, diese Datenschutzstandards einzuhalten. Weitere Informationen hierzu erhalten Sie vom Anbieter unter folgendem Link:<br \\\/><a href=\\\"https:\\\/\\\/www.dataprivacyframework.gov\\\/participant\\\/4452\\\" target=\\\"_blank\\\" rel=\\\"noopener\\\">https:\\\/\\\/www.dataprivacyframework.gov\\\/participant\\\/4452<\\\/a>.<\\\/p>\\n\n\n<p><strong>Instagram<\\\/strong><\\\/p>\\n\n\n<p>Auf dieser Website sind Funktionen des Dienstes Instagram eingebunden. Diese Funktionen werden angeboten durch die Meta Platforms Ireland Limited, Merrion Road, Dublin 4, D04 X2K5, Irland.<\\\/p>\\n\n\n<p>Wenn das Social-Media-Element aktiv ist, wird eine direkte Verbindung zwischen Ihrem Endger\\u00e4t und dem Instagram-Server hergestellt. Instagram erh\\u00e4lt dadurch Informationen u\\u0308ber den Besuch dieser Website durch Sie.<\\\/p>\\n\n\n<p>Wenn Sie in Ihrem Instagram-Account eingeloggt sind, k\\u00f6nnen Sie durch Anklicken des Instagram-Buttons die Inhalte dieser Website mit Ihrem Instagram-Profil verlinken. Dadurch kann Instagram den Besuch dieser Website Ihrem Benutzerkonto zuordnen. Wir weisen darauf hin, dass wir als Anbieter der Seiten keine Kenntnis vom Inhalt der u\\u0308bermittelten Daten sowie deren Nutzung durch Instagram erhalten.<\\\/p>\\n\n\n<p>Die Nutzung dieses Dienstes erfolgt auf Grundlage Ihrer Einwilligung nach Art. 6 Abs. 1 lit. a DSGVO und \\u00a7 25 Abs. 1 TDDDG. Die Einwilligung ist jederzeit widerrufbar.<\\\/p>\\n\n\n<p>Soweit mit Hilfe des hier beschriebenen Tools personenbezogene Daten auf unserer Website erfasst und an Facebook bzw. Instagram weitergeleitet werden, sind wir und die Meta Platforms Ireland Limited, 4 Grand Canal Square, Grand Canal Harbour, Dublin 2, Irland gemeinsam fu\\u0308r diese Datenverarbeitung verantwortlich (Art. 26 DSGVO). Die gemeinsame Verantwortlichkeit beschr\\u00e4nkt sich dabei ausschlie\\u00dflich auf die Erfassung der Daten und deren Weitergabe an Facebook bzw. Instagram. Die nach der Weiterleitung erfolgende Verarbeitung durch Facebook bzw. Instagram ist nicht Teil der gemeinsamen Verantwortung. Die uns gemeinsam obliegenden Verpflichtungen wurden in einer Vereinbarung u\\u0308ber gemeinsame Verarbeitung festgehalten. Den Wortlaut der Vereinbarung finden Sie unter:<br \\\/><a href=\\\"https:\\\/\\\/www.facebook.com\\\/legal\\\/controller_addendum\\\" target=\\\"_blank\\\" rel=\\\"noopener\\\">https:\\\/\\\/www.facebook.com\\\/legal\\\/controller_addendum<\\\/a>. Laut dieser Vereinbarung sind wir fu\\u0308r die Erteilung der Datenschutzinformationen beim Einsatz des Facebook- bzw. Instagram-Tools und fu\\u0308r die datenschutzrechtlich sichere Implementierung des Tools auf unserer Website verantwortlich. Fu\\u0308r die Datensicherheit der Facebook bzw. Instagram-Produkte ist Facebook verantwortlich. Betroffenenrechte (z. B. Auskunftsersuchen) hinsichtlich der bei Facebook bzw. Instagram verarbeiteten Daten k\\u00f6nnen Sie direkt bei Facebook geltend machen. Wenn Sie die Betroffenenrechte bei uns geltend machen, sind wir verpflichtet, diese an Facebook weiterzuleiten.<\\\/p>\\n\n\n<p>Die Datenu\\u0308bertragung in die USA wird auf die Standardvertragsklauseln der EU-Kommission gestu\\u0308tzt. Details finden Sie hier:<br \\\/><a href=\\\"https:\\\/\\\/www.facebook.com\\\/legal\\\/EU_data_transfer_addendum\\\" target=\\\"_blank\\\" rel=\\\"noopener\\\">https:\\\/\\\/www.facebook.com\\\/legal\\\/EU_data_transfer_addendum<\\\/a>,<br \\\/><a href=\\\"https:\\\/\\\/privacycenter.instagram.com\\\/policy\\\/\\\" target=\\\"_blank\\\" rel=\\\"noopener\\\">https:\\\/\\\/privacycenter.instagram.com\\\/policy\\\/<\\\/a> und<br \\\/><a href=\\\"https:\\\/\\\/de-de.facebook.com\\\/help\\\/566994660333381\\\" target=\\\"_blank\\\" rel=\\\"noopener\\\">https:\\\/\\\/de-de.facebook.com\\\/help\\\/566994660333381<\\\/a>.<\\\/p>\\n\n\n<p>Weitere Informationen hierzu finden Sie in der Datenschutzerkl\\u00e4rung von Instagram:<br \\\/><a href=\\\"https:\\\/\\\/privacycenter.instagram.com\\\/policy\\\/\\\" target=\\\"_blank\\\" rel=\\\"noopener\\\">https:\\\/\\\/privacycenter.instagram.com\\\/policy\\\/<\\\/a>.<\\\/p>\\n\n\n<p>Das Unternehmen verfu\\u0308gt u\\u0308ber eine Zertifizierung nach dem \\u201eEU-US Data Privacy Framework\\u201c (DPF). Der DPF ist ein \\u00dcbereinkommen zwischen der Europ\\u00e4ischen Union und den USA, der die Einhaltung europ\\u00e4ischer Datenschutzstandards bei Datenverarbeitungen in den USA gew\\u00e4hrleisten soll. Jedes nach dem DPF zertifizierte Unternehmen verpflichtet sich, diese Datenschutzstandards einzuhalten. Weitere Informationen hierzu erhalten Sie vom Anbieter unter folgendem Link:<br \\\/><a href=\\\"https:\\\/\\\/www.dataprivacyframework.gov\\\/participant\\\/4452\\\" target=\\\"_blank\\\" rel=\\\"noopener\\\">https:\\\/\\\/www.dataprivacyframework.gov\\\/participant\\\/4452<\\\/a>.<\\\/p>\\n\n\n<p><strong>LinkedIn<\\\/strong><\\\/p>\\n\n\n<p>Diese Website nutzt Elemente des Netzwerks LinkedIn. Anbieter ist die LinkedIn Ireland Unlimited Company, Wilton Plaza, Wilton Place, Dublin 2, Irland.<\\\/p>\\n\n\n<p>Bei jedem Abruf einer Seite dieser Website, die Elemente von LinkedIn enth\\u00e4lt, wird eine Verbindung zuServern von LinkedIn aufgebaut. LinkedIn wird daru\\u0308ber informiert, dass Sie diese Website mit Ihrer IPAdresse besucht haben. Wenn Sie den \\u201eRecommend-Button\\u201c von LinkedIn anklicken und in Ihrem Account bei LinkedIn eingeloggt sind, ist es LinkedIn m\\u00f6glich, Ihren Besuch auf dieser Website Ihnen und Ihrem Benutzerkonto zuzuordnen. Wir weisen darauf hin, dass wir als Anbieter der Seiten keine Kenntnis vom Inhalt der u\\u0308bermittelten Daten sowie deren Nutzung durch LinkedIn haben.<\\\/p>\\n\n\n<p>Die Nutzung dieses Dienstes erfolgt auf Grundlage Ihrer Einwilligung nach Art. 6 Abs. 1 lit. a DSGVO und \\u00a7 25 Abs. 1 TDDDG. Die Einwilligung ist jederzeit widerrufbar.<\\\/p>\\n\n\n<p>Die Datenu\\u0308bertragung in die USA wird auf die Standardvertragsklauseln der EU-Kommission gestu\\u0308tzt. Details finden Sie hier:<br \\\/><a href=\\\"https:\\\/\\\/www.linkedin.com\\\/help\\\/linkedin\\\/answer\\\/a1343190\\\/datenubertragung-aus-der-eu-dem-ewr-undder-schweiz?lang=de\\\" target=\\\"_blank\\\" rel=\\\"noopener\\\">https:\\\/\\\/www.linkedin.com\\\/help\\\/linkedin\\\/answer\\\/a1343190\\\/datenubertragung-aus-der-eu-dem-ewr-undder-schweiz?lang=de<\\\/a><\\\/p>\\n\n\n<p>Weitere Informationen hierzu finden Sie in der Datenschutzerkl\\u00e4rung von LinkedIn unter:<br \\\/><a href=\\\"https:\\\/\\\/www.linkedin.com\\\/legal\\\/privacy-policy\\\" target=\\\"_blank\\\" rel=\\\"noopener\\\">https:\\\/\\\/www.linkedin.com\\\/legal\\\/privacy-policy<\\\/a>.<\\\/p>\\n\n\n<p>Das Unternehmen verfu\\u0308gt u\\u0308ber eine Zertifizierung nach dem \\u201eEU-US Data Privacy Framework\\u201c (DPF). Der DPF ist ein \\u00dcbereinkommen zwischen der Europ\\u00e4ischen Union und den USA, der die Einhaltung europ\\u00e4ischer Datenschutzstandards bei Datenverarbeitungen in den USA gew\\u00e4hrleisten soll. Jedes nach dem DPF zertifizierte Unternehmen verpflichtet sich, diese Datenschutzstandards einzuhalten. Weitere Informationen hierzu erhalten Sie vom Anbieter unter folgendem Link:<br \\\/><a href=\\\"https:\\\/\\\/www.dataprivacyframework.gov\\\/participant\\\/5448\\\" target=\\\"_blank\\\" rel=\\\"noopener\\\">https:\\\/\\\/www.dataprivacyframework.gov\\\/participant\\\/5448<\\\/a>.<\\\/p>\",\"margin\":\"default\"}},{\"type\":\"headline\",\"props\":{\"content\":\"<strong>6. Plugins und Tools<\\\/strong>\",\"content_en_gb\":\"\n\n<h4><strong>6. Plug-ins and Tools<\\\/strong><\\\/h4>\",\"content_fr_fr\":\"\n\n<h4><strong>6. Plugins et instruments<\\\/strong><\\\/h4>\",\"title_element\":\"h4\"},\"name\":\"6. Plugins und Tools\"},{\"type\":\"text\",\"props\":{\"column_breakpoint\":\"m\",\"content\":\"\n\n<p><strong>YouTube mit erweitertem Datenschutz<\\\/strong><\\\/p>\\n\n\n<p>Diese Website bindet Videos der Website YouTube ein. Betreiber der Website ist die Google Ireland Limited (\\u201eGoogle\\u201d), Gordon House, Barrow Street, Dublin 4, Irland.<\\\/p>\\n\n\n<p>Wenn Sie eine dieser Website besuchen, auf denen YouTube eingebunden ist, wird eine Verbindung zu den Servern von YouTube hergestellt. Dabei wird dem YouTube-Server mitgeteilt, welche unserer Seiten Sie besucht haben. Wenn Sie in Ihrem YouTube-Account eingeloggt sind, erm\\u00f6glichen Sie YouTube, Ihr Surfverhalten direkt Ihrem pers\\u00f6nlichen Profil zuzuordnen. Dies k\\u00f6nnen Sie verhindern, indem Sie sich aus Ihrem YouTube-Account ausloggen.<\\\/p>\\n\n\n<p>Wir nutzen YouTube im erweiterten Datenschutzmodus. Videos, die im erweiterten Datenschutzmodus abgespielt werden, werden nach Aussage von YouTube nicht zur Personalisierung des Surfens auf YouTube eingesetzt. Anzeigen, die im erweiterten Datenschutzmodus ausgespielt werden, sind ebenfalls nicht personalisiert. Im erweiterten Datenschutzmodus werden keine Cookies gesetzt. Stattdessen werden jedoch sogenannte Local Storage Elemente im Browser des Users gespeichert, die \\u00e4hnlich wie Cookies personenbezogene Daten beinhalten und zur Wiedererkennung eingesetzt werden k\\u00f6nnen. Details zum erweiterten Datenschutzmodus finden Sie hier:<br \\\/><a href=\\\"https:\\\/\\\/support.google.com\\\/youtube\\\/answer\\\/171780\\\" target=\\\"_blank\\\" rel=\\\"noopener\\\">https:\\\/\\\/support.google.com\\\/youtube\\\/answer\\\/171780<\\\/a>.<\\\/p>\\n\n\n<p>Gegebenenfalls k\\u00f6nnen nach der Aktivierung eines YouTube-Videos weitere Datenverarbeitungsvorg\\u00e4nge ausgel\\u00f6st werden, auf die wir keinen Einfluss haben.<\\\/p>\\n\n\n<p>Die Nutzung von YouTube erfolgt im Interesse einer ansprechenden Darstellung unserer Online-Angebote. Dies stellt ein berechtigtes Interesse im Sinne von Art. 6 Abs. 1 lit. f DSGVO dar. Sofern eine entsprechende Einwilligung abgefragt wurde, erfolgt die Verarbeitung ausschlie\\u00dflich auf Grundlage von Art. 6 Abs. 1 lit. a DSGVO und \\u00a7 25 Abs. 1 TDDDG, soweit die Einwilligung die Speicherung von Cookies oder den Zugriff auf Informationen im Endger\\u00e4t des Nutzers (z. B. Device-Fingerprinting) im Sinne des TDDDG umfasst. Die Einwilligung ist jederzeit widerrufbar.<\\\/p>\\n\n\n<p>Weitere Informationen u\\u0308ber Datenschutz bei YouTube finden Sie in deren Datenschutzerkl\\u00e4rung unter:<br \\\/><a href=\\\"https:\\\/\\\/policies.google.com\\\/privacy?hl=de\\\" target=\\\"_blank\\\" rel=\\\"noopener\\\">https:\\\/\\\/policies.google.com\\\/privacy?hl=de<\\\/a>.<\\\/p>\\n\n\n<p>Das Unternehmen verfu\\u0308gt u\\u0308ber eine Zertifizierung nach dem \\u201eEU-US Data Privacy Framework\\u201c (DPF). Der DPF ist ein \\u00dcbereinkommen zwischen der Europ\\u00e4ischen Union und den USA, der die Einhaltung europ\\u00e4ischer Datenschutzstandards bei Datenverarbeitungen in den USA gew\\u00e4hrleisten soll. Jedes nach dem DPF zertifizierte Unternehmen verpflichtet sich, diese Datenschutzstandards einzuhalten. Weitere Informationen hierzu erhalten Sie vom Anbieter unter folgendem Link:<br \\\/><a href=\\\"https:\\\/\\\/www.dataprivacyframework.gov\\\/participant\\\/5780\\\" target=\\\"_blank\\\" rel=\\\"noopener\\\">https:\\\/\\\/www.dataprivacyframework.gov\\\/participant\\\/5780<\\\/a>.<\\\/p>\",\"content_en_gb\":\"\n\n<p><strong>Google Web Fonts (local embedding)<\\\/strong><\\\/p>\\n\n\n<p>This website uses so-called Web Fonts provided by Google to ensure the uniform use of fonts on this site. These Google fonts are locally installed so that a connection to Google\\u2019s servers will not be established in conjunction with this application.<\\\/p>\\n\n\n<p>For more information on Google Web Fonts, please follow this link: <a href=\\\"https:\\\/\\\/developers.google.com\\\/fonts\\\/faq\\\"><\\\/a><a href=\\\"https:\\\/\\\/developers.google.com\\\/fonts\\\/faq\\\">https:\\\/\\\/developers.google.com\\\/fonts\\\/faq<\\\/a> and consult Google\\u2019s Data Privacy Declaration under: <a href=\\\"https:\\\/\\\/policies.google.com\\\/privacy?hl=en\\\"><\\\/a><a href=\\\"https:\\\/\\\/policies.google.com\\\/privacy?hl=en\\\">https:\\\/\\\/policies.google.com\\\/privacy?hl=en<\\\/a>.<\\\/p>\",\"content_fr_fr\":\"\n\n<p><strong>Google Web Fonts<\\\/strong><\\\/p>\\n\n\n<p>Ce site utilise des Web Fonts mis \\u00e0 disposition par Google pour la repr\\u00e9sentation standardis\\u00e9e des polices de caract\\u00e8res. Les Google Fonts sont install\\u00e9s localement. Une liaison avec les serveurs de Google n\\u2019a ici pas lieu.<\\\/p>\\n\n\n<p>Vous trouverez d\\u2019autres informations sur Google Web Fonts sous <a href=\\\"https:\\\/\\\/developers.google.com\\\/fonts\\\/faq\\\">https:\\\/\\\/developers.google.com\\\/fonts\\\/faq<\\\/a> et dans la d\\u00e9claration de protection des donn\\u00e9es de Google\\u00a0: <a href=\\\"https:\\\/\\\/policies.google.com\\\/privacy?hl=de\\\">https:\\\/\\\/policies.google.com\\\/privacy?hl=de<\\\/a>.<\\\/p>\",\"margin\":\"small\"}},{\"type\":\"headline\",\"props\":{\"content\":\"<strong>7. eCommerce und Zahlungsanbieter<\\\/strong>\",\"content_en_gb\":\"\n\n<h4><strong>7. General Customer Data Processing<\\\/strong><\\\/h4>\",\"content_fr_fr\":\"\n\n<h4><strong>7. Traitement g\\u00e9n\\u00e9ral des donn\\u00e9es client<\\\/strong><\\\/h4>\",\"title_element\":\"h4\"},\"name\":\"7. eCommerce und Zahlungsanbieter\"},{\"type\":\"text\",\"props\":{\"column_breakpoint\":\"m\",\"content\":\"\n\n<p><strong>Verarbeiten von Kunden- und Vertragsdaten<\\\/strong><\\\/p>\\n\n\n<p>Wir erheben, verarbeiten und nutzen personenbezogene Kunden- und Vertragsdaten zur Begru\\u0308ndung, inhaltlichen Ausgestaltung und \\u00c4nderung unserer Vertragsbeziehungen. Personenbezogene Daten u\\u0308ber die Inanspruchnahme dieser Website (Nutzungsdaten) erheben, verarbeiten und nutzen wir nur, soweit dies erforderlich ist, um dem Nutzer die Inanspruchnahme des Dienstes zu erm\\u00f6glichen oder abzurechnen. Rechtsgrundlage hierfu\\u0308r ist Art. 6 Abs. 1 lit. b DSGVO.<\\\/p>\\n\n\n<p>Die erhobenen Kundendaten werden nach Abschluss des Auftrags oder Beendigung der Gesch\\u00e4ftsbeziehung und Ablauf der ggf. bestehenden gesetzlichen Aufbewahrungsfristen gel\\u00f6scht.<\\\/p>\\n\n\n<p>Gesetzliche Aufbewahrungsfristen bleiben unberu\\u0308hrt.<\\\/p>\",\"content_en_gb\":\"\n\n<p><strong>Processing of data (customer and contract data)<\\\/strong><\\\/p>\\n\n\n<p>We collect, process and use personal data only to the extent necessary for the establishment, content organization or change of the legal relationship (data inventory). These actions are taken on the basis of Art. 6 Sect. 1 lit. b GDPR, which permits the processing of data for the fulfilment of a contract or pre-contractual actions\\u00a0<i>and based on our legitimate interest according to Art. 6. 1 lit. f GDPR,\\u00a0the Company has a legitimate interest in processing customer and contract data<\\\/i>. We collect, process and use personal data concerning the use of this website (usage data) only to the extent that this is necessary to make it possible for users to utilize the services and to bill for them.<\\\/p>\\n\n\n<p>The collected customer data shall be eradicated upon completion of the order or the termination of the business relationship. This shall be without prejudice to any statutory retention mandates.<\\\/p>\",\"content_fr_fr\":\"\n\n<p><strong>Traitement des donn\\u00e9es (donn\\u00e9es client et contractuelles)<\\\/strong><\\\/p>\\n\n\n<p>Nous collectons, traitons et utilisons des donn\\u00e9es personnelles uniquement si elles sont n\\u00e9cessaires \\u00e0 l'\\u00e9tablissement, au d\\u00e9veloppement ou \\u00e0 la modification de la relation juridique (donn\\u00e9es de stock). La base juridique est l'art. 6, para. 1, al. b du RGPD qui autorise le traitement des donn\\u00e9es dans le cadre de l\\u2019ex\\u00e9cution d'un contrat ou de mesures pr\\u00e9contractuelles. Nous ne collectons, traitons et utilisons des donn\\u00e9es personnelles relatives \\u00e0 l'utilisation de ce site Web (donn\\u00e9es d'utilisation) que si cela est n\\u00e9cessaire pour activer ou facturer l'utilisation du service pour l\\u2019utilisateur.<\\\/p>\\n\n\n<p>Les donn\\u00e9es client collect\\u00e9es sont supprim\\u00e9es une fois que la commande est termin\\u00e9e ou que la relation commerciale a pris fin. Les d\\u00e9lais de conservation l\\u00e9gaux restent inchang\\u00e9s.<\\\/p>\",\"margin\":\"small\"}},{\"type\":\"headline\",\"props\":{\"content\":\"<strong>8. Eigene Dienste<\\\/strong>\",\"content_en_gb\":\"\n\n<h4><strong>8. How we handle Applicant Data<\\\/strong><\\\/h4>\",\"content_fr_fr\":\"\n\n<h4><strong>8. Traitement des donn\\u00e9es des candidats<\\\/strong><\\\/h4>\",\"id\":\"Bewerberdaten\",\"title_element\":\"h4\"},\"name\":\"8. Umgang mit Bewerberdaten\"},{\"type\":\"text\",\"props\":{\"column_breakpoint\":\"m\",\"content\":\"\n\n<p><strong>Umgang mit Bewerberdaten<\\\/strong><\\\/p>\\n\n\n<p>Wir bieten Ihnen die M\\u00f6glichkeit, sich bei uns zu bewerben (z. B. per E-Mail, postalisch oder via Online- Bewerberformular). Im Folgenden informieren wir Sie u\\u0308ber Umfang, Zweck und Verwendung Ihrer im Rahmen des Bewerbungsprozesses erhobenen personenbezogenen Daten. Wir versichern, dass die Erhebung, Verarbeitung und Nutzung Ihrer Daten in \\u00dcbereinstimmung mit geltendem Datenschutzrecht und allen weiteren gesetzlichen Bestimmungen erfolgt und Ihre Daten streng vertraulich behandelt werden.<\\\/p>\\n\n\n<p><strong>Umfang und Zweck der Datenerhebung<\\\/strong><\\\/p>\\n\n\n<p>Wenn Sie uns eine Bewerbung zukommen lassen, verarbeiten wir Ihre damit verbundenen<br \\\/>personenbezogenen Daten (z. B. Kontakt- und Kommunikationsdaten, Bewerbungsunterlagen, Notizen im Rahmen von Bewerbungsgespr\\u00e4chen etc.), soweit dies zur Entscheidung u\\u0308ber die Begru\\u0308ndung eines Besch\\u00e4ftigungsverh\\u00e4ltnisses erforderlich ist. Rechtsgrundlage hierfu\\u0308r ist \\u00a7 26 BDSG nach deutschem Recht (Anbahnung eines Besch\\u00e4ftigungsverh\\u00e4ltnisses), Art. 6 Abs. 1 lit. b DSGVO (allgemeine Vertragsanbahnung) und \\u2013 sofern Sie eine Einwilligung erteilt haben \\u2013 Art. 6 Abs. 1 lit. a DSGVO. Die Einwilligung ist jederzeit widerrufbar. Ihre personenbezogenen Daten werden innerhalb unseres Unternehmens ausschlie\\u00dflich an Personen weitergegeben, die an der Bearbeitung Ihrer Bewerbung beteiligt sind.<\\\/p>\\n\n\n<p>Sofern die Bewerbung erfolgreich ist, werden die von Ihnen eingereichten Daten auf Grundlage von \\u00a7 26 BDSG und Art. 6 Abs. 1 lit. b DSGVO zum Zwecke der Durchfu\\u0308hrung des Besch\\u00e4ftigungsverh\\u00e4ltnisses in unseren Datenverarbeitungssystemen gespeichert.<\\\/p>\\n\n\n<p><strong>Aufbewahrungsdauer der Daten<\\\/strong><\\\/p>\\n\n\n<p>Sofern wir Ihnen kein Stellenangebot machen k\\u00f6nnen, Sie ein Stellenangebot ablehnen oder Ihre Bewerbung zuru\\u0308ckziehen, behalten wir uns das Recht vor, die von Ihnen u\\u0308bermittelten Daten auf Grundlage unserer berechtigten Interessen (Art. 6 Abs. 1 lit. f DSGVO) bis zu 6 Monate ab der Beendigung des Bewerbungsverfahrens (Ablehnung oder Zuru\\u0308ckziehung der Bewerbung) bei uns aufzubewahren. Anschlie\\u00dfend werden die Daten gel\\u00f6scht und die physischen Bewerbungsunterlagen vernichtet. Die Aufbewahrung dient insbesondere Nachweiszwecken im Falle eines Rechtsstreits. Sofern ersichtlich ist, dass die Daten nach Ablauf der 6-Monatsfrist erforderlich sein werden (z. B. aufgrund eines drohenden oder anh\\u00e4ngigen Rechtsstreits), findet eine L\\u00f6schung erst statt, wenn der Zweck fu\\u0308r die weitergehende Aufbewahrung entf\\u00e4llt.<\\\/p>\\n\n\n<p>Eine l\\u00e4ngere Aufbewahrung kann au\\u00dferdem stattfinden, wenn Sie eine entsprechende Einwilligung (Art. 6 Abs. 1 lit. a DSGVO) erteilt haben oder wenn gesetzliche Aufbewahrungspflichten der L\\u00f6schung entgegenstehen.<\\\/p>\\n\n\n<p><strong>Aufnahme in den Bewerber-Pool<\\\/strong><\\\/p>\\n\n\n<p>Sofern wir Ihnen kein Stellenangebot machen, besteht ggf. die M\\u00f6glichkeit, Sie in unseren Bewerber-Pool aufzunehmen. Im Falle der Aufnahme werden alle Dokumente und Angaben aus der Bewerbung in den Bewerber-Pool u\\u0308bernommen, um Sie im Falle von passenden Vakanzen zu kontaktieren.<\\\/p>\\n\n\n<p>Die Aufnahme in den Bewerber-Pool geschieht ausschlie\\u00dflich auf Grundlage Ihrer ausdru\\u0308cklichen Einwilligung (Art. 6 Abs. 1 lit. a DSGVO). Die Abgabe der Einwilligung ist freiwillig und steht in keinem Bezug zum laufenden Bewerbungsverfahren. Der Betroffene kann seine Einwilligung jederzeit widerrufen. In diesem Falle werden die Daten aus dem Bewerber-Pool unwiderruflich gel\\u00f6scht, sofern keine gesetzlichen Aufbewahrungsgru\\u0308nde vorliegen.<\\\/p>\\n\n\n<p>Die Daten aus dem Bewerber-Pool werden sp\\u00e4testens zwei Jahre nach Erteilung der Einwilligung unwiderruflich gel\\u00f6scht.<\\\/p>\",\"content_en_gb\":\"\n\n<p>We offer website visitors the opportunity to submit job applications to us (e.g. via e-mail, via postal services on by submitting the online job application form). Below, we will brief you on the scope, purpose and use of the personal data collected from you in conjunction with the application process. We assure you that the collection, processing and use of your data will occur in compliance with the applicable data privacy rights and all other statutory provisions and that your data will always be treated as strictly confidential.\\u00a0<\\\/p>\\n\n\n<p><strong>Scope and purpose of the collection of data<\\\/strong><\\\/p>\\n\n\n<p>If you submit a job application to us, we will process any affiliated personal data (e.g. contact and communications data, application documents, notes taken during job interviews, etc.), if they are required to make a decision concerning the establishment or an employment relationship. The legal grounds for the aforementioned are \\u00a7 26 New GDPR according to German Law (Negotiation of an Employment Relationship), Art. 6 Sect. 1 lit. b GDPR (General Contract Negotiations) and \\u2013 provided you have given us your consent \\u2013 Art. 6 Sect. 1 lit. a GDPR. You may revoke any consent given at any time. Within our company, your personal data will only be shared with individuals who are involved in the processing of your job application.<\\\/p>\\n\n\n<p>If your job application should result in your recruitment, the data you have submitted will be archived on the grounds of \\u00a7 26 New GDPR and Art. 6 Sect. 1 lit. b GDPR for the purpose of implementing the employment relationship in our data processing system.<\\\/p>\\n\n\n<p><strong>Data Archiving Period<\\\/strong><\\\/p>\\n\n\n<p>If we are unable to make you a job offer or you reject a job offer or withdraw your application, we reserve the right to retain the data you have submitted on the basis of our legitimate interests (Art. 6 para. 1 lit. f GDPR) for up to 6 months from the end of the application procedure (rejection or withdrawal of the application). Afterwards the data will be deleted, and the physical application documents will be destroyed. The storage serves in particular as evidence in the event of a legal dispute. If it is evident that the data will be required after the expiry of the 6-month period (e.g. due to an impending or pending legal dispute), deletion will only take place when the purpose for further storage no longer applies.<\\\/p>\\n\n\n<p>Longer storage may also take place if you have given your agreement (Article 6 (1) (a) GDPR) or if statutory data retention requirements preclude the deletion.<\\\/p>\\n\n\n<p><strong>Admission to the applicant pool<\\\/strong><\\\/p>\\n\n\n<p>If we do not make you a job offer, you may be able to join our applicant pool. In case of admission, all documents and information from the application will be transferred to the applicant pool in order to contact you in case of suitable vacancies.<\\\/p>\\n\n\n<p>Admission to the applicant pool is based exclusively on your express agreement (Art. 6 para. 1 lit. a GDPR). The submission agreement is voluntary and has no relation to the ongoing application procedure. <strong>The affected person can revoke his agreement at any time.<\\\/strong> In this case, the data from the applicant pool will be irrevocably deleted, provided there are no legal reasons for storage.<\\\/p>\\n\n\n<p>The data from the applicant pool will be irrevocably deleted no later than two years after consent has been granted.<\\\/p>\",\"content_fr_fr\":\"\n\n<p>Nous vous donnons la possibilit\\u00e9 de postuler aupr\\u00e8s de notre entreprise (par exemple, par e-mail, par courrier postal). Voici quelques informations relatives au traitement des donn\\u00e9es personnelles que nous collectons au cours du processus de candidature, aux raisons pour lesquelles nous les collectons et \\u00e0 leur utilisation. Nous vous garantissons que la collecte, le traitement et l'utilisation de vos donn\\u00e9es s\\u2019effectuent dans le cadre de la loi en vigueur sur la protection des donn\\u00e9es et de toutes les autres dispositions l\\u00e9gales. Par ailleurs, vos donn\\u00e9es sont trait\\u00e9es de mani\\u00e8re strictement confidentielle.<\\\/p>\\n\n\n<p><strong>Port\\u00e9e et objectif de la collecte des donn\\u00e9es<\\\/strong><\\\/p>\\n\n\n<p>Lorsque vous nous adressez une candidature, nous traitons vos donn\\u00e9es personnelles qui y sont li\\u00e9es (par ex. donn\\u00e9es de contact et de communication, documents de candidature, notices prises dans le cadre des entretiens de candidature, etc.), dans la mesure o\\u00f9 ce traitement est n\\u00e9cessaire pour d\\u00e9cider du fondement d\\u2019un rapport d\\u2019emploi. La base juridique pour cela est l\\u2019art. 26 de la loi f\\u00e9d\\u00e9rale sur la protection des donn\\u00e9es (BDSG) dans sa nouvelle version conform\\u00e9ment au droit allemand (\\u00e9tablissement d\\u2019un rapport de travail), l\\u2019art. 6 par. 1 lit. b du RGPD (pr\\u00e9paration g\\u00e9n\\u00e9rale d\\u2019un contrat) et \\u2013 dans la mesure o\\u00f9 vous avez donn\\u00e9 votre consentement \\u2013 l\\u2019art. 6 par. 1 lit. A du RGPD. Le consentement peut \\u00eatre r\\u00e9voqu\\u00e9 \\u00e0 tout moment. Au sein de notre entreprise, vos donn\\u00e9es \\u00e0 caract\\u00e8re personnel sont exclusivement transmises aux personnes qui sont concern\\u00e9es par le traitement de votre candidature.<\\\/p>\\n\n\n<p>Si la candidature a abouti, les donn\\u00e9es qui nous ont \\u00e9t\\u00e9 communiqu\\u00e9es par vos soins seront enregistr\\u00e9es dans nos syst\\u00e8mes de traitement des donn\\u00e9es sur la base de l\\u2019art. 26 de la BDSG dans sa nouvelle version et de l\\u2019art. 6 par. 1 lit. b du RGPD dans le but de r\\u00e9aliser le rapport de travail.<\\\/p>\\n\n\n<p><strong>Dur\\u00e9e de conservation des donn\\u00e9es<\\\/strong><\\\/p>\\n\n\n<p>Dans la mesure o\\u00f9 nous ne pouvons pas vous soumettre une offre d\\u2019emploi, o\\u00f9 vous refusez une offre d\\u2019emploi et o\\u00f9 vous retirez votre candidature, nous nous r\\u00e9servons le droit de conserver chez nous les donn\\u00e9es que vous nous avez communiqu\\u00e9es, sur la base de nos int\\u00e9r\\u00eats l\\u00e9gitimes (art. 6 par. 1 lit. f du RGPD), pendant jusqu\\u2019\\u00e0 6 mois \\u00e0 compter de la fin de la proc\\u00e9dure de candidature (refus ou retrait de la candidature). Les donn\\u00e9es sont ensuite supprim\\u00e9es et les documents de candidature physiques sont d\\u00e9truits. La conservation sert notamment de pi\\u00e8ces justificatives en cas de litiges. S\\u2019il est \\u00e9vident que les donn\\u00e9es seront n\\u00e9cessaires apr\\u00e8s expiration du d\\u00e9lai de 6 mois (par ex. en raison d\\u2019un litige potentiel ou en cours), une suppression aura uniquement lieu lorsque l\\u2019objectif pour lequel elles ont \\u00e9t\\u00e9 collect\\u00e9es ne requiert pas leur conservation.<\\\/p>\\n\n\n<p>Une conservation plus longue peut d\\u2019autre part avoir lieu lorsque vous avez d\\u00e9livr\\u00e9 un consentement ad\\u00e9quat (art. 6 par. 1 lit. a du RGPD) ou si des obligations de conservation l\\u00e9gales s\\u2019opposent \\u00e0 une suppression.<\\\/p>\\n\n\n<p><strong>Enregistrement dans le pool des candidats<\\\/strong><\\\/p>\\n\n\n<p>Au cas o\\u00f9 votre candidature n\\u2019aurait pas retenu notre attention, il est, le cas \\u00e9ch\\u00e9ant, possible de vous inscrire dans notre pool de candidats. En cas d\\u2019enregistrement dans notre pool, tous les documents et toutes les indications d\\u00e9coulant du dossier de candidature seront repris dans le pool des candidats pour que nous puissions vous contacter d\\u00e8s qu\\u2019un poste sera vacant.<\\\/p>\\n\n\n<p>L\\u2019enregistrement dans le pool des candidats se fait exclusivement sur la base de votre consentement explicite (art. 6 par. 1 lit. a du RGPD). La d\\u00e9livrance du consentement est volontaire et n\\u2019a aucun rapport avec la proc\\u00e9dure de candidature en cours. <strong>La personne concern\\u00e9e peut r\\u00e9voquer son consentement \\u00e0 tout moment.<\\\/strong> Dans ce cas, les donn\\u00e9es seront supprim\\u00e9es irr\\u00e9vocablement du pool des candidats dans la mesure o\\u00f9 aucune raison juridique de conservation n\\u2019exige leur conservation.<\\\/p>\\n\n\n<p>Les donn\\u00e9es seront supprim\\u00e9es irr\\u00e9vocablement du pool des candidats au plus tard deux ans apr\\u00e8s la d\\u00e9livrance du consentement.<\\\/p>\",\"margin\":\"small\"}},{\"type\":\"text\",\"props\":{\"column_breakpoint\":\"m\",\"content\":\"\n\n<p>Informationspflichten nach Art. 13 und 14 DSGVO<\\\/p>\",\"margin\":\"default\",\"text_color\":\"secondary\"}},{\"type\":\"button\",\"props\":{\"grid_column_gap\":\"small\",\"grid_row_gap\":\"small\",\"margin\":\"default\"},\"children\":[{\"type\":\"button_item\",\"props\":{\"button_style\":\"primary\",\"content\":\"Download PDF\",\"content_fr_fr\":\"T\\u00e9l\\u00e9charger le PDF\",\"dialog_layout\":\"modal\",\"dialog_offcanvas_flip\":true,\"icon_align\":\"left\",\"link\":\"wp-content\\\/uploads\\\/2024\\\/03\\\/Informationspflichten_AMServ_23.pdf\",\"link_en_gb\":\"wp-content\\\/uploads\\\/2024\\\/03\\\/Informationspflichten_AMServ_EN_23.pdf\",\"link_fr_fr\":\"wp-content\\\/uploads\\\/2024\\\/03\\\/Informationspflichten_AMServ_FR_23.pdf\",\"link_target\":\"blank\"}}],\"name\":\"Download\"}]},{\"type\":\"column\",\"props\":{\"image_position\":\"center-center\",\"position_sticky\":\"column\",\"position_sticky_breakpoint\":\"m\",\"position_sticky_offset\":\"80\",\"width_medium\":\"1-3\"},\"children\":[{\"type\":\"headline\",\"props\":{\"content\":\"Kontakt\",\"content_en_gb\":\"Contact\",\"content_fr_fr\":\"Contact\",\"title_element\":\"h4\"},\"name\":\"Sidebar Headline\"},{\"type\":\"text\",\"props\":{\"column_breakpoint\":\"m\",\"content\":\"\n\n<p><strong>AMServ<\\\/strong><br \\\/>Service f\\u00fcr rotierende<br \\\/>elektrische Maschinen<\\\/p>\",\"content_en_gb\":\"\n\n<p><strong>AMServ<\\\/strong><br \\\/>Service for rotating<br \/> electrical machines<\\\/p>\",\"content_fr_fr\":\"\n\n<p><strong>AMServ<\\\/strong><br \\\/>Service pour machines<br \/>\\u00e9lectriques tournantes<\\\/p>\",\"margin\":\"small\"},\"name\":\"Sidebar Text\"},{\"type\":\"list\",\"props\":{\"class\":\"sidebarContactList\",\"column_breakpoint\":\"m\",\"icon_color\":\"emphasis\",\"icon_width\":\"25\",\"image_align\":\"left\",\"image_svg_color\":\"emphasis\",\"image_svg_inline\":true,\"image_vertical_align\":false,\"image_width\":\"18\",\"list_element\":\"ul\",\"list_horizontal_separator\":\", \",\"list_type\":\"vertical\",\"show_image\":true,\"show_link\":true},\"children\":[{\"type\":\"list_item\",\"props\":{\"content\":\"\n\n<p><a href=\\\"tel:+498000267378\\\" class=\\\"google-event\\\" data-event-action=\\\"telefonnummer_geklickt\\\" data-event-category=\\\"Kontakt\\\" data-event-label=\\\"+498000267378\\\">+49 (0) 8000 267378<br \\\/>+49 (0) 8000 AMSERV<\\\/a><\\\/p>\",\"icon\":\"\",\"image\":\"wp-content\\\/uploads\\\/2024\\\/03\\\/phone.svg\"}},{\"type\":\"list_item\",\"props\":{\"content\":\"\n\n<p><a href=\\\"mailto:info@amserv.de\\\" class=\\\"google-event\\\" data-event-action=\\\"mailadresse_geklickt\\\" data-event-category=\\\"Kontakt\\\" data-event-label=\\\"info@amserv.de\\\">info@amserv.de<\\\/a><\\\/p>\",\"icon\":\"\",\"image\":\"wp-content\\\/uploads\\\/2024\\\/03\\\/envelope.svg\"}}],\"name\":\"Liste-Kontakt2\"}]}]}],\"name\":\"Zweispaltig\"}],\"version\":\"4.5.25\"} --><\/p>\n","protected":false},"excerpt":{"rendered":"<p>Datenschutz 1. Datenschutz auf einen Blick Allgemeine Hinweise Die folgenden Hinweise geben einen einfachen \u00dcberblick daru\u0308ber, was mit Ihren personenbezogenen Daten passiert, wenn Sie diese Website besuchen. Personenbezogene Daten sind alle Daten, mit denen Sie pers\u00f6nlich identifiziert werden k\u00f6nnen. Ausfu\u0308hrliche Informationen zum Thema Datenschutz entnehmen Sie unserer unter diesem Text aufgefu\u0308hrten Datenschutzerkl\u00e4rung. Datenerfassung auf unserer [&#8230;]<\/p>\n<p><a class=\"el-content uk-button uk-button-primary uk-margin-remove-bottom excerpt\" href=\"https:\/\/www.amserv.de\/fr\/protection-des-donnees\/\">Continuer&#8230;<\/a><\/p>\n","protected":false},"author":2,"featured_media":0,"parent":0,"menu_order":0,"comment_status":"closed","ping_status":"closed","template":"","meta":{"footnotes":""},"class_list":["post-3","page","type-page","status-publish","hentry"],"_links":{"self":[{"href":"https:\/\/www.amserv.de\/fr\/wp-json\/wp\/v2\/pages\/3","targetHints":{"allow":["GET"]}}],"collection":[{"href":"https:\/\/www.amserv.de\/fr\/wp-json\/wp\/v2\/pages"}],"about":[{"href":"https:\/\/www.amserv.de\/fr\/wp-json\/wp\/v2\/types\/page"}],"author":[{"embeddable":true,"href":"https:\/\/www.amserv.de\/fr\/wp-json\/wp\/v2\/users\/2"}],"replies":[{"embeddable":true,"href":"https:\/\/www.amserv.de\/fr\/wp-json\/wp\/v2\/comments?post=3"}],"version-history":[{"count":53,"href":"https:\/\/www.amserv.de\/fr\/wp-json\/wp\/v2\/pages\/3\/revisions"}],"predecessor-version":[{"id":3079,"href":"https:\/\/www.amserv.de\/fr\/wp-json\/wp\/v2\/pages\/3\/revisions\/3079"}],"wp:attachment":[{"href":"https:\/\/www.amserv.de\/fr\/wp-json\/wp\/v2\/media?parent=3"}],"curies":[{"name":"wp","href":"https:\/\/api.w.org\/{rel}","templated":true}]}}